{"id":10516,"date":"2024-06-15T23:04:57","date_gmt":"2024-06-16T04:04:57","guid":{"rendered":"https:\/\/www.iser.edu.co\/?page_id=10516"},"modified":"2024-06-25T23:52:02","modified_gmt":"2024-06-26T04:52:02","slug":"medios-fisicos-2024","status":"publish","type":"page","link":"https:\/\/www.iser.edu.co\/index.php\/medios-fisicos-2024\/","title":{"rendered":"Medios F\u00edsicos 2024"},"content":{"rendered":"\t\t<div data-elementor-type=\"wp-page\" data-elementor-id=\"10516\" class=\"elementor elementor-10516\" data-elementor-post-type=\"page\">\n\t\t\t\t\t\t<section class=\"elementor-section elementor-top-section elementor-element elementor-element-70e3bfd elementor-section-boxed elementor-section-height-default elementor-section-height-default\" data-id=\"70e3bfd\" data-element_type=\"section\" data-settings=\"{&quot;jet_parallax_layout_list&quot;:[],&quot;_ha_eqh_enable&quot;:false}\">\n\t\t\t\t\t\t<div class=\"elementor-container elementor-column-gap-default\">\n\t\t\t\t\t<div class=\"elementor-column elementor-col-100 elementor-top-column elementor-element elementor-element-676443f\" data-id=\"676443f\" data-element_type=\"column\">\n\t\t\t<div class=\"elementor-widget-wrap elementor-element-populated\">\n\t\t\t\t\t\t<div class=\"elementor-element elementor-element-b04d6ba elementor-widget-divider--view-line elementor-widget elementor-widget-divider\" data-id=\"b04d6ba\" data-element_type=\"widget\" data-widget_type=\"divider.default\">\n\t\t\t\t<div class=\"elementor-widget-container\">\n\t\t\t\t\t<div class=\"elementor-divider\">\n\t\t\t<span class=\"elementor-divider-separator\">\n\t\t\t\t\t\t<\/span>\n\t\t<\/div>\n\t\t\t\t<\/div>\n\t\t\t\t<\/div>\n\t\t\t\t\t<\/div>\n\t\t<\/div>\n\t\t\t\t\t<\/div>\n\t\t<\/section>\n\t\t\t\t<section class=\"elementor-section elementor-top-section elementor-element elementor-element-aa11dee elementor-section-boxed elementor-section-height-default elementor-section-height-default\" data-id=\"aa11dee\" data-element_type=\"section\" data-settings=\"{&quot;jet_parallax_layout_list&quot;:[],&quot;_ha_eqh_enable&quot;:false}\">\n\t\t\t\t\t\t<div class=\"elementor-container elementor-column-gap-default\">\n\t\t\t\t\t<div class=\"elementor-column elementor-col-100 elementor-top-column elementor-element elementor-element-d0a059c\" data-id=\"d0a059c\" data-element_type=\"column\">\n\t\t\t<div class=\"elementor-widget-wrap elementor-element-populated\">\n\t\t\t\t\t\t<div class=\"elementor-element elementor-element-c00fa8f elementor-widget elementor-widget-heading\" data-id=\"c00fa8f\" data-element_type=\"widget\" data-widget_type=\"heading.default\">\n\t\t\t\t<div class=\"elementor-widget-container\">\n\t\t\t<h2 class=\"elementor-heading-title elementor-size-default\">Medios Educativos F\u00edsicos<\/h2>\t\t<\/div>\n\t\t\t\t<\/div>\n\t\t\t\t\t<\/div>\n\t\t<\/div>\n\t\t\t\t\t<\/div>\n\t\t<\/section>\n\t\t\t\t<section class=\"elementor-section elementor-top-section elementor-element elementor-element-5e7ad46 elementor-section-boxed elementor-section-height-default elementor-section-height-default\" data-id=\"5e7ad46\" data-element_type=\"section\" data-settings=\"{&quot;jet_parallax_layout_list&quot;:[],&quot;_ha_eqh_enable&quot;:false}\">\n\t\t\t\t\t\t<div class=\"elementor-container elementor-column-gap-default\">\n\t\t\t\t\t<div class=\"elementor-column elementor-col-100 elementor-top-column elementor-element elementor-element-dd8a6d2\" data-id=\"dd8a6d2\" data-element_type=\"column\">\n\t\t\t<div class=\"elementor-widget-wrap elementor-element-populated\">\n\t\t\t\t\t\t<div class=\"elementor-element elementor-element-4701b00 elementor-widget-divider--view-line elementor-widget elementor-widget-divider\" data-id=\"4701b00\" data-element_type=\"widget\" data-widget_type=\"divider.default\">\n\t\t\t\t<div class=\"elementor-widget-container\">\n\t\t\t\t\t<div class=\"elementor-divider\">\n\t\t\t<span class=\"elementor-divider-separator\">\n\t\t\t\t\t\t<\/span>\n\t\t<\/div>\n\t\t\t\t<\/div>\n\t\t\t\t<\/div>\n\t\t\t\t\t<\/div>\n\t\t<\/div>\n\t\t\t\t\t<\/div>\n\t\t<\/section>\n\t\t\t\t<section class=\"elementor-section elementor-top-section elementor-element elementor-element-a51f575 elementor-section-boxed elementor-section-height-default elementor-section-height-default\" data-id=\"a51f575\" data-element_type=\"section\" data-settings=\"{&quot;jet_parallax_layout_list&quot;:[],&quot;_ha_eqh_enable&quot;:false}\">\n\t\t\t\t\t\t<div class=\"elementor-container elementor-column-gap-default\">\n\t\t\t\t\t<div class=\"elementor-column elementor-col-100 elementor-top-column elementor-element elementor-element-9a9bdc8\" data-id=\"9a9bdc8\" data-element_type=\"column\">\n\t\t\t<div class=\"elementor-widget-wrap elementor-element-populated\">\n\t\t\t\t\t\t<div class=\"elementor-element elementor-element-7b1b78b elementor-widget elementor-widget-ha-slider happy-addon ha-slider\" data-id=\"7b1b78b\" data-element_type=\"widget\" data-settings=\"{&quot;animation_speed&quot;:1000,&quot;autoplay_speed&quot;:10000,&quot;autoplay&quot;:&quot;yes&quot;,&quot;loop&quot;:&quot;yes&quot;,&quot;navigation&quot;:&quot;arrow&quot;}\" data-widget_type=\"ha-slider.default\">\n\t\t\t\t<div class=\"elementor-widget-container\">\n\t\t\t\n\t\t<div class=\"hajs-slick ha-slick ha-slick--slider\">\n\n\t\t\t\n\t\t\t\t<div class=\"ha-slick-slide slick-slide\">\n\t\t\t\t\t<div class=\"ha-slick-item\">\n\t\t\t\t\t\t\t\t\t\t\t\t\t<img decoding=\"async\" class=\"ha-slick-img lazyload\" src=\"data:image\/gif;base64,R0lGODlhAQABAAAAACH5BAEKAAEALAAAAAABAAEAAAICTAEAOw==\" alt=\"Laboratorio de Servidores\" data-src=\"https:\/\/www.iser.edu.co\/wp-content\/uploads\/2024\/06\/IMG_0181-scaled.jpeg\">\n\t\t\t\t\t\t\n\t\t\t\t\t\t\t\t\t\t\t\t\t<div class=\"ha-slick-content\">\n\t\t\t\t\t\t\t\t<h2 class=\"ha-slick-title\">Laboratorio de Servidores<\/h2>\t\t\t\t\t\t\t\t\t\t\t\t\t\t\t\t\t<p class=\"ha-slick-subtitle\">Ubicado en el bloque \u00c1lvaro Diez, dise\u00f1ado para complementar de forma pr\u00e1ctica los conocimientos adquiridos en el programa Tecnolog\u00eda en Gesti\u00f3n de Redes y Sistemas teleinform\u00e1ticas.<\/p>\n\t\t\t\t\t\t\t\t\t\t\t\t\t\t\t<\/div>\n\t\t\t\t\t\t\t\t\t\t\t<\/div>\n\t\t\t\t<\/div>\n\n\t\t\t\n\t\t\t\t<div class=\"ha-slick-slide slick-slide\">\n\t\t\t\t\t<div class=\"ha-slick-item\">\n\t\t\t\t\t\t\t\t\t\t\t\t\t<img decoding=\"async\" class=\"ha-slick-img lazyload\" src=\"data:image\/gif;base64,R0lGODlhAQABAAAAACH5BAEKAAEALAAAAAABAAEAAAICTAEAOw==\" alt=\"Laboratorio de Redes\" data-src=\"https:\/\/www.iser.edu.co\/wp-content\/uploads\/2024\/06\/IMG_0171-scaled.jpeg\">\n\t\t\t\t\t\t\n\t\t\t\t\t\t\t\t\t\t\t\t\t<div class=\"ha-slick-content\">\n\t\t\t\t\t\t\t\t<h2 class=\"ha-slick-title\">Laboratorio de Redes<\/h2>\t\t\t\t\t\t\t\t\t\t\t\t\t\t\t\t\t<p class=\"ha-slick-subtitle\">Ubicado en el bloque \u00c1lvaro Diez, complementa de forma pr\u00e1ctica los conocimientos adquiridos en el programa Tecnolog\u00eda en Gesti\u00f3n de Redes y Sistemas teleinformaticos, contando con instrumentos virtuales para el entrenamiento de antenas y curso de tecnolog\u00eda en telecomunicaciones, cuenta con software y entrenadores en tecnolog\u00eda especializada.<\/p>\n\t\t\t\t\t\t\t\t\t\t\t\t\t\t\t<\/div>\n\t\t\t\t\t\t\t\t\t\t\t<\/div>\n\t\t\t\t<\/div>\n\n\t\t\t\n\t\t\t\t<div class=\"ha-slick-slide slick-slide\">\n\t\t\t\t\t<div class=\"ha-slick-item\">\n\t\t\t\t\t\t\t\t\t\t\t\t\t<img decoding=\"async\" class=\"ha-slick-img lazyload\" src=\"data:image\/gif;base64,R0lGODlhAQABAAAAACH5BAEKAAEALAAAAAABAAEAAAICTAEAOw==\" alt=\"Laboratorio de Hidr\u00e1ulica\" data-src=\"https:\/\/www.iser.edu.co\/wp-content\/uploads\/2024\/06\/IMG_0177-scaled.jpeg\">\n\t\t\t\t\t\t\n\t\t\t\t\t\t\t\t\t\t\t\t\t<div class=\"ha-slick-content\">\n\t\t\t\t\t\t\t\t<h2 class=\"ha-slick-title\">Laboratorio de Hidr\u00e1ulica<\/h2>\t\t\t\t\t\t\t\t\t\t\t\t\t\t\t\t\t<p class=\"ha-slick-subtitle\">Ubicado en el bloque \u00c1lvaro Diez, medio educativo que ofrece sus servicios como apoyo para el programa de Tecnolog\u00eda en Gesti\u00f3n y Construcci\u00f3n de Obras Civiles en el campo de la Hidr\u00e1ulica y de la Mec\u00e1nica de los Fluidos, est\u00e1 equipado para el estudio y desarrollo experimental de modelos de peque\u00f1as estructuras hidr\u00e1ulicas, sobre todo las necesarias en un sistema de riego.<\/p>\n\t\t\t\t\t\t\t\t\t\t\t\t\t\t\t<\/div>\n\t\t\t\t\t\t\t\t\t\t\t<\/div>\n\t\t\t\t<\/div>\n\n\t\t\t\n\t\t\t\t<div class=\"ha-slick-slide slick-slide\">\n\t\t\t\t\t<div class=\"ha-slick-item\">\n\t\t\t\t\t\t\t\t\t\t\t\t\t<img decoding=\"async\" class=\"ha-slick-img lazyload\" src=\"data:image\/gif;base64,R0lGODlhAQABAAAAACH5BAEKAAEALAAAAAABAAEAAAICTAEAOw==\" alt=\"Laboratorio de Suelos\" data-src=\"https:\/\/www.iser.edu.co\/wp-content\/uploads\/2024\/06\/IMG_0176-scaled.jpeg\">\n\t\t\t\t\t\t\n\t\t\t\t\t\t\t\t\t\t\t\t\t<div class=\"ha-slick-content\">\n\t\t\t\t\t\t\t\t<h2 class=\"ha-slick-title\">Laboratorio de Suelos<\/h2>\t\t\t\t\t\t\t\t\t\t\t\t\t\t\t\t\t<p class=\"ha-slick-subtitle\">Ubicado en el bloque \u00c1lvaro Diez, hace parte del programa de Tecnolog\u00eda en Gesti\u00f3n y Construcci\u00f3n de Obras Civiles en donde este medio educativo con sus equipos y espacios realizan pr\u00e1cticas para evaluar las propiedades est\u00e1ticas y din\u00e1micas de suelos y materiales utilizados en obras civiles.<\/p>\n\t\t\t\t\t\t\t\t\t\t\t\t\t\t\t<\/div>\n\t\t\t\t\t\t\t\t\t\t\t<\/div>\n\t\t\t\t<\/div>\n\n\t\t\t\n\t\t\t\t<div class=\"ha-slick-slide slick-slide\">\n\t\t\t\t\t<div class=\"ha-slick-item\">\n\t\t\t\t\t\t\t\t\t\t\t\t\t<img decoding=\"async\" class=\"ha-slick-img lazyload\" src=\"data:image\/gif;base64,R0lGODlhAQABAAAAACH5BAEKAAEALAAAAAABAAEAAAICTAEAOw==\" alt=\"Laboratorio Industrial\" data-src=\"https:\/\/www.iser.edu.co\/wp-content\/uploads\/2024\/06\/IMG_0185-scaled.jpeg\">\n\t\t\t\t\t\t\n\t\t\t\t\t\t\t\t\t\t\t\t\t<div class=\"ha-slick-content\">\n\t\t\t\t\t\t\t\t<h2 class=\"ha-slick-title\">Laboratorio Industrial<\/h2>\t\t\t\t\t\t\t\t\t\t\t\t\t\t\t\t\t<p class=\"ha-slick-subtitle\">Ubicado en el bloque \u00c1lvaro Diez, dise\u00f1ado para complementar de forma pr\u00e1ctica los conocimientos adquiridos en el programa de tecnolog\u00eda en gesti\u00f3n industrial, en este espacio, abren posibilidades a la operaci\u00f3n, programaci\u00f3n y control de procesos realizados en condiciones industriales simuladas, la realizaci\u00f3n de maquinados, procesos de dise\u00f1o para la fabricaci\u00f3n de piezas y desarrollo de moldes.<\/p>\n\t\t\t\t\t\t\t\t\t\t\t\t\t\t\t<\/div>\n\t\t\t\t\t\t\t\t\t\t\t<\/div>\n\t\t\t\t<\/div>\n\n\t\t\t\n\t\t\t\t<div class=\"ha-slick-slide slick-slide\">\n\t\t\t\t\t<div class=\"ha-slick-item\">\n\t\t\t\t\t\t\t\t\t\t\t\t\t<img decoding=\"async\" class=\"ha-slick-img lazyload\" src=\"data:image\/gif;base64,R0lGODlhAQABAAAAACH5BAEKAAEALAAAAAABAAEAAAICTAEAOw==\" alt=\"Laboratorio de Microbiolog\u00eda, Biolog\u00eda y Qu\u00edmica\" data-src=\"https:\/\/www.iser.edu.co\/wp-content\/uploads\/2024\/06\/IMG_0162-scaled.jpeg\">\n\t\t\t\t\t\t\n\t\t\t\t\t\t\t\t\t\t\t\t\t<div class=\"ha-slick-content\">\n\t\t\t\t\t\t\t\t<h2 class=\"ha-slick-title\">Laboratorio de Microbiolog\u00eda, Biolog\u00eda y Qu\u00edmica<\/h2>\t\t\t\t\t\t\t\t\t\t\t\t\t\t\t\t\t<p class=\"ha-slick-subtitle\">Ubicado en el bloque IB (Gabriel Betancur Mej\u00eda), cuentan con equipos de \u00faltima tecnolog\u00eda para avanzar en sus procesos formativos de investigaci\u00f3n y extensi\u00f3n, adem\u00e1s complementa de forma pr\u00e1ctica los conocimientos adquiridos en el programa tecnolog\u00eda en producci\u00f3n agropecuaria, tecnolog\u00eda en Procesos agroindustriales y tecnolog\u00edas afines, el laboratorio est\u00e1 bien dotado donde se puede observar lo que pasa al interior de los organismos vivos.<\/p>\n\t\t\t\t\t\t\t\t\t\t\t\t\t\t\t<\/div>\n\t\t\t\t\t\t\t\t\t\t\t<\/div>\n\t\t\t\t<\/div>\n\n\t\t\t\n\t\t\t\t<div class=\"ha-slick-slide slick-slide\">\n\t\t\t\t\t<div class=\"ha-slick-item\">\n\t\t\t\t\t\t\t\t\t\t\t\t\t<img decoding=\"async\" class=\"ha-slick-img lazyload\" src=\"data:image\/gif;base64,R0lGODlhAQABAAAAACH5BAEKAAEALAAAAAABAAEAAAICTAEAOw==\" alt=\"Laboratorio de Seguridad y Salud en el Trabajo\" data-src=\"https:\/\/www.iser.edu.co\/wp-content\/uploads\/2024\/06\/IMG_0144-scaled.jpeg\">\n\t\t\t\t\t\t\n\t\t\t\t\t\t\t\t\t\t\t\t\t<div class=\"ha-slick-content\">\n\t\t\t\t\t\t\t\t<h2 class=\"ha-slick-title\">Laboratorio de Seguridad y Salud en el Trabajo<\/h2>\t\t\t\t\t\t\t\t\t\t\t\t\t\t\t\t\t<p class=\"ha-slick-subtitle\">Ubicado en el bloque Bloque IB. (Gabriel Betancourt); complementa de forma pr\u00e1ctica los conocimientos adquiridos en la t\u00e9cnica en seguridad y salud en el trabajo, as\u00ed mismo, simula situaciones laborales en todos los sectores, mediante la pr\u00e1ctica crear ambientes sanos de trabajo y disminuci\u00f3n de costos generados por accidentes; estableciendo desarrollo del talento humano, gesti\u00f3n de calidad, mejoramiento de procesos y condiciones adecuadas de puestos de trabajo<\/p>\n\t\t\t\t\t\t\t\t\t\t\t\t\t\t\t<\/div>\n\t\t\t\t\t\t\t\t\t\t\t<\/div>\n\t\t\t\t<\/div>\n\n\t\t\t\n\t\t\t\t<div class=\"ha-slick-slide slick-slide\">\n\t\t\t\t\t<div class=\"ha-slick-item\">\n\t\t\t\t\t\t\t\t\t\t\t\t\t<img decoding=\"async\" class=\"ha-slick-img lazyload\" src=\"data:image\/gif;base64,R0lGODlhAQABAAAAACH5BAEKAAEALAAAAAABAAEAAAICTAEAOw==\" alt=\"Laboratorio de Pl\u00e1stico Reciclado\" data-src=\"https:\/\/www.iser.edu.co\/wp-content\/uploads\/2024\/06\/IMG_0096-scaled.jpeg\">\n\t\t\t\t\t\t\n\t\t\t\t\t\t\t\t\t\t\t\t\t<div class=\"ha-slick-content\">\n\t\t\t\t\t\t\t\t<h2 class=\"ha-slick-title\">Laboratorio de Pl\u00e1stico Reciclado<\/h2>\t\t\t\t\t\t\t\t\t\t\t\t\t\t\t\t\t<p class=\"ha-slick-subtitle\">Ubicado en el Hangar, tiene como objetivo promover la investigaci\u00f3n de tecnolog\u00edas sostenibles por medio del reciclaje y el impacto positivo que pueden tener en la construcci\u00f3n y el agro, actualmente procesa 2 toneladas de pl\u00e1stico reciclado, este presta el servicio al programa tecnolog\u00eda en construcci\u00f3n de obras civiles, donde los estudiantes hacen investigaci\u00f3n de nuevas alternativas, de c\u00f3mo se puede construir con pl\u00e1stico reciclado<\/p>\n\t\t\t\t\t\t\t\t\t\t\t\t\t\t\t<\/div>\n\t\t\t\t\t\t\t\t\t\t\t<\/div>\n\t\t\t\t<\/div>\n\n\t\t\t\n\t\t\t\t<div class=\"ha-slick-slide slick-slide\">\n\t\t\t\t\t<div class=\"ha-slick-item\">\n\t\t\t\t\t\t\t\t\t\t\t\t\t<img decoding=\"async\" class=\"ha-slick-img lazyload\" src=\"data:image\/gif;base64,R0lGODlhAQABAAAAACH5BAEKAAEALAAAAAABAAEAAAICTAEAOw==\" alt=\"Laboratorio Planta Agroindustrial\" data-src=\"https:\/\/www.iser.edu.co\/wp-content\/uploads\/2024\/06\/IMG_0112-scaled.jpeg\">\n\t\t\t\t\t\t\n\t\t\t\t\t\t\t\t\t\t\t\t\t<div class=\"ha-slick-content\">\n\t\t\t\t\t\t\t\t<h2 class=\"ha-slick-title\">Laboratorio Planta Agroindustrial<\/h2>\t\t\t\t\t\t\t\t\t\t\t\t\t\t\t\t\t<p class=\"ha-slick-subtitle\">Ubicado en el segundo piso del bloque IA (UNESCO), pone en pr\u00e1ctica los conocimientos adquiridos en los programas de  Tecnolog\u00eda en Procesos Agroindustriales,\t Tecnolog\u00eda en producci\u00f3n Agropecuaria, Tecnolog\u00eda en Gesti\u00f3n Industrial, adem\u00e1s de servir de apoyo a Tecnolog\u00eda en Gesti\u00f3n Empresarial, entre otras, permitiendo que se  revise desde la pr\u00e1ctica las diversas operaciones unitarias, de los procesos de producci\u00f3n de leches, vegetales, carnes y cereales, optimiz\u00e1ndolos mediante la sistematizaci\u00f3n de los m\u00e9todos y tiempos, aplicando tecnolog\u00edas limpias para el mejoramiento de la producci\u00f3n agroindustrial.<\/p>\n\t\t\t\t\t\t\t\t\t\t\t\t\t\t\t<\/div>\n\t\t\t\t\t\t\t\t\t\t\t<\/div>\n\t\t\t\t<\/div>\n\n\t\t\t\n\t\t\t\t<div class=\"ha-slick-slide slick-slide\">\n\t\t\t\t\t<div class=\"ha-slick-item\">\n\t\t\t\t\t\t\t\t\t\t\t\t\t<img decoding=\"async\" class=\"ha-slick-img lazyload\" src=\"data:image\/gif;base64,R0lGODlhAQABAAAAACH5BAEKAAEALAAAAAABAAEAAAICTAEAOw==\" alt=\"Laboratorio de Mercadeo\" data-src=\"https:\/\/www.iser.edu.co\/wp-content\/uploads\/2024\/06\/IMG_0208-scaled.jpeg\">\n\t\t\t\t\t\t\n\t\t\t\t\t\t\t\t\t\t\t\t\t<div class=\"ha-slick-content\">\n\t\t\t\t\t\t\t\t<h2 class=\"ha-slick-title\">Laboratorio de Mercadeo<\/h2>\t\t\t\t\t\t\t\t\t\t\t\t\t\t\t\t\t<p class=\"ha-slick-subtitle\">Ubicado en el segundo piso del bloque IA (UNESCO), tiene como objetivo brindar servicios acad\u00e9micos a la mayor\u00eda de los programas del Instituto, permitir el relacionamiento con el sector externo y brindar apoyo al sector gremial a trav\u00e9s de los diferentes servicios y consultor\u00edas.<\/p>\n\t\t\t\t\t\t\t\t\t\t\t\t\t\t\t<\/div>\n\t\t\t\t\t\t\t\t\t\t\t<\/div>\n\t\t\t\t<\/div>\n\n\t\t\t\n\t\t\t\t<div class=\"ha-slick-slide slick-slide\">\n\t\t\t\t\t<div class=\"ha-slick-item\">\n\t\t\t\t\t\t\t\t\t\t\t\t\t<img decoding=\"async\" class=\"ha-slick-img lazyload\" src=\"data:image\/gif;base64,R0lGODlhAQABAAAAACH5BAEKAAEALAAAAAABAAEAAAICTAEAOw==\" alt=\"Salas de Software\" data-src=\"https:\/\/www.iser.edu.co\/wp-content\/uploads\/2024\/06\/IMG_0084-scaled.jpeg\">\n\t\t\t\t\t\t\n\t\t\t\t\t\t\t\t\t\t\t\t\t<div class=\"ha-slick-content\">\n\t\t\t\t\t\t\t\t<h2 class=\"ha-slick-title\">Salas de Software<\/h2>\t\t\t\t\t\t\t\t\t\t\t\t\t\t\t\t\t<p class=\"ha-slick-subtitle\">El ISER cuenta con seis salas de software, las cuales se encuentran ubicadas en el bloque de sistemas Humberto Jaimes Palacios, son espacios que brindan los servicios adecuados para el alcance de los resultados de aprendizaje de los cursos que est\u00e9n asociados con el manejo de herramientas tecnol\u00f3gicas, consultas de bases de datos necesarias en la elaboraci\u00f3n de los trabajos asignados y correcto desarrollo de las diversas actividades estipuladas en cada uno de los programas acad\u00e9micos. <\/p>\n\t\t\t\t\t\t\t\t\t\t\t\t\t\t\t<\/div>\n\t\t\t\t\t\t\t\t\t\t\t<\/div>\n\t\t\t\t<\/div>\n\n\t\t\t\n\t\t\t\t<div class=\"ha-slick-slide slick-slide\">\n\t\t\t\t\t<div class=\"ha-slick-item\">\n\t\t\t\t\t\t\t\t\t\t\t\t\t<img decoding=\"async\" class=\"ha-slick-img lazyload\" src=\"data:image\/gif;base64,R0lGODlhAQABAAAAACH5BAEKAAEALAAAAAABAAEAAAICTAEAOw==\" alt=\"Auditorios y salas de juntas\" data-src=\"https:\/\/www.iser.edu.co\/wp-content\/uploads\/2024\/06\/auditorios-n.jpg\">\n\t\t\t\t\t\t\n\t\t\t\t\t\t\t\t\t\t\t\t\t<div class=\"ha-slick-content\">\n\t\t\t\t\t\t\t\t<h2 class=\"ha-slick-title\">Auditorios y salas de juntas<\/h2>\t\t\t\t\t\t\t\t\t\t\t\t\t\t\t\t\t<p class=\"ha-slick-subtitle\">1.\tAuditorio Isabel Celis - ubicado en el Bloque Administrativo<br>\n2.\tAuditorio IB 112 - ubicado en el Bloque IB (Gabriel Betancur Mej\u00eda)<br>\n3.\tAuditorio IB 101 Mercedes \u00c1brego - ubicado en el Bloque IB (Gabriel Betancur Mej\u00eda)<br>\n4.\tSala de Juntas 102 Juana Rangel de Cuellar \u2013 ubicada en el Bloque IB (Gabriel Betancur Mej\u00eda)<br>\n5.\tSala de Juntas IA - ubicada en el Bloque IA (UNESCO)<\/p>\n\t\t\t\t\t\t\t\t\t\t\t\t\t\t\t<\/div>\n\t\t\t\t\t\t\t\t\t\t\t<\/div>\n\t\t\t\t<\/div>\n\n\t\t\t\n\t\t\t\t<div class=\"ha-slick-slide slick-slide\">\n\t\t\t\t\t<div class=\"ha-slick-item\">\n\t\t\t\t\t\t\t\t\t\t\t\t\t<img decoding=\"async\" class=\"ha-slick-img lazyload\" src=\"data:image\/gif;base64,R0lGODlhAQABAAAAACH5BAEKAAEALAAAAAABAAEAAAICTAEAOw==\" alt=\"Biblioteca Oscar Mogoll\u00f3n Jaimes\" data-src=\"https:\/\/www.iser.edu.co\/wp-content\/uploads\/2024\/06\/IMG_0104-scaled.jpeg\">\n\t\t\t\t\t\t\n\t\t\t\t\t\t\t\t\t\t\t\t\t<div class=\"ha-slick-content\">\n\t\t\t\t\t\t\t\t<h2 class=\"ha-slick-title\">Biblioteca Oscar Mogoll\u00f3n Jaimes<\/h2>\t\t\t\t\t\t\t\t\t\t\t\t\t\t\t\t\t<p class=\"ha-slick-subtitle\">El Instituto Superior de Educaci\u00f3n Rural ISER cuenta con una biblioteca ubicada en la segunda planta del bloque IB, la cual tiene como objetivo servir de espacio para apoyo de las actividades independientes de aprendizaje a cada uno de los estudiantes, proporcionando acceso a los recursos bibliogr\u00e1ficos locales, regionales, nacionales y mundiales incentivando el esp\u00edritu cr\u00edtico del estudiante mediante el contacto con ideas, experiencias y opiniones diversas.<\/p>\n\t\t\t\t\t\t\t\t\t\t\t\t\t\t\t<\/div>\n\t\t\t\t\t\t\t\t\t\t\t<\/div>\n\t\t\t\t<\/div>\n\n\t\t\t\n\t\t\t\t<div class=\"ha-slick-slide slick-slide\">\n\t\t\t\t\t<div class=\"ha-slick-item\">\n\t\t\t\t\t\t\t\t\t\t\t\t\t<img decoding=\"async\" class=\"ha-slick-img lazyload\" src=\"data:image\/gif;base64,R0lGODlhAQABAAAAACH5BAEKAAEALAAAAAABAAEAAAICTAEAOw==\" alt=\"Laboratorio de Calidad Fisicoqu\u00edmico de Alimentos\" data-src=\"https:\/\/www.iser.edu.co\/wp-content\/uploads\/2024\/06\/IMG_0102-scaled.jpeg\">\n\t\t\t\t\t\t\n\t\t\t\t\t\t\t\t\t\t\t\t\t<div class=\"ha-slick-content\">\n\t\t\t\t\t\t\t\t<h2 class=\"ha-slick-title\">Laboratorio de Calidad Fisicoqu\u00edmico de Alimentos<\/h2>\t\t\t\t\t\t\t\t\t\t\t\t\t\t\t\t\t<p class=\"ha-slick-subtitle\">Ubicado en el bloque IB (Gabriel Betancur Mej\u00eda), este laboratorio cuenta con equipos y procedimientos actualizados que generan y trasfieren conocimiento y tecnolog\u00eda al sector productivo, con el fin de prestar servicios y garantizar resultados confiables para muestra de alimento, determinaci\u00f3n del valor nutricional de los alimentos, control del cumplimiento de los par\u00e1metros exigidos por los organismos de salud y tambi\u00e9n para el estudio de las posibles irregularidades como adulteraciones, falsificaciones, etc. tanto en alimentos terminados como en sus materias primas.<\/p>\n\t\t\t\t\t\t\t\t\t\t\t\t\t\t\t<\/div>\n\t\t\t\t\t\t\t\t\t\t\t<\/div>\n\t\t\t\t<\/div>\n\n\t\t\t\n\t\t\t\t<div class=\"ha-slick-slide slick-slide\">\n\t\t\t\t\t<div class=\"ha-slick-item\">\n\t\t\t\t\t\t\t\t\t\t\t\t\t<img decoding=\"async\" class=\"ha-slick-img lazyload\" src=\"data:image\/gif;base64,R0lGODlhAQABAAAAACH5BAEKAAEALAAAAAABAAEAAAICTAEAOw==\" alt=\"Aulas Convencionales\" data-src=\"https:\/\/www.iser.edu.co\/wp-content\/uploads\/2024\/06\/IMG_0091-scaled.jpeg\">\n\t\t\t\t\t\t\n\t\t\t\t\t\t\t\t\t\t\t\t\t<div class=\"ha-slick-content\">\n\t\t\t\t\t\t\t\t<h2 class=\"ha-slick-title\">Aulas Convencionales<\/h2>\t\t\t\t\t\t\t\t\t\t\t\t\t\t\t\t\t<p class=\"ha-slick-subtitle\">El Instituto Superior de Educaci\u00f3n Rural ISER cuenta con 24 aulas convencionales, Estos espacios son usados para el desarrollo de diversas clases, talleres, espacios para asesor\u00edas, capacitaciones, conversatorios, diplomados y cursos que sean de apoyo para el cumplimiento de los resultados de aprendizaje; brindando apoyo a las diferentes misionales como los son formaci\u00f3n, extensi\u00f3n, investigaci\u00f3n y bienestar. <\/p>\n\t\t\t\t\t\t\t\t\t\t\t\t\t\t\t<\/div>\n\t\t\t\t\t\t\t\t\t\t\t<\/div>\n\t\t\t\t<\/div>\n\n\t\t\t\n\t\t\t\t<div class=\"ha-slick-slide slick-slide\">\n\t\t\t\t\t<div class=\"ha-slick-item\">\n\t\t\t\t\t\t\t\t\t\t\t\t\t<img decoding=\"async\" class=\"ha-slick-img lazyload\" src=\"data:image\/gif;base64,R0lGODlhAQABAAAAACH5BAEKAAEALAAAAAABAAEAAAICTAEAOw==\" alt=\"Aulas Convencionales\" data-src=\"https:\/\/www.iser.edu.co\/wp-content\/uploads\/2024\/06\/IMG_0093-scaled.jpeg\">\n\t\t\t\t\t\t\n\t\t\t\t\t\t\t\t\t\t\t\t\t<div class=\"ha-slick-content\">\n\t\t\t\t\t\t\t\t<h2 class=\"ha-slick-title\">Aulas Convencionales<\/h2>\t\t\t\t\t\t\t\t\t\t\t\t\t\t\t\t\t<p class=\"ha-slick-subtitle\">El Instituto Superior de Educaci\u00f3n Rural ISER cuenta con 24 aulas convencionales, Estos espacios son usados para el desarrollo de diversas clases, talleres, espacios para asesor\u00edas, capacitaciones, conversatorios, diplomados y cursos que sean de apoyo para el cumplimiento de los resultados de aprendizaje; brindando apoyo a las diferentes misionales como los son formaci\u00f3n, extensi\u00f3n, investigaci\u00f3n y bienestar. <\/p>\n\t\t\t\t\t\t\t\t\t\t\t\t\t\t\t<\/div>\n\t\t\t\t\t\t\t\t\t\t\t<\/div>\n\t\t\t\t<\/div>\n\n\t\t\t\n\t\t\t\t<div class=\"ha-slick-slide slick-slide\">\n\t\t\t\t\t<div class=\"ha-slick-item\">\n\t\t\t\t\t\t\t\t\t\t\t\t\t<img decoding=\"async\" class=\"ha-slick-img lazyload\" src=\"data:image\/gif;base64,R0lGODlhAQABAAAAACH5BAEKAAEALAAAAAABAAEAAAICTAEAOw==\" alt=\"Aulas Convencionales\" data-src=\"https:\/\/www.iser.edu.co\/wp-content\/uploads\/2024\/06\/IMG_0092-scaled.jpeg\">\n\t\t\t\t\t\t\n\t\t\t\t\t\t\t\t\t\t\t\t\t<div class=\"ha-slick-content\">\n\t\t\t\t\t\t\t\t<h2 class=\"ha-slick-title\">Aulas Convencionales<\/h2>\t\t\t\t\t\t\t\t\t\t\t\t\t\t\t\t\t<p class=\"ha-slick-subtitle\">El ISER se distingue por ofrecer aulas convencionales estudiantiles que no solo est\u00e1n equipadas con accesos adaptados para personas con discapacidades, sino tambi\u00e9n por contar con una cuidada se\u00f1alizaci\u00f3n de rutas de evacuaci\u00f3n que garantiza la seguridad de todos los estudiantes y personal. Adem\u00e1s, cada aula est\u00e1 provista de elementos de seguridad adecuados para cualquier eventualidad, asegurando as\u00ed un entorno de aprendizaje seguro y protegido.<\/p>\n\t\t\t\t\t\t\t\t\t\t\t\t\t\t\t<\/div>\n\t\t\t\t\t\t\t\t\t\t\t<\/div>\n\t\t\t\t<\/div>\n\n\t\t\t\n\t\t\t\t<div class=\"ha-slick-slide slick-slide\">\n\t\t\t\t\t<div class=\"ha-slick-item\">\n\t\t\t\t\t\t\t\t\t\t\t\t\t<img decoding=\"async\" class=\"ha-slick-img lazyload\" src=\"data:image\/gif;base64,R0lGODlhAQABAAAAACH5BAEKAAEALAAAAAABAAEAAAICTAEAOw==\" alt=\"Ambientes naturales\" data-src=\"https:\/\/www.iser.edu.co\/wp-content\/uploads\/2024\/06\/IMG_0260-scaled.jpeg\">\n\t\t\t\t\t\t\n\t\t\t\t\t\t\t\t\t\t\t\t\t<div class=\"ha-slick-content\">\n\t\t\t\t\t\t\t\t<h2 class=\"ha-slick-title\">Ambientes naturales<\/h2>\t\t\t\t\t\t\t\t\t\t\t\t\t\t\t\t\t<p class=\"ha-slick-subtitle\">Espacios y ambientes naturales en donde los estudiantes desarrollan actividades formativas, investigativas, extensionistas y de bienestar.\n<\/p>\n\t\t\t\t\t\t\t\t\t\t\t\t\t\t\t<\/div>\n\t\t\t\t\t\t\t\t\t\t\t<\/div>\n\t\t\t\t<\/div>\n\n\t\t\t\n\t\t\t\t<div class=\"ha-slick-slide slick-slide\">\n\t\t\t\t\t<div class=\"ha-slick-item\">\n\t\t\t\t\t\t\t\t\t\t\t\t\t<img decoding=\"async\" class=\"ha-slick-img lazyload\" src=\"data:image\/gif;base64,R0lGODlhAQABAAAAACH5BAEKAAEALAAAAAABAAEAAAICTAEAOw==\" alt=\"Coliseo Deportivo\" data-src=\"https:\/\/www.iser.edu.co\/wp-content\/uploads\/2024\/06\/coliseo-n-copia.jpg\">\n\t\t\t\t\t\t\n\t\t\t\t\t\t\t\t\t\t\t\t\t<div class=\"ha-slick-content\">\n\t\t\t\t\t\t\t\t<h2 class=\"ha-slick-title\">Coliseo Deportivo<\/h2>\t\t\t\t\t\t\t\t\t\t\t\t\t\t\t\t\t<p class=\"ha-slick-subtitle\">El Coliseo Deportivo del Instituto Superior de Educaci\u00f3n Rural (ISER) en Pamplona, Norte de Santander, Colombia, es una instalaci\u00f3n moderna y multifuncional. Cuenta con canchas para baloncesto, voleibol y f\u00fatbol sala, adem\u00e1s de grader\u00edas y vestuarios. Este espacio apoya la formaci\u00f3n deportiva de los estudiantes y alberga competiciones locales y regionales.<\/p>\n\t\t\t\t\t\t\t\t\t\t\t\t\t\t\t<\/div>\n\t\t\t\t\t\t\t\t\t\t\t<\/div>\n\t\t\t\t<\/div>\n\n\t\t\t\n\t\t\t\t<div class=\"ha-slick-slide slick-slide\">\n\t\t\t\t\t<div class=\"ha-slick-item\">\n\t\t\t\t\t\t\t\t\t\t\t\t\t<img decoding=\"async\" class=\"ha-slick-img lazyload\" src=\"data:image\/gif;base64,R0lGODlhAQABAAAAACH5BAEKAAEALAAAAAABAAEAAAICTAEAOw==\" alt=\"Cancha de F\u00fatbol\" data-src=\"https:\/\/www.iser.edu.co\/wp-content\/uploads\/2024\/06\/IMG_0089-scaled.jpeg\">\n\t\t\t\t\t\t\n\t\t\t\t\t\t\t\t\t\t\t\t\t<div class=\"ha-slick-content\">\n\t\t\t\t\t\t\t\t<h2 class=\"ha-slick-title\">Cancha de F\u00fatbol<\/h2>\t\t\t\t\t\t\t\t\t\t\t\t\t\t\t\t\t<p class=\"ha-slick-subtitle\">El Instituto Superior de Educaci\u00f3n Rural (ISER) en Pamplona, Norte de Santander, Colombia, cuenta con una cancha de f\u00fatbol utilizada tanto para la formaci\u00f3n deportiva de los estudiantes como para competiciones locales y regionales.<\/p>\n\t\t\t\t\t\t\t\t\t\t\t\t\t\t\t<\/div>\n\t\t\t\t\t\t\t\t\t\t\t<\/div>\n\t\t\t\t<\/div>\n\n\t\t\t\n\t\t\t\t<div class=\"ha-slick-slide slick-slide\">\n\t\t\t\t\t<div class=\"ha-slick-item\">\n\t\t\t\t\t\t\t\t\t\t\t\t\t<img decoding=\"async\" class=\"ha-slick-img lazyload\" src=\"data:image\/gif;base64,R0lGODlhAQABAAAAACH5BAEKAAEALAAAAAABAAEAAAICTAEAOw==\" alt=\"Invernadero\" data-src=\"https:\/\/www.iser.edu.co\/wp-content\/uploads\/2024\/06\/IMG_0099-scaled.jpeg\">\n\t\t\t\t\t\t\n\t\t\t\t\t\t\t\t\t\t\t\t\t<div class=\"ha-slick-content\">\n\t\t\t\t\t\t\t\t<h2 class=\"ha-slick-title\">Invernadero<\/h2>\t\t\t\t\t\t\t\t\t\t\t\t\t\t\t\t\t<p class=\"ha-slick-subtitle\">El Instituto Superior de Educaci\u00f3n Rural (ISER) en Pamplona, Norte de Santander, Colombia, cuenta con un invernadero. Este espacio est\u00e1 dedicado al cultivo de diversas especies vegetales, proporcionando a los estudiantes formaci\u00f3n pr\u00e1ctica en agricultura y medio ambiente. Adem\u00e1s, el invernadero apoya proyectos de investigaci\u00f3n y sostenibilidad, beneficiando a la comunidad acad\u00e9mica y a la regi\u00f3n.<\/p>\n\t\t\t\t\t\t\t\t\t\t\t\t\t\t\t<\/div>\n\t\t\t\t\t\t\t\t\t\t\t<\/div>\n\t\t\t\t<\/div>\n\n\t\t\t\n\t\t\t\t<div class=\"ha-slick-slide slick-slide\">\n\t\t\t\t\t<div class=\"ha-slick-item\">\n\t\t\t\t\t\t\t\t\t\t\t\t\t<img decoding=\"async\" class=\"ha-slick-img lazyload\" src=\"data:image\/gif;base64,R0lGODlhAQABAAAAACH5BAEKAAEALAAAAAABAAEAAAICTAEAOw==\" alt=\"Cultivos\" data-src=\"https:\/\/www.iser.edu.co\/wp-content\/uploads\/2024\/06\/IMG_0167-scaled.jpeg\">\n\t\t\t\t\t\t\n\t\t\t\t\t\t\t\t\t\t\t\t\t<div class=\"ha-slick-content\">\n\t\t\t\t\t\t\t\t<h2 class=\"ha-slick-title\">Cultivos<\/h2>\t\t\t\t\t\t\t\t\t\t\t\t\t\t\t\t\t<p class=\"ha-slick-subtitle\">El Instituto Superior de Educaci\u00f3n Rural (ISER) en Pamplona, Norte de Santander, Colombia, cuenta con una zona dedicada al cultivo de plantas. Este espacio permite a los estudiantes adquirir experiencia pr\u00e1ctica en agricultura y medio ambiente, participando en proyectos que promueven la investigaci\u00f3n y la sostenibilidad. Estos cultivos no solo enriquecen el aprendizaje acad\u00e9mico, sino que tambi\u00e9n benefician a la comunidad local al fomentar pr\u00e1cticas agr\u00edcolas responsables y la producci\u00f3n de alimentos.<\/p>\n\t\t\t\t\t\t\t\t\t\t\t\t\t\t\t<\/div>\n\t\t\t\t\t\t\t\t\t\t\t<\/div>\n\t\t\t\t<\/div>\n\n\t\t\t\n\t\t\t\t<div class=\"ha-slick-slide slick-slide\">\n\t\t\t\t\t<div class=\"ha-slick-item\">\n\t\t\t\t\t\t\t\t\t\t\t\t\t<img decoding=\"async\" class=\"ha-slick-img lazyload\" src=\"data:image\/gif;base64,R0lGODlhAQABAAAAACH5BAEKAAEALAAAAAABAAEAAAICTAEAOw==\" alt=\"Aula de M\u00fasica\" data-src=\"https:\/\/www.iser.edu.co\/wp-content\/uploads\/2024\/06\/IMG_0194-scaled.jpeg\">\n\t\t\t\t\t\t\n\t\t\t\t\t\t\t\t\t\t\t\t\t<div class=\"ha-slick-content\">\n\t\t\t\t\t\t\t\t<h2 class=\"ha-slick-title\">Aula de M\u00fasica<\/h2>\t\t\t\t\t\t\t\t\t\t\t\t\t\t\t\t\t<p class=\"ha-slick-subtitle\">El Instituto Superior de Educaci\u00f3n Rural (ISER) en Pamplona, Norte de Santander, Colombia, cuenta con un aula de m\u00fasica equipada para brindar a los estudiantes un espacio dedicado al aprendizaje y la pr\u00e1ctica musical. Este ambiente est\u00e1 dise\u00f1ado para fomentar el desarrollo de habilidades musicales, ofreciendo instrumentos adecuados y recursos did\u00e1cticos que apoyan la formaci\u00f3n integral de los estudiantes. Adem\u00e1s, el aula de m\u00fasica permite la participaci\u00f3n en actividades extracurriculares y eventos culturales, enriqueciendo as\u00ed la experiencia educativa en el instituto.<\/p>\n\t\t\t\t\t\t\t\t\t\t\t\t\t\t\t<\/div>\n\t\t\t\t\t\t\t\t\t\t\t<\/div>\n\t\t\t\t<\/div>\n\n\t\t\t\n\t\t\t\t<div class=\"ha-slick-slide slick-slide\">\n\t\t\t\t\t<div class=\"ha-slick-item\">\n\t\t\t\t\t\t\t\t\t\t\t\t\t<img decoding=\"async\" class=\"ha-slick-img lazyload\" src=\"data:image\/gif;base64,R0lGODlhAQABAAAAACH5BAEKAAEALAAAAAABAAEAAAICTAEAOw==\" alt=\"Sistema de Acompa\u00f1amiento Integral (SAI)\" data-src=\"https:\/\/www.iser.edu.co\/wp-content\/uploads\/2024\/06\/IMG_0110-scaled.jpeg\">\n\t\t\t\t\t\t\n\t\t\t\t\t\t\t\t\t\t\t\t\t<div class=\"ha-slick-content\">\n\t\t\t\t\t\t\t\t<h2 class=\"ha-slick-title\">Sistema de Acompa\u00f1amiento Integral (SAI)<\/h2>\t\t\t\t\t\t\t\t\t\t\t\t\t\t\t\t\t<p class=\"ha-slick-subtitle\">El Sistema de Acompa\u00f1amiento Integral (SAI) del Instituto Superior de Educaci\u00f3n Rural (ISER) en Pamplona, Norte de Santander, Colombia, consiste en espacios dedicados especialmente para el estudio y la elaboraci\u00f3n de trabajos acad\u00e9micos. Estas aulas est\u00e1n dise\u00f1adas para proporcionar un ambiente propicio donde los estudiantes pueden concentrarse en sus tareas, recibir apoyo de tutores y acceder a recursos educativos necesarios para su desarrollo acad\u00e9mico. <\/p>\n\t\t\t\t\t\t\t\t\t\t\t\t\t\t\t<\/div>\n\t\t\t\t\t\t\t\t\t\t\t<\/div>\n\t\t\t\t<\/div>\n\n\t\t\t\n\t\t\t\t<div class=\"ha-slick-slide slick-slide\">\n\t\t\t\t\t<div class=\"ha-slick-item\">\n\t\t\t\t\t\t\t\t\t\t\t\t\t<img decoding=\"async\" class=\"ha-slick-img lazyload\" src=\"data:image\/gif;base64,R0lGODlhAQABAAAAACH5BAEKAAEALAAAAAABAAEAAAICTAEAOw==\" alt=\"Gimnasio\" data-src=\"https:\/\/www.iser.edu.co\/wp-content\/uploads\/2024\/06\/IMG_0198-scaled.jpeg\">\n\t\t\t\t\t\t\n\t\t\t\t\t\t\t\t\t\t\t\t\t<div class=\"ha-slick-content\">\n\t\t\t\t\t\t\t\t<h2 class=\"ha-slick-title\">Gimnasio<\/h2>\t\t\t\t\t\t\t\t\t\t\t\t\t\t\t\t\t<p class=\"ha-slick-subtitle\">El ISER est\u00e1 equipado con gimnasio que ofrece equipos y \u00e1reas adecuadas para diversas disciplinas deportivas y entrenamientos f\u00edsicos. Adem\u00e1s de apoyar la formaci\u00f3n en educaci\u00f3n f\u00edsica, el gimnasio del ISER promueve un estilo de vida activo entre los estudiantes, fomentando la salud y el desarrollo integral.<\/p>\n\t\t\t\t\t\t\t\t\t\t\t\t\t\t\t<\/div>\n\t\t\t\t\t\t\t\t\t\t\t<\/div>\n\t\t\t\t<\/div>\n\n\t\t\t\n\t\t<\/div>\n\n\t\t\t\t\t<button type=\"button\" class=\"slick-prev\"><i aria-hidden=\"true\" class=\"fas fa-chevron-left\"><\/i><\/button>\n\t\t\n\t\t\t\t\t<button type=\"button\" class=\"slick-next\"><i aria-hidden=\"true\" class=\"fas fa-chevron-right\"><\/i><\/button>\n\t\t\n\t\t\t\t<\/div>\n\t\t\t\t<\/div>\n\t\t\t\t\t<\/div>\n\t\t<\/div>\n\t\t\t\t\t<\/div>\n\t\t<\/section>\n\t\t\t\t<section class=\"elementor-section elementor-top-section elementor-element elementor-element-6f5d1d8 elementor-section-boxed elementor-section-height-default elementor-section-height-default\" data-id=\"6f5d1d8\" data-element_type=\"section\" data-settings=\"{&quot;jet_parallax_layout_list&quot;:[],&quot;_ha_eqh_enable&quot;:false}\">\n\t\t\t\t\t\t<div class=\"elementor-container elementor-column-gap-default\">\n\t\t\t\t\t<div class=\"elementor-column elementor-col-50 elementor-top-column elementor-element elementor-element-3747ee4\" data-id=\"3747ee4\" data-element_type=\"column\">\n\t\t\t<div class=\"elementor-widget-wrap elementor-element-populated\">\n\t\t\t\t\t\t<div class=\"elementor-element elementor-element-e216dfc elementor-align-center elementor-widget elementor-widget-bdt-advanced-button\" data-id=\"e216dfc\" data-element_type=\"widget\" data-widget_type=\"bdt-advanced-button.default\">\n\t\t\t\t<div class=\"elementor-widget-container\">\n\t\t\t\t\t<div class=\"bdt-ep-button-wrapper\">\n\t\t\t<a href=\"https:\/\/www.iser.edu.co\/index.php\/biblioteca2024\/\" class=\"bdt-ep-button bdt-ep-button-effect-d bdt-ep-button-size-md\">\n\t\t\t\t\t\t<div class=\"bdt-ep-button-content-wrapper bdt-flex bdt-flex-middle bdt-flex-center  \" data-text=\"Biblioteca Oscar Mogollon Jaimes\">\n\t\t\t\t\t\t\t<div class=\"bdt-ep-button-icon bdt-flex-center bdt-flex-align-left\">\n\t\t\t\t\t<div class=\"bdt-ep-button-icon-inner\">\n\n\t\t\t\t\t<i aria-hidden=\"true\" class=\"fa-fw fas fa-book\"><\/i>\n\t\t\t\t\t<\/div>\n\t\t\t\t<\/div>\n\t\t\t\n\t\t\t<div class=\"bdt-ep-button-text\">\n\n                <span class=\"avdbtn-text\">Biblioteca Oscar Mogollon Jaimes<\/span>\n\n\t\t\t\t            <\/div>\n\n\t\t\t\n\t\t<\/div>\n\t\t\t\t\t<\/a>\n\t\t<\/div>\n\t\t\t\t<\/div>\n\t\t\t\t<\/div>\n\t\t\t\t\t<\/div>\n\t\t<\/div>\n\t\t\t\t<div class=\"elementor-column elementor-col-50 elementor-top-column elementor-element elementor-element-0d32fd4\" data-id=\"0d32fd4\" data-element_type=\"column\">\n\t\t\t<div class=\"elementor-widget-wrap elementor-element-populated\">\n\t\t\t\t\t\t<div class=\"elementor-element elementor-element-643fa8c elementor-align-center elementor-widget elementor-widget-bdt-advanced-button\" data-id=\"643fa8c\" data-element_type=\"widget\" data-widget_type=\"bdt-advanced-button.default\">\n\t\t\t\t<div class=\"elementor-widget-container\">\n\t\t\t\t\t<div class=\"bdt-ep-button-wrapper\">\n\t\t\t<a href=\"https:\/\/soporte.iser.edu.co\/marketplace\/formcreator\/front\/formdisplay.php?id=4\" class=\"bdt-ep-button bdt-ep-button-effect-d bdt-ep-button-size-md\" rel=\"nofollow noopener\" target=\"_blank\">\n\t\t\t\t\t\t<div class=\"bdt-ep-button-content-wrapper bdt-flex bdt-flex-middle bdt-flex-center  \" data-text=\"Reserva de Medios Educativos\">\n\t\t\t\t\t\t\t<div class=\"bdt-ep-button-icon bdt-flex-center bdt-flex-align-left\">\n\t\t\t\t\t<div class=\"bdt-ep-button-icon-inner\">\n\n\t\t\t\t\t<i aria-hidden=\"true\" class=\"fa-fw hm hm-tooltips\"><\/i>\n\t\t\t\t\t<\/div>\n\t\t\t\t<\/div>\n\t\t\t\n\t\t\t<div class=\"bdt-ep-button-text\">\n\n                <span class=\"avdbtn-text\">Reserva de Medios Educativos<\/span>\n\n\t\t\t\t            <\/div>\n\n\t\t\t\n\t\t<\/div>\n\t\t\t\t\t<\/a>\n\t\t<\/div>\n\t\t\t\t<\/div>\n\t\t\t\t<\/div>\n\t\t\t\t\t<\/div>\n\t\t<\/div>\n\t\t\t\t\t<\/div>\n\t\t<\/section>\n\t\t\t\t<section class=\"elementor-section elementor-top-section elementor-element elementor-element-378422e elementor-section-boxed elementor-section-height-default elementor-section-height-default\" data-id=\"378422e\" data-element_type=\"section\" data-settings=\"{&quot;jet_parallax_layout_list&quot;:[],&quot;_ha_eqh_enable&quot;:false}\">\n\t\t\t\t\t\t<div class=\"elementor-container elementor-column-gap-default\">\n\t\t\t\t\t<div class=\"elementor-column elementor-col-100 elementor-top-column elementor-element elementor-element-c3f73ab\" data-id=\"c3f73ab\" data-element_type=\"column\">\n\t\t\t<div class=\"elementor-widget-wrap elementor-element-populated\">\n\t\t\t\t\t\t<div class=\"elementor-element elementor-element-924af62 elementor-widget-divider--view-line elementor-widget elementor-widget-divider\" data-id=\"924af62\" data-element_type=\"widget\" data-widget_type=\"divider.default\">\n\t\t\t\t<div class=\"elementor-widget-container\">\n\t\t\t\t\t<div class=\"elementor-divider\">\n\t\t\t<span class=\"elementor-divider-separator\">\n\t\t\t\t\t\t<\/span>\n\t\t<\/div>\n\t\t\t\t<\/div>\n\t\t\t\t<\/div>\n\t\t\t\t\t<\/div>\n\t\t<\/div>\n\t\t\t\t\t<\/div>\n\t\t<\/section>\n\t\t\t\t<\/div>\n\t\t","protected":false},"excerpt":{"rendered":"<p>Medios Educativos F\u00edsicos Laboratorio de Servidores Ubicado en el bloque \u00c1lvaro Diez, dise\u00f1ado para complementar de forma pr\u00e1ctica los conocimientos adquiridos en el programa Tecnolog\u00eda en Gesti\u00f3n de Redes y Sistemas teleinform\u00e1ticas. Laboratorio de Redes Ubicado en el bloque \u00c1lvaro Diez, complementa de forma pr\u00e1ctica los conocimientos adquiridos en el programa Tecnolog\u00eda en Gesti\u00f3n de&#8230;<\/p>\n<div class=\"pvc_clear\"><\/div>\n<p id=\"pvc_stats_10516\" class=\"pvc_stats all  \" data-element-id=\"10516\" style=\"\"><i class=\"pvc-stats-icon medium\" aria-hidden=\"true\"><svg aria-hidden=\"true\" focusable=\"false\" data-prefix=\"far\" data-icon=\"chart-bar\" role=\"img\" xmlns=\"http:\/\/www.w3.org\/2000\/svg\" viewBox=\"0 0 512 512\" class=\"svg-inline--fa fa-chart-bar fa-w-16 fa-2x\"><path fill=\"currentColor\" d=\"M396.8 352h22.4c6.4 0 12.8-6.4 12.8-12.8V108.8c0-6.4-6.4-12.8-12.8-12.8h-22.4c-6.4 0-12.8 6.4-12.8 12.8v230.4c0 6.4 6.4 12.8 12.8 12.8zm-192 0h22.4c6.4 0 12.8-6.4 12.8-12.8V140.8c0-6.4-6.4-12.8-12.8-12.8h-22.4c-6.4 0-12.8 6.4-12.8 12.8v198.4c0 6.4 6.4 12.8 12.8 12.8zm96 0h22.4c6.4 0 12.8-6.4 12.8-12.8V204.8c0-6.4-6.4-12.8-12.8-12.8h-22.4c-6.4 0-12.8 6.4-12.8 12.8v134.4c0 6.4 6.4 12.8 12.8 12.8zM496 400H48V80c0-8.84-7.16-16-16-16H16C7.16 64 0 71.16 0 80v336c0 17.67 14.33 32 32 32h464c8.84 0 16-7.16 16-16v-16c0-8.84-7.16-16-16-16zm-387.2-48h22.4c6.4 0 12.8-6.4 12.8-12.8v-70.4c0-6.4-6.4-12.8-12.8-12.8h-22.4c-6.4 0-12.8 6.4-12.8 12.8v70.4c0 6.4 6.4 12.8 12.8 12.8z\" class=\"\"><\/path><\/svg><\/i> <img decoding=\"async\" width=\"16\" height=\"16\" alt=\"Loading\" src=\"https:\/\/www.iser.edu.co\/wp-content\/plugins\/page-views-count\/ajax-loader-2x.gif\" border=0 \/><\/p>\n<div class=\"pvc_clear\"><\/div>\n","protected":false},"author":1,"featured_media":0,"parent":0,"menu_order":0,"comment_status":"closed","ping_status":"closed","template":"","meta":{"_kadence_starter_templates_imported_post":false,"_kad_post_transparent":"","_kad_post_title":"hide","_kad_post_layout":"fullwidth","_kad_post_sidebar_id":"","_kad_post_content_style":"unboxed","_kad_post_vertical_padding":"hide","_kad_post_feature":"hide","_kad_post_feature_position":"","_kad_post_header":false,"_kad_post_footer":false,"footnotes":""},"_links":{"self":[{"href":"https:\/\/www.iser.edu.co\/index.php\/wp-json\/wp\/v2\/pages\/10516"}],"collection":[{"href":"https:\/\/www.iser.edu.co\/index.php\/wp-json\/wp\/v2\/pages"}],"about":[{"href":"https:\/\/www.iser.edu.co\/index.php\/wp-json\/wp\/v2\/types\/page"}],"author":[{"embeddable":true,"href":"https:\/\/www.iser.edu.co\/index.php\/wp-json\/wp\/v2\/users\/1"}],"replies":[{"embeddable":true,"href":"https:\/\/www.iser.edu.co\/index.php\/wp-json\/wp\/v2\/comments?post=10516"}],"version-history":[{"count":0,"href":"https:\/\/www.iser.edu.co\/index.php\/wp-json\/wp\/v2\/pages\/10516\/revisions"}],"wp:attachment":[{"href":"https:\/\/www.iser.edu.co\/index.php\/wp-json\/wp\/v2\/media?parent=10516"}],"curies":[{"name":"wp","href":"https:\/\/api.w.org\/{rel}","templated":true}]}}