{"id":1806,"date":"2024-03-02T10:21:59","date_gmt":"2024-03-02T15:21:59","guid":{"rendered":"https:\/\/ww3.iser.edu.co\/?page_id=1806"},"modified":"2024-03-16T22:19:24","modified_gmt":"2024-03-17T03:19:24","slug":"tecnologia-en-produccion-agropecuaria","status":"publish","type":"page","link":"https:\/\/www.iser.edu.co\/index.php\/tecnologia-en-produccion-agropecuaria\/","title":{"rendered":"Tecnolog\u00eda en Producci\u00f3n Agropecuaria"},"content":{"rendered":"\t\t<div data-elementor-type=\"wp-page\" data-elementor-id=\"1806\" class=\"elementor elementor-1806\" data-elementor-post-type=\"page\">\n\t\t\t\t\t\t<section class=\"elementor-section elementor-top-section elementor-element elementor-element-532234e elementor-section-boxed elementor-section-height-default elementor-section-height-default\" data-id=\"532234e\" data-element_type=\"section\" data-settings=\"{&quot;jet_parallax_layout_list&quot;:[],&quot;_ha_eqh_enable&quot;:false}\">\n\t\t\t\t\t\t<div class=\"elementor-container elementor-column-gap-default\">\n\t\t\t\t\t<div class=\"elementor-column elementor-col-100 elementor-top-column elementor-element elementor-element-13c795e\" data-id=\"13c795e\" data-element_type=\"column\">\n\t\t\t<div class=\"elementor-widget-wrap elementor-element-populated\">\n\t\t\t\t\t\t<div class=\"elementor-element elementor-element-735dc29 elementor-widget elementor-widget-heading\" data-id=\"735dc29\" data-element_type=\"widget\" data-widget_type=\"heading.default\">\n\t\t\t\t<div class=\"elementor-widget-container\">\n\t\t\t<h2 class=\"elementor-heading-title elementor-size-default\"><h1 style=\"font-family: Arial, Helvetica, sans-serif; margin-bottom: 20px; font-size: 24px; color: #277227; text-align: center;\">Tecnolog\u00eda en Producci\u00f3n Agropecuaria<\/h1><\/h2>\t\t<\/div>\n\t\t\t\t<\/div>\n\t\t\t\t<div class=\"elementor-element elementor-element-d21dee0 elementor-widget__width-inherit elementor-widget elementor-widget-image\" data-id=\"d21dee0\" data-element_type=\"widget\" data-widget_type=\"image.default\">\n\t\t\t\t<div class=\"elementor-widget-container\">\n\t\t\t\t\t\t\t\t\t\t\t\t\t<img fetchpriority=\"high\" decoding=\"async\" width=\"1024\" height=\"502\" src=\"data:image\/gif;base64,R0lGODlhAQABAAAAACH5BAEKAAEALAAAAAABAAEAAAICTAEAOw==\" class=\"attachment-large size-large wp-image-4417 lazyload\" alt=\"\" sizes=\"(max-width: 1024px) 100vw, 1024px\" data-src=\"https:\/\/www.iser.edu.co\/wp-content\/uploads\/2024\/03\/coordinador_agrrop_2023-1024x502.jpg\" data-srcset=\"https:\/\/www.iser.edu.co\/wp-content\/uploads\/2024\/03\/coordinador_agrrop_2023-1024x502.jpg 1024w, https:\/\/www.iser.edu.co\/wp-content\/uploads\/2024\/03\/coordinador_agrrop_2023-300x147.jpg 300w, https:\/\/www.iser.edu.co\/wp-content\/uploads\/2024\/03\/coordinador_agrrop_2023-768x376.jpg 768w, https:\/\/www.iser.edu.co\/wp-content\/uploads\/2024\/03\/coordinador_agrrop_2023-1536x753.jpg 1536w, https:\/\/www.iser.edu.co\/wp-content\/uploads\/2024\/03\/coordinador_agrrop_2023.jpg 1618w\">\t\t\t\t\t\t\t\t\t\t\t\t\t<\/div>\n\t\t\t\t<\/div>\n\t\t\t\t<div class=\"elementor-element elementor-element-b62f361 elementor-widget elementor-widget-text-editor\" data-id=\"b62f361\" data-element_type=\"widget\" data-widget_type=\"text-editor.default\">\n\t\t\t\t<div class=\"elementor-widget-container\">\n\t\t\t\t\t\t\t<p style=\"margin: 0px 0px 20px; color: #333333; font-family: Arial, Helvetica, sans-serif; font-size: 12px; text-align: center;\">\n<\/p><h2 style=\"margin: 0px 0px 20px; color: #333333; font-family: Arial, Helvetica, sans-serif; font-size: 12px; text-align: center;\"><a href=\"https:\/\/academicoiser.q10.com\/ISER\/Preinscripcion\" rel=\"nofollow noopener\" target=\"_blank\"><span style=\"color: #339966;\">Inscripci\u00f3n&nbsp;<\/span><span style=\"letter-spacing: 0px;\">en L\u00ednea Estudiantes Nuevos<\/span><\/a><span style=\"font-family: arial, helvetica, sans-serif;\"><span style=\"font-size: small;\"><br><\/span><\/span><\/h2>\n<div style=\"text-align: center;\"><strong style=\"color: #333333; font-family: Arial, Helvetica, sans-serif; font-size: 12px; text-align: justify;\"><span style=\"font-family: arial, helvetica, sans-serif;\"><span style=\"font-size: small;\"><span style=\"color: #237823;\">C\u00f3digo SNIES:<\/span>&nbsp;<\/span><\/span><\/strong><span style=\"color: #333333; font-size: 12px; text-align: justify; font-family: arial, helvetica, sans-serif;\"><span style=\"font-size: small;\">109587<\/span><\/span><\/div>\n<div><span style=\"color: #333333; font-size: 12px; text-align: justify; font-family: arial, helvetica, sans-serif;\"><span style=\"font-size: small;\">&nbsp;<\/span><\/span><\/div>\n<p style=\"margin: 0px 0px 20px; color: #333333; font-family: Arial, Helvetica, sans-serif; font-size: 12px; text-align: justify;\"><a style=\"font-family: var( --e-global-typography-text-font-family ), Sans-serif; font-weight: var( --e-global-typography-text-font-weight ); font-size: 17px;\" href=\"https:\/\/www.iser.edu.co\/wp-content\/uploads\/2024\/03\/res_020209_tec_producc_agropec.pdf\" target=\"_blank\" rel=\"noopener\">Resoluci\u00f3n 020209 del 23 de octubre de 2020<\/a><span style=\"font-family: arial, helvetica, sans-serif;\"><span style=\"font-size: small;\"><strong style=\"color: #006699;\"><a href=\"http:\/\/www.iser.edu.co\/iser\/hermesoft\/portalIG\/home_1\/recursos\/documentos_generales\/2020\/10122020\/res_020209_tec_producc_agropec.pdf\">&nbsp;<\/a><\/strong>&#8220;Por medio de la cual se resuelve la solicitud de renovaci\u00f3n del registro calificado del programa Tecnolog\u00eda Agropecuaria del Instituto Superior de Educaci\u00f3n Rural-ISER-, a ofrecerse en la metodolog\u00eda presencial en Pamplona-Norte de Santander&#8221;<\/span><\/span><\/p>\n<p style=\"margin: 0px 0px 20px; color: #333333; font-family: Arial, Helvetica, sans-serif; font-size: 12px; text-align: justify;\"><a style=\"font-family: var( --e-global-typography-text-font-family ), Sans-serif; font-weight: var( --e-global-typography-text-font-weight ); font-size: 17px;\" href=\"https:\/\/www.iser.edu.co\/wp-content\/uploads\/2024\/03\/plan_estudio_agropecuaria_2020.pdf\" target=\"_blank\" rel=\"noopener\">Plan de Estudios 2020<\/a><\/p>\n<p style=\"margin: 0px 0px 20px; color: #333333; font-family: Arial, Helvetica, sans-serif; font-size: 12px; text-align: justify;\"><span style=\"font-size: small; font-family: arial, helvetica, sans-serif; font-weight: var( --e-global-typography-text-font-weight ); color: #237823;\"><strong>Nombre del Programa:<\/strong><\/span><span style=\"font-size: small; font-family: arial, helvetica, sans-serif; font-weight: var( --e-global-typography-text-font-weight );\">&nbsp;Tecnolog\u00eda en Producci\u00f3n Agropecuaria<\/span><\/p>\n<p style=\"margin: 0px 0px 20px; color: #333333; font-family: Arial, Helvetica, sans-serif; font-size: 12px; text-align: justify;\"><span style=\"font-family: arial, helvetica, sans-serif;\"><span style=\"font-size: small;\"><span style=\"color: #237823;\"><strong>T\u00edtulo que Otorga:<\/strong>&nbsp;<\/span>Tecn\u00f3logo en Producci\u00f3n Agropecuaria<br><span style=\"color: #237823;\"><strong>Duraci\u00f3n:&nbsp;<\/strong><\/span>6 (seis) Semestres<br><span style=\"color: #237823;\"><strong>Lugar de Desarrollo:<\/strong><\/span>&nbsp;Pamplona, Norte de Santander<br><span style=\"color: #237823;\"><strong>Modalidad:<\/strong><\/span>&nbsp;Presencial<br><span style=\"color: #237823;\"><strong>Tipo de Formaci\u00f3n:<\/strong><\/span>&nbsp;Tecnol\u00f3gica<br><strong><span style=\"color: #237823;\">N\u00famero de Cr\u00e9ditos Acad\u00e9micos:<\/span>&nbsp;<\/strong>105 (ciento cinco)<br><strong><span style=\"color: #237823;\">Costo de Matr\u00edcula:<\/span>&nbsp;<\/strong>1 SMMLV<br><\/span><\/span><\/p>\n<ul style=\"color: #333333; font-family: Arial, Helvetica, sans-serif; font-size: 12px; text-align: justify;\">\n<li><a href=\"https:\/\/www.iser.edu.co\/wp-content\/uploads\/2024\/03\/res_renovacion_agropecuaria.pdf\" target=\"_blank\" rel=\"noopener\">Ver Resoluci\u00f3n 2415 Registro Calificado 2013<\/a><\/li>\n<li><a href=\"https:\/\/www.iser.edu.co\/wp-content\/uploads\/2024\/03\/plan_est_agropecuaria.jpg\" target=\"_blank\" rel=\"noopener\">Ver Plan de Estudios 2013<\/a><\/li>\n<\/ul>\n<p style=\"margin: 0px 0px 20px; color: #333333; font-family: Arial, Helvetica, sans-serif; font-size: 12px; text-align: justify;\"><span style=\"font-family: arial, helvetica, sans-serif;\"><span style=\"font-size: small;\"><span style=\"color: #237823;\"><strong>Perfil Profesional<\/strong><\/span><\/span><\/span><\/p>\n<p>El Tecn\u00f3logo Agropecuario del ISER se forma de manera integral, con amplias competencias t\u00e9cnicas en los subsectores agr\u00edcola y pecuario, de modo que pueda ser un factor de cambio que asesore e implemente estrategias de producci\u00f3n, agrogesti\u00f3n y conservaci\u00f3n de productos agropecuarios en busca de una mayor productividad y generaci\u00f3n de ingresos a las unidades productivas. Est\u00e1 capacitado para:<\/p>\n<ul style=\"color: #333333; font-family: Arial, Helvetica, sans-serif; font-size: 12px; text-align: justify;\">\n<li><span style=\"font-family: arial, helvetica, sans-serif;\"><span style=\"font-size: small;\">Orientar, coordinar y supervisar el conjunto de actividades relacionadas con la producci\u00f3n y distribuci\u00f3n de los productos agropecuarios. &nbsp;<\/span><\/span><\/li>\n<li><span style=\"font-family: arial, helvetica, sans-serif;\"><span style=\"font-size: small;\">Aplicar y evaluar procesos tecnol\u00f3gicos de producci\u00f3n que permitan mejorar los rendimientos agropecuarios. &nbsp;<\/span><\/span><\/li>\n<li><span style=\"font-family: arial, helvetica, sans-serif;\"><span style=\"font-size: small;\">Aplicar soluciones interdisciplinarias en la formulaci\u00f3n y evaluaci\u00f3n de proyectos agropecuarios. &nbsp;<\/span><\/span><\/li>\n<li><span style=\"font-family: arial, helvetica, sans-serif;\"><span style=\"font-size: small;\">Organizar, dirigir y controlar los procesos de producci\u00f3n en las empresas agropecuarias. &nbsp;<\/span><\/span><\/li>\n<li><span style=\"font-family: arial, helvetica, sans-serif;\"><span style=\"font-size: small;\">Supervisar y coordinar las actividades de los trabajadores encargados en las diversas operaciones agropecuarias.<\/span><\/span><\/li>\n<li><span style=\"font-family: arial, helvetica, sans-serif;\"><span style=\"font-size: small;\">Apoyar t\u00e9cnicamente a otros profesionales del sector en las actividades de I+D+i.<\/span><\/span><\/li>\n<li><span style=\"font-family: arial, helvetica, sans-serif;\"><span style=\"font-size: small;\">Coordinar y Supervisar establecimientos que provean servicios agr\u00edcolas y pecuarios.<\/span><\/span><\/li>\n<li><span style=\"font-family: arial, helvetica, sans-serif;\"><span style=\"font-size: small;\">Aplicar las pol\u00edticas socioecon\u00f3micas en el marco institucional y normativo del sector agropecuario del pa\u00eds. &nbsp;<\/span><\/span><\/li>\n<li><span style=\"font-family: arial, helvetica, sans-serif;\"><span style=\"font-size: small;\">Ejecutar planes, programas y proyectos de asistencia t\u00e9cnica agropecuaria, que contribuyan al desarrollo rural y a mejorar los procesos de transferencia y adopci\u00f3n tecnol\u00f3gica.<\/span><\/span><span style=\"font-family: arial, helvetica, sans-serif;\"><span style=\"font-size: small;\">&nbsp;<\/span><\/span><\/li>\n<\/ul>\n<p style=\"margin: 0px 0px 20px; color: #333333; font-family: Arial, Helvetica, sans-serif; font-size: 12px; text-align: justify;\"><span style=\"font-family: arial, helvetica, sans-serif;\"><span style=\"font-size: small;\"><span style=\"color: #237823;\"><strong>Perfil Ocupacional<\/strong><\/span><\/span><\/span><\/p>\n<p>La orientaci\u00f3n y el desarrollo del plan de estudios, le proporcionar\u00e1n al Tecn\u00f3logo Agropecuario los conocimientos te\u00f3rico-pr\u00e1cticos, adem\u00e1s de las habilidades y destrezas necesarias que se requieren para laborar en todas las entidades y unidades agropecuarias privadas y oficiales del orden nacional e internacional, pudi\u00e9ndose desempe\u00f1ar en los siguientes cargos:<\/p>\n<ul style=\"color: #333333; font-family: Arial, Helvetica, sans-serif; font-size: 12px; text-align: justify;\">\n<li><span style=\"font-family: arial, helvetica, sans-serif;\"><span style=\"font-size: small;\">Agricultores y administradores agropecuarios<\/span><\/span><\/li>\n<li><span style=\"font-family: arial, helvetica, sans-serif;\"><span style=\"font-size: small;\">Gerentes de producci\u00f3n agr\u00edcola y pecuaria<\/span><\/span><\/li>\n<li><span style=\"font-family: arial, helvetica, sans-serif;\"><span style=\"font-size: small;\">Supervisores de producci\u00f3n agr\u00edcola<\/span><\/span><\/li>\n<li><span style=\"font-family: arial, helvetica, sans-serif;\"><span style=\"font-size: small;\">Supervisores de producci\u00f3n pecuaria<\/span><\/span><\/li>\n<li><span style=\"font-family: arial, helvetica, sans-serif;\"><span style=\"font-size: small;\">Contratistas de servicio agr\u00edcolas y relacionados<\/span><\/span><\/li>\n<li><span style=\"font-family: arial, helvetica, sans-serif;\"><span style=\"font-size: small;\">Contratistas y supervisores de servicios de jardiner\u00eda y viverismo.<\/span><\/span><\/li>\n<li><span style=\"font-family: arial, helvetica, sans-serif;\"><span style=\"font-size: small;\">Auxiliar t\u00e9cnico en unidades de producci\u00f3n agropecuarias.<\/span><\/span><\/li>\n<li><span style=\"font-family: arial, helvetica, sans-serif;\"><span style=\"font-size: small;\">Auxiliar de campo en unidades de producci\u00f3n agropecuarias.<\/span><\/span><\/li>\n<li><span style=\"font-family: arial, helvetica, sans-serif;\"><span style=\"font-size: small;\">Auxiliar administrativo en unidades de producci\u00f3n agropecuarias.<\/span><\/span><\/li>\n<li><span style=\"font-family: arial, helvetica, sans-serif;\"><span style=\"font-size: small;\">Asesor auxiliar en proyectos agropecuarios.<\/span><\/span><\/li>\n<li><span style=\"font-family: arial, helvetica, sans-serif;\"><span style=\"font-size: small;\">Transferidor de tecnolog\u00edas agropecuarias.<\/span><\/span><\/li>\n<li><span style=\"font-family: arial, helvetica, sans-serif;\"><span style=\"font-size: small;\">Auxiliar o supervisor de calidad.<\/span><\/span><\/li>\n<li><span style=\"font-family: arial, helvetica, sans-serif;\"><span style=\"font-size: small;\">Auxiliar en laboratorios de diagn\u00f3stico agr\u00edcola y pecuario.<\/span><\/span><\/li>\n<li><span style=\"font-family: arial, helvetica, sans-serif;\"><span style=\"font-size: small;\">Promotor de ventas de productos agr\u00edcolas y pecuarios.<\/span><\/span><\/li>\n<li><span style=\"font-family: arial, helvetica, sans-serif;\"><span style=\"font-size: small;\">T\u00e9cnico de las unidades de asistencia t\u00e9cnica.<\/span><\/span><\/li>\n<li><span style=\"font-family: arial, helvetica, sans-serif;\"><span style=\"font-size: small;\">Supervisor de empresas agroindustriales<\/span><\/span><\/li>\n<li><span style=\"font-family: arial, helvetica, sans-serif;\"><span style=\"font-size: small;\">Supervisor de plantas de sacrificio<\/span><\/span><\/li>\n<li><span style=\"font-family: arial, helvetica, sans-serif;\"><span style=\"font-size: small;\">Supervisor de producci\u00f3n.<\/span><\/span><\/li>\n<li><span style=\"font-family: arial, helvetica, sans-serif;\"><span style=\"font-size: small;\">Promotor de saneamiento ambiental<\/span><\/span><\/li>\n<li><span style=\"font-family: arial, helvetica, sans-serif;\"><span style=\"font-size: small;\">Supervisor de procesos productivos.<\/span><\/span><\/li>\n<li><span style=\"font-family: arial, helvetica, sans-serif;\"><span style=\"font-size: small;\">Inspector de salud p\u00fablica.<\/span><\/span><\/li>\n<li><span style=\"font-family: arial, helvetica, sans-serif;\"><span style=\"font-size: small;\">T\u00e9cnico en empresas de producci\u00f3n agropecuaria<\/span><\/span><\/li>\n<\/ul>\n<p style=\"margin: 0px 0px 20px; color: #333333; font-family: Arial, Helvetica, sans-serif; font-size: 12px; text-align: justify;\"><span style=\"font-family: arial, helvetica, sans-serif;\"><span style=\"font-size: small;\"><strong><span style=\"color: #237823;\">Perfil Por Competencias<\/span><\/strong><\/span><\/span><\/p>\n<p>El Tecn\u00f3logo Agropecuario desarrollar\u00e1 las siguientes competencias acad\u00e9micas profesionales espec\u00edficas:<\/p>\n<ul style=\"color: #333333; font-family: Arial, Helvetica, sans-serif; font-size: 12px; text-align: justify;\">\n<li style=\"text-align: justify;\"><span style=\"font-family: arial, helvetica, sans-serif;\"><span style=\"font-size: small;\">Plantear, dise\u00f1ar y ejecutar proyectos empresariales agropecuarios con criterios de asociatividad, competitividad y productividad.<\/span><\/span><\/li>\n<li style=\"text-align: justify;\"><span style=\"font-family: arial, helvetica, sans-serif;\"><span style=\"font-size: small;\">Desarrollar actividades orientadas a la soluci\u00f3n de problemas del sector agropecuario en las \u00e1reas de la producci\u00f3n y gesti\u00f3n, con criterios de desarrollo econ\u00f3mico sostenible y equidad social. &nbsp;<\/span><\/span><\/li>\n<li style=\"text-align: justify;\"><span style=\"font-family: arial, helvetica, sans-serif;\"><span style=\"font-size: small;\">Aplicar m\u00e9todos, t\u00e9cnicas y procedimientos productivos agropecuarios que garanticen eficiencia econ\u00f3mica y calidad de los productos. &nbsp;<\/span><\/span><\/li>\n<li style=\"text-align: justify;\"><span style=\"font-family: arial, helvetica, sans-serif;\"><span style=\"font-size: small;\">Dirigir y controlar operaciones de producci\u00f3n agr\u00edcola y pecuaria.<\/span><\/span><\/li>\n<li style=\"text-align: justify;\"><span style=\"font-family: arial, helvetica, sans-serif;\"><span style=\"font-size: small;\">Garantizar el cumplimiento de las normas de seguridad en la producci\u00f3n agr\u00edcola y pecuaria<\/span><\/span><\/li>\n<li style=\"text-align: justify;\"><span style=\"font-family: arial, helvetica, sans-serif;\"><span style=\"font-size: small;\">Generar informes estad\u00edsticos en base a la producci\u00f3n agropecuaria.<\/span><\/span><\/li>\n<li style=\"text-align: justify;\"><span style=\"font-family: arial, helvetica, sans-serif;\"><span style=\"font-size: small;\">Adaptar y utilizar conocimientos con herramientas de ciencia y tecnolog\u00eda.<\/span><\/span><\/li>\n<li style=\"text-align: justify;\"><span style=\"font-family: arial, helvetica, sans-serif;\"><span style=\"font-size: small;\">Interactuar en entornos administrativos, econ\u00f3micos, productivos, tecnol\u00f3gicos y sociales del sector rural. &nbsp;<\/span><\/span><\/li>\n<li style=\"text-align: justify;\"><span style=\"font-family: arial, helvetica, sans-serif;\"><span style=\"font-size: small;\">Aplicar conceptos y m\u00e9todos agropecuarios propios para el desarrollo de proyectos productivos. &nbsp;<\/span><\/span><\/li>\n<li style=\"text-align: justify;\"><span style=\"font-family: arial, helvetica, sans-serif;\"><span style=\"font-size: small;\">Tener la capacidad de emprender su microempresa agropecuaria como proyecto de vida y como fuente generadora de empleo.<\/span><\/span><\/li>\n<\/ul>\t\t\t\t\t\t<\/div>\n\t\t\t\t<\/div>\n\t\t\t\t\t<\/div>\n\t\t<\/div>\n\t\t\t\t\t<\/div>\n\t\t<\/section>\n\t\t\t\t<section class=\"elementor-section elementor-top-section elementor-element elementor-element-a02a5d7 elementor-section-boxed elementor-section-height-default elementor-section-height-default\" data-id=\"a02a5d7\" data-element_type=\"section\" data-settings=\"{&quot;jet_parallax_layout_list&quot;:[],&quot;_ha_eqh_enable&quot;:false}\">\n\t\t\t\t\t\t<div class=\"elementor-container elementor-column-gap-default\">\n\t\t\t\t\t<div class=\"elementor-column elementor-col-100 elementor-top-column elementor-element elementor-element-772cb20\" data-id=\"772cb20\" data-element_type=\"column\">\n\t\t\t<div class=\"elementor-widget-wrap\">\n\t\t\t\t\t\t\t<\/div>\n\t\t<\/div>\n\t\t\t\t\t<\/div>\n\t\t<\/section>\n\t\t\t\t<\/div>\n\t\t","protected":false},"excerpt":{"rendered":"<p>Tecnolog\u00eda en Producci\u00f3n Agropecuaria Inscripci\u00f3n&nbsp;en L\u00ednea Estudiantes Nuevos C\u00f3digo SNIES:&nbsp;109587 &nbsp; Resoluci\u00f3n 020209 del 23 de octubre de 2020&nbsp;&#8220;Por medio de la cual se resuelve la solicitud de renovaci\u00f3n del registro calificado del programa Tecnolog\u00eda Agropecuaria del Instituto Superior de Educaci\u00f3n Rural-ISER-, a ofrecerse en la metodolog\u00eda presencial en Pamplona-Norte de Santander&#8221; Plan de Estudios&#8230;<\/p>\n<div class=\"pvc_clear\"><\/div>\n<p id=\"pvc_stats_1806\" class=\"pvc_stats all  \" data-element-id=\"1806\" style=\"\"><i class=\"pvc-stats-icon medium\" aria-hidden=\"true\"><svg aria-hidden=\"true\" focusable=\"false\" data-prefix=\"far\" data-icon=\"chart-bar\" role=\"img\" xmlns=\"http:\/\/www.w3.org\/2000\/svg\" viewBox=\"0 0 512 512\" class=\"svg-inline--fa fa-chart-bar fa-w-16 fa-2x\"><path fill=\"currentColor\" d=\"M396.8 352h22.4c6.4 0 12.8-6.4 12.8-12.8V108.8c0-6.4-6.4-12.8-12.8-12.8h-22.4c-6.4 0-12.8 6.4-12.8 12.8v230.4c0 6.4 6.4 12.8 12.8 12.8zm-192 0h22.4c6.4 0 12.8-6.4 12.8-12.8V140.8c0-6.4-6.4-12.8-12.8-12.8h-22.4c-6.4 0-12.8 6.4-12.8 12.8v198.4c0 6.4 6.4 12.8 12.8 12.8zm96 0h22.4c6.4 0 12.8-6.4 12.8-12.8V204.8c0-6.4-6.4-12.8-12.8-12.8h-22.4c-6.4 0-12.8 6.4-12.8 12.8v134.4c0 6.4 6.4 12.8 12.8 12.8zM496 400H48V80c0-8.84-7.16-16-16-16H16C7.16 64 0 71.16 0 80v336c0 17.67 14.33 32 32 32h464c8.84 0 16-7.16 16-16v-16c0-8.84-7.16-16-16-16zm-387.2-48h22.4c6.4 0 12.8-6.4 12.8-12.8v-70.4c0-6.4-6.4-12.8-12.8-12.8h-22.4c-6.4 0-12.8 6.4-12.8 12.8v70.4c0 6.4 6.4 12.8 12.8 12.8z\" class=\"\"><\/path><\/svg><\/i> <img decoding=\"async\" width=\"16\" height=\"16\" alt=\"Loading\" src=\"https:\/\/www.iser.edu.co\/wp-content\/plugins\/page-views-count\/ajax-loader-2x.gif\" border=0 \/><\/p>\n<div class=\"pvc_clear\"><\/div>\n","protected":false},"author":1,"featured_media":0,"parent":0,"menu_order":0,"comment_status":"closed","ping_status":"closed","template":"","meta":{"_kadence_starter_templates_imported_post":false,"_kad_post_transparent":"","_kad_post_title":"hide","_kad_post_layout":"fullwidth","_kad_post_sidebar_id":"","_kad_post_content_style":"unboxed","_kad_post_vertical_padding":"hide","_kad_post_feature":"hide","_kad_post_feature_position":"","_kad_post_header":false,"_kad_post_footer":false,"footnotes":""},"_links":{"self":[{"href":"https:\/\/www.iser.edu.co\/index.php\/wp-json\/wp\/v2\/pages\/1806"}],"collection":[{"href":"https:\/\/www.iser.edu.co\/index.php\/wp-json\/wp\/v2\/pages"}],"about":[{"href":"https:\/\/www.iser.edu.co\/index.php\/wp-json\/wp\/v2\/types\/page"}],"author":[{"embeddable":true,"href":"https:\/\/www.iser.edu.co\/index.php\/wp-json\/wp\/v2\/users\/1"}],"replies":[{"embeddable":true,"href":"https:\/\/www.iser.edu.co\/index.php\/wp-json\/wp\/v2\/comments?post=1806"}],"version-history":[{"count":0,"href":"https:\/\/www.iser.edu.co\/index.php\/wp-json\/wp\/v2\/pages\/1806\/revisions"}],"wp:attachment":[{"href":"https:\/\/www.iser.edu.co\/index.php\/wp-json\/wp\/v2\/media?parent=1806"}],"curies":[{"name":"wp","href":"https:\/\/api.w.org\/{rel}","templated":true}]}}