{"id":1975,"date":"2024-03-02T15:23:07","date_gmt":"2024-03-02T20:23:07","guid":{"rendered":"https:\/\/ww3.iser.edu.co\/?page_id=1975"},"modified":"2024-03-16T23:27:33","modified_gmt":"2024-03-17T04:27:33","slug":"tecnologia-en-gestion-comunitaria","status":"publish","type":"page","link":"https:\/\/www.iser.edu.co\/index.php\/tecnologia-en-gestion-comunitaria\/","title":{"rendered":"Tecnolog\u00eda en Gesti\u00f3n Comunitaria"},"content":{"rendered":"\t\t<div data-elementor-type=\"wp-page\" data-elementor-id=\"1975\" class=\"elementor elementor-1975\" data-elementor-post-type=\"page\">\n\t\t\t\t\t\t<section class=\"elementor-section elementor-top-section elementor-element elementor-element-665fc22 elementor-section-full_width elementor-section-height-default elementor-section-height-default\" data-id=\"665fc22\" data-element_type=\"section\" data-settings=\"{&quot;jet_parallax_layout_list&quot;:[],&quot;background_background&quot;:&quot;classic&quot;,&quot;_ha_eqh_enable&quot;:false}\">\n\t\t\t\t\t\t<div class=\"elementor-container elementor-column-gap-default\">\n\t\t\t\t\t<div class=\"elementor-column elementor-col-100 elementor-top-column elementor-element elementor-element-5a1b266\" data-id=\"5a1b266\" data-element_type=\"column\">\n\t\t\t<div class=\"elementor-widget-wrap elementor-element-populated\">\n\t\t\t\t\t\t<div class=\"elementor-element elementor-element-2f6dbc2 elementor-widget__width-inherit elementor-widget elementor-widget-jet-animated-text\" data-id=\"2f6dbc2\" data-element_type=\"widget\" data-widget_type=\"jet-animated-text.default\">\n\t\t\t\t<div class=\"elementor-widget-container\">\n\t\t\t<div class=\"elementor-jet-animated-text jet-elements\">\n<div class=\"jet-animated-text jet-animated-text--effect-fx2\" data-settings='{\"effect\":\"fx2\",\"delay\":3000}'>\n\t<div class=\"jet-animated-text__before-text\">\n\t<span>Tecnolog\u00eda<\/span>&nbsp;<span>en<\/span>&nbsp;<span><\/span>&nbsp;<\/div>\n\t<div class=\"jet-animated-text__animated-text\">\n<div class=\"jet-animated-text__animated-text-item active visible\" dir=\"ltr\">\n\t<span>G<\/span><span>e<\/span><span>s<\/span><span>t<\/span><span>i<\/span><span>\u00f3<\/span><span>n<\/span><span>&nbsp;<\/span><span>C<\/span><span>o<\/span><span>m<\/span><span>u<\/span><span>n<\/span><span>i<\/span><span>t<\/span><span>a<\/span><span>r<\/span><span>i<\/span><span>a<\/span>&nbsp;<\/div>\n<\/div>\t<div class=\"jet-animated-text__after-text\">\n\t<span>Pamplona<\/span><\/div><\/div><\/div>\t\t<\/div>\n\t\t\t\t<\/div>\n\t\t\t\t\t<\/div>\n\t\t<\/div>\n\t\t\t\t\t<\/div>\n\t\t<\/section>\n\t\t\t\t<section class=\"elementor-section elementor-top-section elementor-element elementor-element-ae072e0 elementor-section-boxed elementor-section-height-default elementor-section-height-default\" data-id=\"ae072e0\" data-element_type=\"section\" data-settings=\"{&quot;jet_parallax_layout_list&quot;:[],&quot;_ha_eqh_enable&quot;:false}\">\n\t\t\t\t\t\t<div class=\"elementor-container elementor-column-gap-default\">\n\t\t\t\t\t<div class=\"elementor-column elementor-col-100 elementor-top-column elementor-element elementor-element-ad1fa69\" data-id=\"ad1fa69\" data-element_type=\"column\">\n\t\t\t<div class=\"elementor-widget-wrap elementor-element-populated\">\n\t\t\t\t\t\t<div class=\"elementor-element elementor-element-5f09e2f elementor-widget elementor-widget-image\" data-id=\"5f09e2f\" data-element_type=\"widget\" data-widget_type=\"image.default\">\n\t\t\t\t<div class=\"elementor-widget-container\">\n\t\t\t\t\t\t\t\t\t\t\t\t\t<img fetchpriority=\"high\" decoding=\"async\" width=\"768\" height=\"320\" src=\"data:image\/gif;base64,R0lGODlhAQABAAAAACH5BAEKAAEALAAAAAABAAEAAAICTAEAOw==\" class=\"attachment-medium_large size-medium_large wp-image-2192 lazyload\" alt=\"\" sizes=\"(max-width: 768px) 100vw, 768px\" data-src=\"https:\/\/www.iser.edu.co\/wp-content\/uploads\/2024\/03\/firma-correo-electronico-coordinadores-04-768x320.webp\" data-srcset=\"https:\/\/www.iser.edu.co\/wp-content\/uploads\/2024\/03\/firma-correo-electronico-coordinadores-04-768x320.webp 768w, https:\/\/www.iser.edu.co\/wp-content\/uploads\/2024\/03\/firma-correo-electronico-coordinadores-04-300x125.webp 300w, https:\/\/www.iser.edu.co\/wp-content\/uploads\/2024\/03\/firma-correo-electronico-coordinadores-04-1024x427.webp 1024w, https:\/\/www.iser.edu.co\/wp-content\/uploads\/2024\/03\/firma-correo-electronico-coordinadores-04-1536x641.webp 1536w, https:\/\/www.iser.edu.co\/wp-content\/uploads\/2024\/03\/firma-correo-electronico-coordinadores-04.webp 1920w\">\t\t\t\t\t\t\t\t\t\t\t\t\t<\/div>\n\t\t\t\t<\/div>\n\t\t\t\t\t<\/div>\n\t\t<\/div>\n\t\t\t\t\t<\/div>\n\t\t<\/section>\n\t\t\t\t<section class=\"elementor-section elementor-top-section elementor-element elementor-element-5436d1c elementor-section-boxed elementor-section-height-default elementor-section-height-default\" data-id=\"5436d1c\" data-element_type=\"section\" data-settings=\"{&quot;jet_parallax_layout_list&quot;:[],&quot;_ha_eqh_enable&quot;:false}\">\n\t\t\t\t\t\t<div class=\"elementor-container elementor-column-gap-default\">\n\t\t\t\t\t<div class=\"elementor-column elementor-col-100 elementor-top-column elementor-element elementor-element-9bdd646\" data-id=\"9bdd646\" data-element_type=\"column\">\n\t\t\t<div class=\"elementor-widget-wrap elementor-element-populated\">\n\t\t\t\t\t\t<div class=\"elementor-element elementor-element-605b53b elementor-widget elementor-widget-heading\" data-id=\"605b53b\" data-element_type=\"widget\" data-widget_type=\"heading.default\">\n\t\t\t\t<div class=\"elementor-widget-container\">\n\t\t\t<h2 class=\"elementor-heading-title elementor-size-default\">Inscripci\u00f3n Estudiantes Nuevos<\/h2>\t\t<\/div>\n\t\t\t\t<\/div>\n\t\t\t\t\t<\/div>\n\t\t<\/div>\n\t\t\t\t\t<\/div>\n\t\t<\/section>\n\t\t\t\t<section class=\"elementor-section elementor-top-section elementor-element elementor-element-2809caa elementor-section-boxed elementor-section-height-default elementor-section-height-default\" data-id=\"2809caa\" data-element_type=\"section\" data-settings=\"{&quot;jet_parallax_layout_list&quot;:[],&quot;_ha_eqh_enable&quot;:false}\">\n\t\t\t\t\t\t<div class=\"elementor-container elementor-column-gap-default\">\n\t\t\t\t\t<div class=\"elementor-column elementor-col-50 elementor-top-column elementor-element elementor-element-0dcca1f\" data-id=\"0dcca1f\" data-element_type=\"column\">\n\t\t\t<div class=\"elementor-widget-wrap elementor-element-populated\">\n\t\t\t\t\t\t<div class=\"elementor-element elementor-element-aaa2f6c elementor-widget elementor-widget-text-editor\" data-id=\"aaa2f6c\" data-element_type=\"widget\" data-widget_type=\"text-editor.default\">\n\t\t\t\t<div class=\"elementor-widget-container\">\n\t\t\t\t\t\t\t<p style=\"margin: 0px 0px 20px; color: #333333; font-family: Arial, Helvetica, sans-serif; font-size: 12px; text-align: left;\"><a style=\"text-align: justify; font-weight: var( --e-global-typography-text-font-weight );\" href=\"https:\/\/www.iser.edu.co\/wp-content\/uploads\/2024\/03\/plan_estudios_comunitaria_2022.pdf\" target=\"_blank\" rel=\"noopener\">Resoluci\u00f3n 003826 del 18 de marzo de 2022<\/a><span style=\"text-align: justify; font-weight: var( --e-global-typography-text-font-weight ); font-family: arial, helvetica, sans-serif;\"><span style=\"font-size: small;\">\u00a0&#8220;Por medio de la cual se resuelve la solicitud de renovaci\u00f3n y modificaci\u00f3n del registro calificado del programa Tecnolog\u00eda en Gesti\u00f3n Comunitaria del Instituto Superior de Educaci\u00f3n Rural-ISER, ofrecido en modalidad presencial en Pamplona (Norte de Santander)&#8221;<\/span><\/span><\/p><p><span style=\"color: #339966;\"><a style=\"color: #339966;\" href=\"https:\/\/www.iser.edu.co\/iser\/hermesoft\/portalIG\/home_1\/recursos\/documentos_generales\/2022\/29042022\/plan_estudios_comunitaria_2022.pdf\">P<\/a><a style=\"color: #339966;\" href=\"https:\/\/www.iser.edu.co\/wp-content\/uploads\/2024\/03\/resolucion_rrc_comunitaria_pna.pdf\" target=\"_blank\" rel=\"noopener\">lan de Estudios 2022<\/a><\/span><\/p><p>\u00a0<span style=\"font-family: arial, helvetica, sans-serif; font-size: small; font-weight: bold; text-align: center; color: #287328;\">C\u00f3digo SNIES:<\/span><span style=\"color: #333333; font-family: arial, helvetica, sans-serif; font-size: small; font-weight: bold; text-align: center;\">\u00a0104838<\/span><\/p><p style=\"margin: 0px 0px 20px; color: #333333; font-family: Arial, Helvetica, sans-serif; font-size: 12px; text-align: justify;\"><span style=\"font-family: arial, helvetica, sans-serif;\"><span style=\"font-size: small;\"><span style=\"color: #237823;\"><strong>Nombre del Programa:<\/strong><\/span>\u00a0Tecnolog\u00eda en Gesti\u00f3n Comunitaria<br \/><span style=\"color: #237823;\"><strong>T\u00edtulo que Otorga:<\/strong><\/span>\u00a0Tecn\u00f3logo(a) en Gesti\u00f3n Comunitaria<br \/><span style=\"color: #237823;\"><strong>Duraci\u00f3n:\u00a0<\/strong><\/span>6 (seis) Semestres<br \/><strong><span style=\"color: #237823;\">Lugar de Desarrollo:<\/span><\/strong>\u00a0Pamplona, Norte de Santander<br \/><strong><span style=\"color: #237823;\">Modalidad:<\/span><\/strong>\u00a0Presencial Pamplona y C\u00facuta<br \/><span style=\"color: #237823;\"><strong>Tipo de Formaci\u00f3n:\u00a0<\/strong><\/span>Tecnol\u00f3gica<br \/><span style=\"color: #237823;\"><strong>N\u00famero de Cr\u00e9ditos Acad\u00e9micos:<\/strong><\/span>\u00a093 (noventa y tres)<br \/><span style=\"color: #237823;\"><strong>Costo de Matr\u00edcula:<\/strong><\/span>\u00a01 SMMLV<\/span><\/span><\/p><ul><li><p><span style=\"color: #339966;\"><a style=\"color: #339966;\" href=\"https:\/\/www.iser.edu.co\/wp-content\/uploads\/2024\/03\/res_renovacion_gest_comunitari.pdf\" target=\"_blank\" rel=\"noopener\">Ver Resoluci\u00f3n 12900 Registro Calificado 2015<\/a><\/span><\/p><\/li><li><p><span style=\"color: #339966;\"><a style=\"color: #339966;\" href=\"https:\/\/www.iser.edu.co\/wp-content\/uploads\/2024\/03\/plan_est_comunitaria-1.jpg\" target=\"_blank\" rel=\"noopener\">Ver Plan de Estudios 2015<\/a><\/span><\/p><\/li><\/ul>\t\t\t\t\t\t<\/div>\n\t\t\t\t<\/div>\n\t\t\t\t\t<\/div>\n\t\t<\/div>\n\t\t\t\t<div class=\"elementor-column elementor-col-50 elementor-top-column elementor-element elementor-element-4fc8a07\" data-id=\"4fc8a07\" data-element_type=\"column\">\n\t\t\t<div class=\"elementor-widget-wrap elementor-element-populated\">\n\t\t\t\t\t\t<div class=\"elementor-element elementor-element-4bf87a5 elementor-widget elementor-widget-text-editor\" data-id=\"4bf87a5\" data-element_type=\"widget\" data-widget_type=\"text-editor.default\">\n\t\t\t\t<div class=\"elementor-widget-container\">\n\t\t\t\t\t\t\t<p><strong style=\"color: #287328; font-size: medium; font-family: arial, helvetica, sans-serif; text-align: justify;\">Perfil Profesional<\/strong><\/p><ul><li style=\"font-family: var(--global-heading-font-family);\"><span style=\"font-family: arial, helvetica, sans-serif;\"><span style=\"font-size: small;\">Gestionar alternativas de soluci\u00f3n a problemas comunitarios.<\/span><\/span><\/li><li style=\"font-family: var(--global-heading-font-family);\"><span style=\"font-family: arial, helvetica, sans-serif;\"><span style=\"font-size: small;\">Poner en marcha proyectos comunitarios que pretendan la resoluci\u00f3n adecuada de los conflictos experimentados por una comunidad.<\/span><\/span><\/li><li style=\"font-family: var(--global-heading-font-family);\"><span style=\"font-family: arial, helvetica, sans-serif;\"><span style=\"font-size: small;\">Gestionar estrategias que faciliten la identificaci\u00f3n, promoci\u00f3n y formaci\u00f3n de l\u00edderes comunitarios.<\/span><\/span><\/li><li style=\"font-family: var(--global-heading-font-family);\"><span style=\"font-family: arial, helvetica, sans-serif;\"><span style=\"font-size: small;\">Suministrar a los l\u00edderes comunitarios elementos para comprender el sentido pol\u00edtico y social de la Gesti\u00f3n Comunitaria y herramientas pr\u00e1cticas para planearla y ejecutarla.<\/span><\/span><\/li><li style=\"font-family: var(--global-heading-font-family);\"><span style=\"font-family: arial, helvetica, sans-serif;\"><span style=\"font-size: small;\">Ejecutar acciones concretas orientadas a la generaci\u00f3n y puesta en marcha de planes, programas y proyectos comunitarios que tengan como prop\u00f3sito el mejoramiento de la calidad de vida de comunidades urbanas y\/o rurales.<\/span><\/span><\/li><\/ul><h6 style=\"margin-bottom: 20px; font-family: Arial, Helvetica, sans-serif; font-size: 12px; color: #333333; text-align: justify;\"><span style=\"font-family: arial, helvetica, sans-serif;\"><span style=\"font-size: medium;\"><span style=\"color: #287328;\">Perfil Ocupacional<\/span><\/span><\/span><\/h6><p style=\"margin-bottom: 20px; font-family: Arial, Helvetica, sans-serif; font-size: 12px; color: #333333; text-align: justify;\"><span style=\"font-family: arial, helvetica, sans-serif;\"><span style=\"font-size: small;\">El Tecn\u00f3logo en Gesti\u00f3n Comunitaria tiene los conocimientos te\u00f3rico-pr\u00e1cticos y las competencias necesarias para desempe\u00f1arse como:<\/span><\/span><\/p><ul><li style=\"font-family: var(--global-heading-font-family);\"><span style=\"font-family: arial, helvetica, sans-serif;\"><span style=\"font-size: small;\">Gestor comunitario en organizaciones civiles y estatales orientadas a promover, cualificar, fortalecer procesos de desarrollo local y regional.<\/span><\/span><\/li><li style=\"font-family: var(--global-heading-font-family);\"><span style=\"font-family: arial, helvetica, sans-serif;\"><span style=\"font-size: small;\">Promotor de procesos socio-educativos orientados a mejorar las estrategias de participaci\u00f3n en las comunidades.<\/span><\/span><\/li><li style=\"font-family: var(--global-heading-font-family);\"><span style=\"font-family: arial, helvetica, sans-serif;\"><span style=\"font-size: small;\">Orientador de programas o proyectos de capacitaci\u00f3n dirigidos a organizaciones comunitarias como las Juntas de Acci\u00f3n Local, las Juntas de Acci\u00f3n Comunal, Los Comit\u00e9s C\u00edvicos, las Juntas de Vivienda, Los Comit\u00e9s de Desarrollo Local, Los Comit\u00e9s Ambientales y Ecol\u00f3gicos, entre otros.<\/span><\/span><\/li><li style=\"font-family: var(--global-heading-font-family);\"><span style=\"font-family: arial, helvetica, sans-serif;\"><span style=\"font-size: small;\">Asistente o supervisor de equipos interdisciplinarios cuyos fines sea formular, ejecutar y\/\u00f3 evaluar planes, programas y\/\u00f3 proyectos sociales o pol\u00edticas p\u00fablicas.<\/span><\/span><\/li><\/ul>\t\t\t\t\t\t<\/div>\n\t\t\t\t<\/div>\n\t\t\t\t\t<\/div>\n\t\t<\/div>\n\t\t\t\t\t<\/div>\n\t\t<\/section>\n\t\t\t\t<\/div>\n\t\t","protected":false},"excerpt":{"rendered":"<p>Tecnolog\u00eda&nbsp;en&nbsp;&nbsp; Gesti\u00f3n&nbsp;Comunitaria&nbsp; Pamplona Inscripci\u00f3n Estudiantes Nuevos Resoluci\u00f3n 003826 del 18 de marzo de 2022\u00a0&#8220;Por medio de la cual se resuelve la solicitud de renovaci\u00f3n y modificaci\u00f3n del registro calificado del programa Tecnolog\u00eda en Gesti\u00f3n Comunitaria del Instituto Superior de Educaci\u00f3n Rural-ISER, ofrecido en modalidad presencial en Pamplona (Norte de Santander)&#8221; Plan de Estudios 2022 \u00a0C\u00f3digo&#8230;<\/p>\n<div class=\"pvc_clear\"><\/div>\n<p id=\"pvc_stats_1975\" class=\"pvc_stats all  \" data-element-id=\"1975\" style=\"\"><i class=\"pvc-stats-icon medium\" aria-hidden=\"true\"><svg aria-hidden=\"true\" focusable=\"false\" data-prefix=\"far\" data-icon=\"chart-bar\" role=\"img\" xmlns=\"http:\/\/www.w3.org\/2000\/svg\" viewBox=\"0 0 512 512\" class=\"svg-inline--fa fa-chart-bar fa-w-16 fa-2x\"><path fill=\"currentColor\" d=\"M396.8 352h22.4c6.4 0 12.8-6.4 12.8-12.8V108.8c0-6.4-6.4-12.8-12.8-12.8h-22.4c-6.4 0-12.8 6.4-12.8 12.8v230.4c0 6.4 6.4 12.8 12.8 12.8zm-192 0h22.4c6.4 0 12.8-6.4 12.8-12.8V140.8c0-6.4-6.4-12.8-12.8-12.8h-22.4c-6.4 0-12.8 6.4-12.8 12.8v198.4c0 6.4 6.4 12.8 12.8 12.8zm96 0h22.4c6.4 0 12.8-6.4 12.8-12.8V204.8c0-6.4-6.4-12.8-12.8-12.8h-22.4c-6.4 0-12.8 6.4-12.8 12.8v134.4c0 6.4 6.4 12.8 12.8 12.8zM496 400H48V80c0-8.84-7.16-16-16-16H16C7.16 64 0 71.16 0 80v336c0 17.67 14.33 32 32 32h464c8.84 0 16-7.16 16-16v-16c0-8.84-7.16-16-16-16zm-387.2-48h22.4c6.4 0 12.8-6.4 12.8-12.8v-70.4c0-6.4-6.4-12.8-12.8-12.8h-22.4c-6.4 0-12.8 6.4-12.8 12.8v70.4c0 6.4 6.4 12.8 12.8 12.8z\" class=\"\"><\/path><\/svg><\/i> <img decoding=\"async\" width=\"16\" height=\"16\" alt=\"Loading\" src=\"https:\/\/www.iser.edu.co\/wp-content\/plugins\/page-views-count\/ajax-loader-2x.gif\" border=0 \/><\/p>\n<div class=\"pvc_clear\"><\/div>\n","protected":false},"author":1,"featured_media":0,"parent":0,"menu_order":0,"comment_status":"closed","ping_status":"closed","template":"","meta":{"_kadence_starter_templates_imported_post":false,"_kad_post_transparent":"","_kad_post_title":"hide","_kad_post_layout":"fullwidth","_kad_post_sidebar_id":"","_kad_post_content_style":"unboxed","_kad_post_vertical_padding":"hide","_kad_post_feature":"hide","_kad_post_feature_position":"","_kad_post_header":false,"_kad_post_footer":false,"footnotes":""},"_links":{"self":[{"href":"https:\/\/www.iser.edu.co\/index.php\/wp-json\/wp\/v2\/pages\/1975"}],"collection":[{"href":"https:\/\/www.iser.edu.co\/index.php\/wp-json\/wp\/v2\/pages"}],"about":[{"href":"https:\/\/www.iser.edu.co\/index.php\/wp-json\/wp\/v2\/types\/page"}],"author":[{"embeddable":true,"href":"https:\/\/www.iser.edu.co\/index.php\/wp-json\/wp\/v2\/users\/1"}],"replies":[{"embeddable":true,"href":"https:\/\/www.iser.edu.co\/index.php\/wp-json\/wp\/v2\/comments?post=1975"}],"version-history":[{"count":0,"href":"https:\/\/www.iser.edu.co\/index.php\/wp-json\/wp\/v2\/pages\/1975\/revisions"}],"wp:attachment":[{"href":"https:\/\/www.iser.edu.co\/index.php\/wp-json\/wp\/v2\/media?parent=1975"}],"curies":[{"name":"wp","href":"https:\/\/api.w.org\/{rel}","templated":true}]}}