{"id":2881,"date":"2024-03-03T21:00:23","date_gmt":"2024-03-04T02:00:23","guid":{"rendered":"https:\/\/ww3.iser.edu.co\/?page_id=2881"},"modified":"2026-01-28T12:02:10","modified_gmt":"2026-01-28T17:02:10","slug":"calendario-academico","status":"publish","type":"page","link":"https:\/\/www.iser.edu.co\/index.php\/calendario-academico\/","title":{"rendered":"Calendario Acad\u00e9mico"},"content":{"rendered":"\t\t<div data-elementor-type=\"wp-page\" data-elementor-id=\"2881\" class=\"elementor elementor-2881\" data-elementor-post-type=\"page\">\n\t\t\t\t\t\t<section class=\"elementor-section elementor-top-section elementor-element elementor-element-38fb131 elementor-section-boxed elementor-section-height-default elementor-section-height-default\" data-id=\"38fb131\" data-element_type=\"section\" data-settings=\"{&quot;jet_parallax_layout_list&quot;:[],&quot;_ha_eqh_enable&quot;:false}\">\n\t\t\t\t\t\t<div class=\"elementor-container elementor-column-gap-default\">\n\t\t\t\t\t<div class=\"elementor-column elementor-col-100 elementor-top-column elementor-element elementor-element-73ff9f9\" data-id=\"73ff9f9\" data-element_type=\"column\">\n\t\t\t<div class=\"elementor-widget-wrap elementor-element-populated\">\n\t\t\t\t\t\t<div class=\"elementor-element elementor-element-07cd050 elementor-widget-divider--view-line elementor-widget elementor-widget-divider\" data-id=\"07cd050\" data-element_type=\"widget\" data-widget_type=\"divider.default\">\n\t\t\t\t<div class=\"elementor-widget-container\">\n\t\t\t\t\t<div class=\"elementor-divider\">\n\t\t\t<span class=\"elementor-divider-separator\">\n\t\t\t\t\t\t<\/span>\n\t\t<\/div>\n\t\t\t\t<\/div>\n\t\t\t\t<\/div>\n\t\t\t\t\t<\/div>\n\t\t<\/div>\n\t\t\t\t\t<\/div>\n\t\t<\/section>\n\t\t\t\t<section class=\"elementor-section elementor-top-section elementor-element elementor-element-a045849 elementor-section-boxed elementor-section-height-default elementor-section-height-default\" data-id=\"a045849\" data-element_type=\"section\" data-settings=\"{&quot;jet_parallax_layout_list&quot;:[],&quot;_ha_eqh_enable&quot;:false}\">\n\t\t\t\t\t\t<div class=\"elementor-container elementor-column-gap-default\">\n\t\t\t\t\t<div class=\"elementor-column elementor-col-100 elementor-top-column elementor-element elementor-element-dc7750f\" data-id=\"dc7750f\" data-element_type=\"column\">\n\t\t\t<div class=\"elementor-widget-wrap elementor-element-populated\">\n\t\t\t\t\t\t<div class=\"elementor-element elementor-element-f45dc79 elementor-widget elementor-widget-heading\" data-id=\"f45dc79\" data-element_type=\"widget\" data-widget_type=\"heading.default\">\n\t\t\t\t<div class=\"elementor-widget-container\">\n\t\t\t<h1 class=\"elementor-heading-title elementor-size-default\">Calendario Acad\u00e9mico<\/h1>\t\t<\/div>\n\t\t\t\t<\/div>\n\t\t\t\t\t<\/div>\n\t\t<\/div>\n\t\t\t\t\t<\/div>\n\t\t<\/section>\n\t\t\t\t<section class=\"elementor-section elementor-top-section elementor-element elementor-element-e073ca0 elementor-section-boxed elementor-section-height-default elementor-section-height-default\" data-id=\"e073ca0\" data-element_type=\"section\" data-settings=\"{&quot;jet_parallax_layout_list&quot;:[],&quot;_ha_eqh_enable&quot;:false}\">\n\t\t\t\t\t\t<div class=\"elementor-container elementor-column-gap-default\">\n\t\t\t\t\t<div class=\"elementor-column elementor-col-100 elementor-top-column elementor-element elementor-element-ff70742\" data-id=\"ff70742\" data-element_type=\"column\">\n\t\t\t<div class=\"elementor-widget-wrap\">\n\t\t\t\t\t\t\t<\/div>\n\t\t<\/div>\n\t\t\t\t\t<\/div>\n\t\t<\/section>\n\t\t\t\t<section class=\"elementor-section elementor-top-section elementor-element elementor-element-3c540a3 elementor-section-boxed elementor-section-height-default elementor-section-height-default\" data-id=\"3c540a3\" data-element_type=\"section\" data-settings=\"{&quot;jet_parallax_layout_list&quot;:[],&quot;_ha_eqh_enable&quot;:false}\">\n\t\t\t\t\t\t<div class=\"elementor-container elementor-column-gap-default\">\n\t\t\t\t\t<div class=\"elementor-column elementor-col-100 elementor-top-column elementor-element elementor-element-81f189e\" data-id=\"81f189e\" data-element_type=\"column\">\n\t\t\t<div class=\"elementor-widget-wrap elementor-element-populated\">\n\t\t\t\t\t\t<div class=\"elementor-element elementor-element-841ab8f ha-arrow-sync-yes elementor-widget elementor-widget-ha-advanced-slider happy-addon ha-advanced-slider happy-addon-pro\" data-id=\"841ab8f\" data-element_type=\"widget\" data-settings=\"{&quot;effect&quot;:&quot;flip&quot;,&quot;pagination_type&quot;:&quot;dots&quot;,&quot;slider_type&quot;:&quot;single&quot;,&quot;slider_direction&quot;:&quot;horizontal&quot;,&quot;effect_speed&quot;:500,&quot;space_between_slides&quot;:0,&quot;slider_content_animation&quot;:&quot;ha_fadeInUp&quot;,&quot;arrow_navigation&quot;:&quot;yes&quot;,&quot;scroll_bar&quot;:&quot;no&quot;,&quot;thumbs_navigation&quot;:&quot;no&quot;,&quot;infinity_loop&quot;:true,&quot;autoplay&quot;:&quot;yes&quot;,&quot;autoplay_speed&quot;:5000}\" data-widget_type=\"ha-advanced-slider.default\">\n\t\t\t\t<div class=\"elementor-widget-container\">\n\t\t\t        <div class=\"ha-slider-widget-wrapper ha-unique-widget-id-841ab8f ha-slider-direction-horizontal\">\n            <div class=\"swiper-container gallery-top ha-slider-container\">\n                <div class=\"swiper-wrapper ha-slider-wrapper\">\n                                                <div class=\"swiper-slide ha-slider-slide elementor-repeater-item-c3332f6\">\n                                                                    <div class=\"ha-slider-content-wrapper elementor-repeater-item-c3332f6\">\n                                        <div class=\"ha-slider-content elementor-repeater-item-c3332f6 ha_fadeInUp\">\n                                            \n                                                                                                                                                                                                                        <\/div>\n                                    <\/div>\n                                                            <\/div>\n                                    <\/div>\n                                    <div class=\"swiper-pagination ha-slider-pagination\"><\/div>\n                                            <\/div>\n\n                            <div class=\"ha-slider-prev\"><i aria-hidden=\"true\" class=\"hm hm-play-previous\"><\/i><\/div>\n                <div class=\"ha-slider-next\"><i aria-hidden=\"true\" class=\"hm hm-play-next\"><\/i><\/div>\n            \n\n                    <\/div>\n\n\t\t<\/div>\n\t\t\t\t<\/div>\n\t\t\t\t<div class=\"elementor-element elementor-element-a266ac8 elementor-widget-divider--view-line elementor-widget elementor-widget-divider\" data-id=\"a266ac8\" data-element_type=\"widget\" data-widget_type=\"divider.default\">\n\t\t\t\t<div class=\"elementor-widget-container\">\n\t\t\t\t\t<div class=\"elementor-divider\">\n\t\t\t<span class=\"elementor-divider-separator\">\n\t\t\t\t\t\t<\/span>\n\t\t<\/div>\n\t\t\t\t<\/div>\n\t\t\t\t<\/div>\n\t\t\t\t\t<\/div>\n\t\t<\/div>\n\t\t\t\t\t<\/div>\n\t\t<\/section>\n\t\t\t\t<section class=\"elementor-section elementor-top-section elementor-element elementor-element-0f91809 elementor-section-boxed elementor-section-height-default elementor-section-height-default\" data-id=\"0f91809\" data-element_type=\"section\" data-settings=\"{&quot;jet_parallax_layout_list&quot;:[],&quot;_ha_eqh_enable&quot;:false}\">\n\t\t\t\t\t\t<div class=\"elementor-container elementor-column-gap-default\">\n\t\t\t\t\t<div class=\"elementor-column elementor-col-100 elementor-top-column elementor-element elementor-element-330bcbb\" data-id=\"330bcbb\" data-element_type=\"column\">\n\t\t\t<div class=\"elementor-widget-wrap elementor-element-populated\">\n\t\t\t\t\t\t<div class=\"elementor-element elementor-element-0c09957 elementor-widget elementor-widget-heading\" data-id=\"0c09957\" data-element_type=\"widget\" data-widget_type=\"heading.default\">\n\t\t\t\t<div class=\"elementor-widget-container\">\n\t\t\t<h2 class=\"elementor-heading-title elementor-size-default\">Informaci\u00f3n detallada por semestre<\/h2>\t\t<\/div>\n\t\t\t\t<\/div>\n\t\t\t\t\t<\/div>\n\t\t<\/div>\n\t\t\t\t\t<\/div>\n\t\t<\/section>\n\t\t\t\t<section class=\"elementor-section elementor-top-section elementor-element elementor-element-7b435fb elementor-section-boxed elementor-section-height-default elementor-section-height-default\" data-id=\"7b435fb\" data-element_type=\"section\" data-settings=\"{&quot;jet_parallax_layout_list&quot;:[],&quot;_ha_eqh_enable&quot;:false}\">\n\t\t\t\t\t\t<div class=\"elementor-container elementor-column-gap-default\">\n\t\t\t\t\t<div class=\"elementor-column elementor-col-100 elementor-top-column elementor-element elementor-element-ec48b8f\" data-id=\"ec48b8f\" data-element_type=\"column\">\n\t\t\t<div class=\"elementor-widget-wrap elementor-element-populated\">\n\t\t\t\t\t\t<div class=\"elementor-element elementor-element-f767fb0 elementor-widget elementor-widget-toggle\" data-id=\"f767fb0\" data-element_type=\"widget\" data-widget_type=\"toggle.default\">\n\t\t\t\t<div class=\"elementor-widget-container\">\n\t\t\t\t\t<div class=\"elementor-toggle\">\n\t\t\t\t\t\t\t<div class=\"elementor-toggle-item\">\n\t\t\t\t\t<div id=\"elementor-tab-title-2591\" class=\"elementor-tab-title\" data-tab=\"1\" role=\"button\" aria-controls=\"elementor-tab-content-2591\" aria-expanded=\"false\">\n\t\t\t\t\t\t\t\t\t\t\t\t<span class=\"elementor-toggle-icon elementor-toggle-icon-left\" aria-hidden=\"true\">\n\t\t\t\t\t\t\t\t\t\t\t\t\t\t\t<span class=\"elementor-toggle-icon-closed\"><i class=\"fas fa-angle-double-down\"><\/i><\/span>\n\t\t\t\t\t\t\t\t<span class=\"elementor-toggle-icon-opened\"><i class=\"elementor-toggle-icon-opened fas fa-angle-double-up\"><\/i><\/span>\n\t\t\t\t\t\t\t\t\t\t\t\t\t<\/span>\n\t\t\t\t\t\t\t\t\t\t\t\t<a class=\"elementor-toggle-title\" tabindex=\"0\"> <center> Primer Semestre Acad\u00e9mico 2026 <\/center><\/a>\n\t\t\t\t\t<\/div>\n\n\t\t\t\t\t<div id=\"elementor-tab-content-2591\" class=\"elementor-tab-content elementor-clearfix\" data-tab=\"1\" role=\"region\" aria-labelledby=\"elementor-tab-title-2591\"><ul><li><a href=\"https:\/\/www.iser.edu.co\/wp-content\/uploads\/2025\/10\/ACUERDO-NUMERO-043-DE-2025.pdf\"><strong>Acuerdo 043 del 02 de octubre de 2025<\/strong><\/a> &#8220;Por el cual se aprueba el Calendario Acad\u00e9mico para el Primer semestre del a\u00f1o 2026, para los programas acad\u00e9micos en las modalidades presencial y a distancia ofertados por el Instituto Superior de Educaci\u00f3n Rural \u2013 ISER&#8221;<\/li><li><strong><a href=\"https:\/\/www.iser.edu.co\/wp-content\/uploads\/2026\/01\/ACUERDO-NUMERO-057-DE-2025-1.pdf\">Acuerdo 057 del 16 de diciembre de 2025<\/a><\/strong> &#8220;<span data-olk-copy-source=\"MessageBody\">Por el cual se modifica el art\u00edculo primero del acuerdo 043 del 2 de octubre de 2025 en el cual se aprob\u00f3 el calendario acad\u00e9mico para el primer semestre del a\u00f1o 2026, para los programas acad\u00e9micos en las modalidades presencial y a distancia ofertados por el Instituto Superior de Educaci\u00f3n Rural- ISER<\/span>&#8220;<\/li><li>\u00a0<\/li><\/ul><\/div>\n\t\t\t\t<\/div>\n\t\t\t\t\t\t\t<div class=\"elementor-toggle-item\">\n\t\t\t\t\t<div id=\"elementor-tab-title-2592\" class=\"elementor-tab-title\" data-tab=\"2\" role=\"button\" aria-controls=\"elementor-tab-content-2592\" aria-expanded=\"false\">\n\t\t\t\t\t\t\t\t\t\t\t\t<span class=\"elementor-toggle-icon elementor-toggle-icon-left\" aria-hidden=\"true\">\n\t\t\t\t\t\t\t\t\t\t\t\t\t\t\t<span class=\"elementor-toggle-icon-closed\"><i class=\"fas fa-angle-double-down\"><\/i><\/span>\n\t\t\t\t\t\t\t\t<span class=\"elementor-toggle-icon-opened\"><i class=\"elementor-toggle-icon-opened fas fa-angle-double-up\"><\/i><\/span>\n\t\t\t\t\t\t\t\t\t\t\t\t\t<\/span>\n\t\t\t\t\t\t\t\t\t\t\t\t<a class=\"elementor-toggle-title\" tabindex=\"0\"> <center> Segundo Semestre Acad\u00e9mico 2025 <\/center><\/a>\n\t\t\t\t\t<\/div>\n\n\t\t\t\t\t<div id=\"elementor-tab-content-2592\" class=\"elementor-tab-content elementor-clearfix\" data-tab=\"2\" role=\"region\" aria-labelledby=\"elementor-tab-title-2592\"><ul><li><strong><a href=\"https:\/\/www.iser.edu.co\/wp-content\/uploads\/2025\/05\/Acuerdo-numero-020-de-2025-1.pdf\"><span data-olk-copy-source=\"MessageBody\">Acuerdo 020 del 29 de abril de 2025<\/span><\/a><\/strong> \u201cPor el cual se aprueba el calendario acad\u00e9mico para el segundo semestre del a\u00f1o 2025, para los programas acad\u00e9micos modalidad\u00a0presencial y a distancia\u00a0ofertados en los centros tutoriales y lugares de desarrollo, del\u00a0Instituto Superior de Educaci\u00f3n Rural- ISER\u201d<\/li><li><strong><a href=\"https:\/\/www.iser.edu.co\/wp-content\/uploads\/2025\/07\/ACUERDO-NUMERO-024-DE-2025.pdf\"><span data-olk-copy-source=\"MessageBody\">Acuerdo n\u00famero 024 del 16 de julio de 2025,<\/span><\/a><\/strong> &#8220;Por el cual se modifica el art\u00edculo primero del acuerdo 020 del 2025, en e l cual se aprob\u00f3 el calendario acad\u00e9mico para el segundo semestre del a\u00f1o 2025, para los programas acad\u00e9micos modalidad\u00a0presencial y a distancia\u00a0ofertados en los centros tutoriales y lugares de desarrollo del\u00a0Instituto Superior de Educaci\u00f3n Rural- ISER\u201d<\/li><\/ul><\/div>\n\t\t\t\t<\/div>\n\t\t\t\t\t\t\t<div class=\"elementor-toggle-item\">\n\t\t\t\t\t<div id=\"elementor-tab-title-2593\" class=\"elementor-tab-title\" data-tab=\"3\" role=\"button\" aria-controls=\"elementor-tab-content-2593\" aria-expanded=\"false\">\n\t\t\t\t\t\t\t\t\t\t\t\t<span class=\"elementor-toggle-icon elementor-toggle-icon-left\" aria-hidden=\"true\">\n\t\t\t\t\t\t\t\t\t\t\t\t\t\t\t<span class=\"elementor-toggle-icon-closed\"><i class=\"fas fa-angle-double-down\"><\/i><\/span>\n\t\t\t\t\t\t\t\t<span class=\"elementor-toggle-icon-opened\"><i class=\"elementor-toggle-icon-opened fas fa-angle-double-up\"><\/i><\/span>\n\t\t\t\t\t\t\t\t\t\t\t\t\t<\/span>\n\t\t\t\t\t\t\t\t\t\t\t\t<a class=\"elementor-toggle-title\" tabindex=\"0\"> <center> Primer Semestre Acad\u00e9mico 2025 <\/center><\/a>\n\t\t\t\t\t<\/div>\n\n\t\t\t\t\t<div id=\"elementor-tab-content-2593\" class=\"elementor-tab-content elementor-clearfix\" data-tab=\"3\" role=\"region\" aria-labelledby=\"elementor-tab-title-2593\"><ul><li><a href=\"https:\/\/www.iser.edu.co\/wp-content\/uploads\/2024\/09\/34_ACUERDO-NUMERO-034-DE-2024.pdf\"><strong>Acuerdo 034 del 23 de septiembre de 2024<\/strong><\/a> &#8220;Por el cual se aprueba el calendario acad\u00e9mico para el primer semestre del a\u00f1o 2025, para los programas acad\u00e9micos modalidad presencial del Instituto Superior de Educaci\u00f3n Rural -ISER&#8221;<\/li><li><a href=\"https:\/\/www.iser.edu.co\/wp-content\/uploads\/2024\/12\/35_ACUERDO_035_2024_CA.pdf\"><strong>Acuerdo 035 del 23 de septiembre de 2024<\/strong><\/a> &#8220;Por el cual se aprueba el calendario acad\u00e9mico para el primer semestre del a\u00f1o 2025, para los programas acad\u00e9micos modalidad a distancia del Instituto Superior de Educaci\u00f3n Rural -ISER&#8221;<\/li><li><a href=\"https:\/\/www.iser.edu.co\/wp-content\/uploads\/2025\/01\/Acuerdo-002-del-27-ene-2025.pdf\"><strong>Acuerdo 002 del 27 de enero de 2025<\/strong><\/a> &#8220;Por el cual se modifica el art\u00edculo primero del acuerdo 035 de 2024, Calendario acad\u00e9mico para el primer semestre del a\u00f1o 2025, para los programas acad\u00e9micos modalidad a distancia del Instituto Superior de Educaci\u00f3n Rural- ISER&#8221;<\/li><li><a href=\"https:\/\/www.iser.edu.co\/wp-content\/uploads\/2025\/01\/Acuerdo-003-del-27-ene-2025.pdf\"><strong>Acuerdo 003 del 27 de enero de 2025<\/strong><\/a> &#8220;Por el cual se modifica el art\u00edculo primero del acuerdo 034 de 2024, Calendario acad\u00e9mico para el primer semestre del a\u00f1o 2025, para los programas acad\u00e9micos modalidad presencial del Instituto Superior de Educaci\u00f3n Rural- ISER&#8221;<\/li><li><a href=\"https:\/\/www.iser.edu.co\/wp-content\/uploads\/2025\/02\/Acuerdo-006-del-19-de-febrero-2025.pdf\"><strong>Acuerdo 006 del 19 de febrero de 2025<\/strong><\/a> &#8220;Por el cual se unifica el calendario acad\u00e9mico para el primer semestre del a\u00f1o 2025, para los programas acad\u00e9micos modalidad presencial y a distancia ofertados en los centros tutoriales y lugar de desarrollo del Instituto Superior de Educaci\u00f3n Rural- ISER&#8221;<\/li><li><a href=\"https:\/\/www.iser.edu.co\/wp-content\/uploads\/2025\/03\/Acuerdo-015-del-13-de-marz-de-2025-1.pdf\"><strong>Acuerdo 015 del 13 de marzo de 2025<\/strong><\/a> &#8220;<i>Por el cual se aprueba\u00a0<\/i>el calendario acad\u00e9mico para el primer periodo acad\u00e9mico del a\u00f1o 2025, para los programas acad\u00e9micos modalidad a distancia de\u00a0<b>Tecnolog\u00eda en Gesti\u00f3n Comunitaria<\/b>\u00a0en el lugar de desarrollo de Pamplona, C\u00facuta, y centros tutoriales de Oca\u00f1a, Tib\u00fa, Toledo, El Tarra, Sardinata y Salazar departamento de Norte de Santander, y en departamento de Bol\u00edvar en los municipios de San Pablo y Santa Rosa del Sur, programa acad\u00e9mico de\u00a0<b>Tecnolog\u00eda en Gesti\u00f3n de Mercadeo<\/b>\u00a0en el lugar de desarrollo Pamplona y en los Centros Tutoriales Sardinata, y Toledo en el departamento de Norte de Santander, en el departamento de Arauca en los municipios de Arauca y Tame, en el departamento de Magdalena, municipio de Fundaci\u00f3n, y Pueblo Bello departamento de Cesar, y del programa acad\u00e9mico de\u00a0<b><i>Tecnolog\u00eda en Gesti\u00f3n Empresarial<\/i><\/b><i>\u00a0en los Centros Tutoriales de San Vicente de Chucur\u00ed Cimitarra, departamento de Santander y departamento de Arauca, municipio de Saravena\u201d<\/i><\/li><\/ul><\/div>\n\t\t\t\t<\/div>\n\t\t\t\t\t\t\t<div class=\"elementor-toggle-item\">\n\t\t\t\t\t<div id=\"elementor-tab-title-2594\" class=\"elementor-tab-title\" data-tab=\"4\" role=\"button\" aria-controls=\"elementor-tab-content-2594\" aria-expanded=\"false\">\n\t\t\t\t\t\t\t\t\t\t\t\t<span class=\"elementor-toggle-icon elementor-toggle-icon-left\" aria-hidden=\"true\">\n\t\t\t\t\t\t\t\t\t\t\t\t\t\t\t<span class=\"elementor-toggle-icon-closed\"><i class=\"fas fa-angle-double-down\"><\/i><\/span>\n\t\t\t\t\t\t\t\t<span class=\"elementor-toggle-icon-opened\"><i class=\"elementor-toggle-icon-opened fas fa-angle-double-up\"><\/i><\/span>\n\t\t\t\t\t\t\t\t\t\t\t\t\t<\/span>\n\t\t\t\t\t\t\t\t\t\t\t\t<a class=\"elementor-toggle-title\" tabindex=\"0\"> <center>  Segundo Semestre Acad\u00e9mico 2024  <\/center><\/a>\n\t\t\t\t\t<\/div>\n\n\t\t\t\t\t<div id=\"elementor-tab-content-2594\" class=\"elementor-tab-content elementor-clearfix\" data-tab=\"4\" role=\"region\" aria-labelledby=\"elementor-tab-title-2594\"><ul><li style=\"text-align: justify;\"><strong><a href=\"https:\/\/www.iser.edu.co\/wp-content\/uploads\/2024\/05\/Acuerdo-013-de-2024_0001-1.pdf\">Acuerdo 013 del 23 de abril de 2024<\/a><\/strong> \u201cPor el cual se aprueba el Calendario Acad\u00e9mico para el Segundo Semestre del a\u00f1o 2024, para los programas acad\u00e9micos modalidad presencial de la ciudad de Pamplona y C\u00facuta\u201d<\/li><li style=\"text-align: justify;\"><a href=\"https:\/\/www.iser.edu.co\/wp-content\/uploads\/2024\/05\/acuerdo-016-del-14-may-2024.pdf\"><strong>Acuerdo 016 del 14 de mayo de 2024<\/strong><\/a>\u00a0&#8220;Por la cual se aprueba el calendario acad\u00e9mico para el segundo semestre del a\u00f1o 2024, para los programas acad\u00e9micos modalidad a distancia del Instituto Superior de Educaci\u00f3n Rural \u2013 ISER de Pamplona\u201d<\/li><li style=\"text-align: justify;\"><a href=\"https:\/\/www.iser.edu.co\/wp-content\/uploads\/2024\/07\/Acuerdo-018-del-25-de-julio-de-2024-modificacion-de-calendario-presencial-2024-2.pdf\"><strong>Acuerdo 018 del 25 de julio de 2024<\/strong><\/a> &#8220;Por el cual se aprueba la modificaci\u00f3n del art\u00edculo primero del acuerdo 013 del 23 de abril de 2024 del calendario acad\u00e9mico para el segundo semestre del a\u00f1o 2024, para los programas acad\u00e9micos modalidad presencial del Instituto Superior de Educaci\u00f3n Rural- ISER\u201d<\/li><li style=\"text-align: justify;\"><a href=\"https:\/\/www.iser.edu.co\/wp-content\/uploads\/2024\/07\/ACUERDO-019-DE-25-DE-JULIO-DE-2024-MODIFICACION-CALENDARIO-DISTANCIA-2024-2.pdf\"><strong>Acuerdo 019 del 25 de julio de 2024<\/strong><\/a> &#8220;Por el cual se aprueba la modificaci\u00f3n del art\u00edculo primero del acuerdo 016 del 14 de mayo de 2024 del calendario acad\u00e9mico para el segundo semestre del a\u00f1o 2024, para los programas acad\u00e9micos modalidad a distancia del Instituto Superior de Educaci\u00f3n Rural- ISER\u201d<\/li><li><a href=\"https:\/\/www.iser.edu.co\/wp-content\/uploads\/2024\/08\/ACUERDO-020-DEL-5-DE-AGOSTO-DE-2024.pdf\"><span style=\"color: #1b9e88;\"><strong>Acuerdo 020 del 05 de agosto de 2024<\/strong><\/span><\/a> &#8220;Por el cual se aprueba la modificaci\u00f3n del art\u00edculo primero del acuerdo 019 del 25 de julio de 2024 del calendario acad\u00e9mico para el segundo semestre del a\u00f1o 2024, para los programas acad\u00e9micos modalidad a distancia del Instituto Superior de Educaci\u00f3n Rural ISER&#8221;<\/li><li><a href=\"https:\/\/www.iser.edu.co\/wp-content\/uploads\/2024\/08\/ACUERDO-021-DEL-5-DE-AGOSTO-DE-2024.pdf\"><span style=\"color: #1b9e88;\"><strong>Acuerdo 021 del 05 de agosto de 2024<\/strong><\/span><\/a> &#8220;Por el cual se aprueba la modificaci\u00f3n del art\u00edculo primero del acuerdo 018 del 25 de julio de 2024 del calendario acad\u00e9mico para el segundo semestre del a\u00f1o 2024, para los programas acad\u00e9micos modalidad presencial del Instituto Superior de Educaci\u00f3n Rural ISER&#8221;<\/li><li><a href=\"https:\/\/www.iser.edu.co\/wp-content\/uploads\/2024\/08\/ACUERDO-NUMERO-022-DE-2024.pdf\"><strong>Acuerdo 022 del 13 de agosto de 2024<\/strong><\/a> &#8220;Por el cual se aprueba la modificaci\u00f3n del art\u00edculo primero del acuerdo 020 del 5 de agosto de 2024 del calendario acad\u00e9mico para el segundo semestre del a\u00f1o 2024, para los programas acad\u00e9micos modalidad a distancia del Instituto Superior de Educaci\u00f3n Rural &#8211; ISER\u201d<\/li><li><a href=\"https:\/\/www.iser.edu.co\/wp-content\/uploads\/2024\/08\/ACUERDO-023-DEL-13-DE-AGOSTO-DE-2024.pdf\"><strong>Acuerdo 023 del 13 de agosto de 2024<\/strong><\/a> &#8220;Por el cual se aprueba la modificaci\u00f3n del art\u00edculo primero del acuerdo 021 del 05 de agosto de 2024 del calendario acad\u00e9mico para el segundo semestre del a\u00f1o 2024, para los programas acad\u00e9micos modalidad presencial del Instituto Superior de Educaci\u00f3n Rural &#8211; ISER&#8221;<\/li><li><a href=\"https:\/\/www.iser.edu.co\/wp-content\/uploads\/2024\/08\/ACUERDO-NUMERO-027-DE-2024.pdf\"><strong>Acuerdo 027 del 22 de agosto de 2024<\/strong><\/a> &#8220;Por el cual se aprueba la modificaci\u00f3n del art\u00edculo primero del Acuerdo 022 del 13 de agosto de 2024 del Calendario Acad\u00e9mico para el segundo semestre del a\u00f1o 2024, para los programas acad\u00e9micos modalidad a distancia del Instituto Superior de Educaci\u00f3n Rural- ISER&#8221;\u00a0<\/li><li><a href=\"https:\/\/www.iser.edu.co\/wp-content\/uploads\/2024\/08\/ACUERDO-NUMERO-028-DE-2024.pdf\"><strong>Acuerdo 028 del 22 de agosto de 2024<\/strong><\/a> &#8220;Por el cual se aprueba la modificaci\u00f3n del art\u00edculo primero del Acuerdo 023 del 13 de agosto de 2024 del Calendario Acad\u00e9mico para el segundo semestre del a\u00f1o 2024, para los programas acad\u00e9micos modalidad presencial del Instituto Superior de Educaci\u00f3n Rural- ISER&#8221;<\/li><li><a href=\"https:\/\/www.iser.edu.co\/wp-content\/uploads\/2024\/09\/33_ACUERDO-NUMERO-033-DE-2024.pdf\"><strong>Acuerdo 033 del 23 de septiembre de 2024<\/strong><\/a> &#8220;Por el cual se aprueba la modificaci\u00f3n del art\u00edculo primero del acuerdo 028 del 22 de agosto de 2024 del calendario acad\u00e9mico para el segundo semestre del a\u00f1o 2024, para los programas acad\u00e9micos modalidad presencial del Instituto Superior de Educaci\u00f3n Rural -ISER&#8221;\u00a0<\/li><li><a href=\"https:\/\/www.iser.edu.co\/wp-content\/uploads\/2024\/09\/39_ACUERDO-NUMERO-039-DE-2024.pdf\"><strong>Acuerdo 039 del 23 de septiembre de 2024<\/strong><\/a> &#8220;Por el cual se aprueba el calendario acad\u00e9mico del segundo periodo 2024, para el programa T\u00e9cnica Profesional en Procesos de Seguridad y Salud en el Trabajo, modalidad presencial del Instituto Superior de Educaci\u00f3n Rural -ISER&#8221;<\/li><\/ul><\/div>\n\t\t\t\t<\/div>\n\t\t\t\t\t\t\t<div class=\"elementor-toggle-item\">\n\t\t\t\t\t<div id=\"elementor-tab-title-2595\" class=\"elementor-tab-title\" data-tab=\"5\" role=\"button\" aria-controls=\"elementor-tab-content-2595\" aria-expanded=\"false\">\n\t\t\t\t\t\t\t\t\t\t\t\t<span class=\"elementor-toggle-icon elementor-toggle-icon-left\" aria-hidden=\"true\">\n\t\t\t\t\t\t\t\t\t\t\t\t\t\t\t<span class=\"elementor-toggle-icon-closed\"><i class=\"fas fa-angle-double-down\"><\/i><\/span>\n\t\t\t\t\t\t\t\t<span class=\"elementor-toggle-icon-opened\"><i class=\"elementor-toggle-icon-opened fas fa-angle-double-up\"><\/i><\/span>\n\t\t\t\t\t\t\t\t\t\t\t\t\t<\/span>\n\t\t\t\t\t\t\t\t\t\t\t\t<a class=\"elementor-toggle-title\" tabindex=\"0\"><center> Primer Semestre Acad\u00e9mico 2024 <\/center><\/a>\n\t\t\t\t\t<\/div>\n\n\t\t\t\t\t<div id=\"elementor-tab-content-2595\" class=\"elementor-tab-content elementor-clearfix\" data-tab=\"5\" role=\"region\" aria-labelledby=\"elementor-tab-title-2595\"><ul><li style=\"text-align: justify;\"><strong><a href=\"https:\/\/www.iser.edu.co\/wp-content\/uploads\/2024\/05\/0062024.pdf\">Acuerdo 006 del 22 de febrero de 2024.<\/a><\/strong><a href=\"https:\/\/www.iser.edu.co\/wp-content\/uploads\/2024\/05\/Acuerdo-013-de-2024_0001-1.pdf\">\u00a0<\/a>&#8220;&#8216;Por el cual se aprueba la modificaci\u00f3n del art\u00edculo primero del acuerdo 005 del 14 de febrero de 2024 del calendario acad\u00e9mico para el primer semestre del a\u00f1o 2024, para los programas acad\u00e9micos modalidad presencial y a distancia del Instituto Superior de Educaci\u00f3n Rural- SER&#8221;<\/li><\/ul><\/div>\n\t\t\t\t<\/div>\n\t\t\t\t\t\t\t<div class=\"elementor-toggle-item\">\n\t\t\t\t\t<div id=\"elementor-tab-title-2596\" class=\"elementor-tab-title\" data-tab=\"6\" role=\"button\" aria-controls=\"elementor-tab-content-2596\" aria-expanded=\"false\">\n\t\t\t\t\t\t\t\t\t\t\t\t<span class=\"elementor-toggle-icon elementor-toggle-icon-left\" aria-hidden=\"true\">\n\t\t\t\t\t\t\t\t\t\t\t\t\t\t\t<span class=\"elementor-toggle-icon-closed\"><i class=\"fas fa-angle-double-down\"><\/i><\/span>\n\t\t\t\t\t\t\t\t<span class=\"elementor-toggle-icon-opened\"><i class=\"elementor-toggle-icon-opened fas fa-angle-double-up\"><\/i><\/span>\n\t\t\t\t\t\t\t\t\t\t\t\t\t<\/span>\n\t\t\t\t\t\t\t\t\t\t\t\t<a class=\"elementor-toggle-title\" tabindex=\"0\"><center> Segundo Semestre Acad\u00e9mico 2023 <\/center><\/a>\n\t\t\t\t\t<\/div>\n\n\t\t\t\t\t<div id=\"elementor-tab-content-2596\" class=\"elementor-tab-content elementor-clearfix\" data-tab=\"6\" role=\"region\" aria-labelledby=\"elementor-tab-title-2596\"><ul><li style=\"text-align: justify;\"><a href=\"https:\/\/www.iser.edu.co\/wp-content\/uploads\/2024\/05\/0342023.pdf\"><strong>Acuerdo 049 del 10 de octubre de 2023.<\/strong><\/a> \u201cPor el cual se modifica el art\u00edculo primero del acuerdo 044 de 29 de agosto de 2023 del calendario acad\u00e9mico para el segundo semestre del a\u00f1o 2023, para los programas<br \/>acad\u00e9micos modalidad presencial y a distancia de Pamplona y C\u00facuta\u201d<\/li><\/ul><\/div>\n\t\t\t\t<\/div>\n\t\t\t\t\t\t\t<div class=\"elementor-toggle-item\">\n\t\t\t\t\t<div id=\"elementor-tab-title-2597\" class=\"elementor-tab-title\" data-tab=\"7\" role=\"button\" aria-controls=\"elementor-tab-content-2597\" aria-expanded=\"false\">\n\t\t\t\t\t\t\t\t\t\t\t\t<span class=\"elementor-toggle-icon elementor-toggle-icon-left\" aria-hidden=\"true\">\n\t\t\t\t\t\t\t\t\t\t\t\t\t\t\t<span class=\"elementor-toggle-icon-closed\"><i class=\"fas fa-angle-double-down\"><\/i><\/span>\n\t\t\t\t\t\t\t\t<span class=\"elementor-toggle-icon-opened\"><i class=\"elementor-toggle-icon-opened fas fa-angle-double-up\"><\/i><\/span>\n\t\t\t\t\t\t\t\t\t\t\t\t\t<\/span>\n\t\t\t\t\t\t\t\t\t\t\t\t<a class=\"elementor-toggle-title\" tabindex=\"0\"><center> Primer Semestre Acad\u00e9mico 2023 <\/center><\/a>\n\t\t\t\t\t<\/div>\n\n\t\t\t\t\t<div id=\"elementor-tab-content-2597\" class=\"elementor-tab-content elementor-clearfix\" data-tab=\"7\" role=\"region\" aria-labelledby=\"elementor-tab-title-2597\"><ul><li style=\"text-align: justify;\"><strong><a href=\"https:\/\/www.iser.edu.co\/wp-content\/uploads\/2024\/05\/0322023.pdf\">Acuerdo 032 del 30 de junio de 2023.<\/a><\/strong> \u201cPor el cual se modifica el art\u00edculo primero del acuerdo 025 de 09 de mayo de 2023 del calendario acad\u00e9mico para el primer semestre del a\u00f1o 2023, para los programas acad\u00e9micos modalidad presencial y a distancia de la ciudad de Pamplona\u201d<\/li><\/ul><\/div>\n\t\t\t\t<\/div>\n\t\t\t\t\t\t\t<div class=\"elementor-toggle-item\">\n\t\t\t\t\t<div id=\"elementor-tab-title-2598\" class=\"elementor-tab-title\" data-tab=\"8\" role=\"button\" aria-controls=\"elementor-tab-content-2598\" aria-expanded=\"false\">\n\t\t\t\t\t\t\t\t\t\t\t\t<span class=\"elementor-toggle-icon elementor-toggle-icon-left\" aria-hidden=\"true\">\n\t\t\t\t\t\t\t\t\t\t\t\t\t\t\t<span class=\"elementor-toggle-icon-closed\"><i class=\"fas fa-angle-double-down\"><\/i><\/span>\n\t\t\t\t\t\t\t\t<span class=\"elementor-toggle-icon-opened\"><i class=\"elementor-toggle-icon-opened fas fa-angle-double-up\"><\/i><\/span>\n\t\t\t\t\t\t\t\t\t\t\t\t\t<\/span>\n\t\t\t\t\t\t\t\t\t\t\t\t<a class=\"elementor-toggle-title\" tabindex=\"0\"><center> Primer Semestre Acad\u00e9mico 2021 <\/center><\/a>\n\t\t\t\t\t<\/div>\n\n\t\t\t\t\t<div id=\"elementor-tab-content-2598\" class=\"elementor-tab-content elementor-clearfix\" data-tab=\"8\" role=\"region\" aria-labelledby=\"elementor-tab-title-2598\"><ul><li style=\"text-align: justify;\"><a href=\"https:\/\/www.iser.edu.co\/wp-content\/uploads\/2024\/05\/acuerdo_023_21_septiembre_mdf.pdf\"><strong>Acuerdo 023 del 21 de septiembre de 2020<\/strong><\/a>\u00a0\u201cPor el cual se aprueba el calendario Acad\u00e9mico para el primer semestre del a\u00f1o 2021, para los programas acad\u00e9micos modalidad presencial y a distancia de la ciudad de Pamplona y C\u00facuta\u201d<\/li><\/ul><ul><li style=\"text-align: justify;\"><strong><a href=\"https:\/\/www.iser.edu.co\/wp-content\/uploads\/2024\/05\/acuerdo_031_03_diciembre.pdf\">Acuerdo 031 del 03 de diciembre de 2020<\/a>\u00a0<\/strong>\u201cPor la cual se hace una Fe de Erratas al Acuerdo 023 de septiembre 21 del 2020, Por el cual se aprueba el Calendario Acad\u00e9mico para el primer semestre del a\u00f1o 2021, para los programas acad\u00e9micos modalidad presencial y a distancia de la ciudad de Pamplona y C\u00facuta\u201d<\/li><\/ul><\/div>\n\t\t\t\t<\/div>\n\t\t\t\t\t\t\t<div class=\"elementor-toggle-item\">\n\t\t\t\t\t<div id=\"elementor-tab-title-2599\" class=\"elementor-tab-title\" data-tab=\"9\" role=\"button\" aria-controls=\"elementor-tab-content-2599\" aria-expanded=\"false\">\n\t\t\t\t\t\t\t\t\t\t\t\t<span class=\"elementor-toggle-icon elementor-toggle-icon-left\" aria-hidden=\"true\">\n\t\t\t\t\t\t\t\t\t\t\t\t\t\t\t<span class=\"elementor-toggle-icon-closed\"><i class=\"fas fa-angle-double-down\"><\/i><\/span>\n\t\t\t\t\t\t\t\t<span class=\"elementor-toggle-icon-opened\"><i class=\"elementor-toggle-icon-opened fas fa-angle-double-up\"><\/i><\/span>\n\t\t\t\t\t\t\t\t\t\t\t\t\t<\/span>\n\t\t\t\t\t\t\t\t\t\t\t\t<a class=\"elementor-toggle-title\" tabindex=\"0\"><center> Segundo Semestre Acad\u00e9mico 2020 <\/center><\/a>\n\t\t\t\t\t<\/div>\n\n\t\t\t\t\t<div id=\"elementor-tab-content-2599\" class=\"elementor-tab-content elementor-clearfix\" data-tab=\"9\" role=\"region\" aria-labelledby=\"elementor-tab-title-2599\"><ul><li style=\"text-align: justify;\"><a href=\"https:\/\/www.iser.edu.co\/wp-content\/uploads\/2024\/05\/acuerdo_009_27_abril.pdf\"><strong>Acuerdo 009 del 27 de abril de 2020<\/strong><\/a> \u201cPor el cual se aprueba el Calendario Acad\u00e9mico para el segundo semestre del a\u00f1o 2020, para los programas acad\u00e9micos modalidad presencial y a distancia de la ciudad de Pamplona y C\u00facuta\u201d.<\/li><\/ul><ul style=\"text-align: justify;\"><li><a href=\"https:\/\/www.iser.edu.co\/wp-content\/uploads\/2024\/05\/acuerdo_010_01_mayo.pdf\"><strong>Acuerdo 010 del 01 de mayo de 2020<\/strong><\/a> \u201cPor el cual se adapta el Calendario Acad\u00e9mico para el segundo semestre del a\u00f1o 2020, para los programas acad\u00e9micos modalidad presencial y a distancia de la ciudad de Pamplona y C\u00facuta\u201d.<\/li><\/ul><ul style=\"text-align: justify;\"><li><a href=\"https:\/\/www.iser.edu.co\/wp-content\/uploads\/2024\/05\/acuerdo_014_30_julio.pdf\"><strong>Acuerdo 014 del 30 de julo de 2020<\/strong><\/a> \u201cPor el cual se adoptan medidas y estrategias acad\u00e9mico-administrativas transitorias para la prestaci\u00f3n de servicios de formaci\u00f3n, investigaci\u00f3n, extensi\u00f3n y bienestar institucional con flexibilidad curricular y se modifica el Calendario Acad\u00e9mico para los programas acad\u00e9micos en oferta en el segundo semestre del a\u00f1o 2020, modalidad presencial y a distancia de la ciudad de Pamplona y C\u00facuta\u201d.<\/li><\/ul><ul style=\"text-align: justify;\"><li><a href=\"https:\/\/www.iser.edu.co\/wp-content\/uploads\/2024\/05\/acuerdo_017_11_agosto.pdf\"><strong>Acuerdo 017 del 11 de Agosto de 2020<\/strong><\/a> \u201cPor el cual se modifica el Acuerdo 014 de 2020 del Calendario Acad\u00e9mico para el segundo semestre de 2020 para los programas acad\u00e9micos en oferta de la ciudad de Pamplona y C\u00facuta (Norte de Santander)\u201d.<\/li><\/ul><ul><li style=\"text-align: justify;\"><a href=\"https:\/\/www.iser.edu.co\/wp-content\/uploads\/2024\/05\/acuerdo_024_21_septiembre.pdf\"><strong>Acuerdo 024 del 21 de septiembre de 2020<\/strong><\/a> \u201cPor el cual se modifica el Acuerdo 017 de 2020 del Calendario Acad\u00e9mico para el segundo semestre de 2020 para los programas acad\u00e9micos en oferta de las ciudades de Pamplona y C\u00facuta (Norte de Santander)\u201d.<\/li><\/ul><\/div>\n\t\t\t\t<\/div>\n\t\t\t\t\t\t\t<div class=\"elementor-toggle-item\">\n\t\t\t\t\t<div id=\"elementor-tab-title-25910\" class=\"elementor-tab-title\" data-tab=\"10\" role=\"button\" aria-controls=\"elementor-tab-content-25910\" aria-expanded=\"false\">\n\t\t\t\t\t\t\t\t\t\t\t\t<span class=\"elementor-toggle-icon elementor-toggle-icon-left\" aria-hidden=\"true\">\n\t\t\t\t\t\t\t\t\t\t\t\t\t\t\t<span class=\"elementor-toggle-icon-closed\"><i class=\"fas fa-angle-double-down\"><\/i><\/span>\n\t\t\t\t\t\t\t\t<span class=\"elementor-toggle-icon-opened\"><i class=\"elementor-toggle-icon-opened fas fa-angle-double-up\"><\/i><\/span>\n\t\t\t\t\t\t\t\t\t\t\t\t\t<\/span>\n\t\t\t\t\t\t\t\t\t\t\t\t<a class=\"elementor-toggle-title\" tabindex=\"0\"><center> Primer Semestre Acad\u00e9mico 2020 <\/center><\/a>\n\t\t\t\t\t<\/div>\n\n\t\t\t\t\t<div id=\"elementor-tab-content-25910\" class=\"elementor-tab-content elementor-clearfix\" data-tab=\"10\" role=\"region\" aria-labelledby=\"elementor-tab-title-25910\"><ul><li style=\"text-align: justify;\"><a href=\"https:\/\/www.iser.edu.co\/wp-content\/uploads\/2024\/05\/calendario_academico_2020-1.pdf\"><strong>Acuerdo 021 del 25 de septiembre de 2019<\/strong><\/a> \u201cpor el cual se aprueba el Calendario Acad\u00e9mico para el primer semestre del a\u00f1o 2020, para los programas acad\u00e9micos modalidad presencial y a distancia en la ciudad de Pamplona y C\u00facuta\u201d.<\/li><\/ul><ul style=\"text-align: justify;\"><li><a href=\"https:\/\/www.iser.edu.co\/wp-content\/uploads\/2024\/05\/acuerdo_024_18_diciembre.pdf\"><strong>Acuerdo 024 del 18 de diciembre de 2019<\/strong><\/a> \u201cPor la cual se modifica el Calendario Acad\u00e9mico para el primer semestre del a\u00f1o 2020, para los Programas Acad\u00e9micos Modalidad Presencial y a Distancia de la ciudad de Pamplona y C\u00facuta\u201d.<\/li><\/ul><ul style=\"text-align: justify;\"><li><strong><a href=\"https:\/\/www.iser.edu.co\/wp-content\/uploads\/2024\/05\/acuerdo_001_22_enero.pdf\">Acuerdo 001 del 22 de enero de 2020<\/a><\/strong> \u201cPor el cual se modifica el Calendario Acad\u00e9mico para el primer semestre del a\u00f1o 2020, para los programas acad\u00e9micos modalidad presencial y a distancia de la ciudad de Pamplona y C\u00facuta\u201d.<\/li><\/ul><ul style=\"text-align: justify;\"><li><a href=\"https:\/\/www.iser.edu.co\/wp-content\/uploads\/2024\/05\/acuerdo_004_16_marzo.pdf\"><strong>Acuerdo 004 del 16 de marzo de 2020<\/strong><\/a> \u201cPor el cual se modifica el Calendario Acad\u00e9mico para el primer Semestre del a\u00f1o 2020, para los programas acad\u00e9micos modalidad presencial y a distancia de la ciudad de Pamplona y C\u00facuta\u201d.<\/li><\/ul><ul style=\"text-align: justify;\"><li><a href=\"https:\/\/www.iser.edu.co\/wp-content\/uploads\/2024\/05\/acuerdo_006_18_marzo.pdf\"><strong>Acuerdo 006 del 18 de marzo de 2020<\/strong><\/a> \u201cPor el cual se modifica el Calendario Acad\u00e9mico para el primer semestre del a\u00f1o 2020, para los programas acad\u00e9micos modalidad presencial y a distancia de la ciudad de Pamplona y C\u00facuta\u201d.<\/li><\/ul><ul><li style=\"text-align: justify;\"><a href=\"https:\/\/www.iser.edu.co\/wp-content\/uploads\/2024\/05\/acuerdo_008_31_marzo.pdf\"><strong>Acuerdo 008 del 31 de marzo de 2020<\/strong><\/a>\u00a0\u201cPor el cual se adoptan medidas y estrategias acad\u00e9mico-administrativas con el fin de prestar los servicios acad\u00e9micos de docencia, investigaci\u00f3n y proyecci\u00f3n social con mayor flexibilidad curricular y se modifica el Calendario Acad\u00e9mico para el primer semestre del a\u00f1o 2020, para los programas acad\u00e9micos modalidad presencial y a distancia de la ciudad de Pamplona y C\u00facuta\u201d<\/li><\/ul><\/div>\n\t\t\t\t<\/div>\n\t\t\t\t\t\t\t<div class=\"elementor-toggle-item\">\n\t\t\t\t\t<div id=\"elementor-tab-title-25911\" class=\"elementor-tab-title\" data-tab=\"11\" role=\"button\" aria-controls=\"elementor-tab-content-25911\" aria-expanded=\"false\">\n\t\t\t\t\t\t\t\t\t\t\t\t<span class=\"elementor-toggle-icon elementor-toggle-icon-left\" aria-hidden=\"true\">\n\t\t\t\t\t\t\t\t\t\t\t\t\t\t\t<span class=\"elementor-toggle-icon-closed\"><i class=\"fas fa-angle-double-down\"><\/i><\/span>\n\t\t\t\t\t\t\t\t<span class=\"elementor-toggle-icon-opened\"><i class=\"elementor-toggle-icon-opened fas fa-angle-double-up\"><\/i><\/span>\n\t\t\t\t\t\t\t\t\t\t\t\t\t<\/span>\n\t\t\t\t\t\t\t\t\t\t\t\t<a class=\"elementor-toggle-title\" tabindex=\"0\"><center> Segundo Semestre Acad\u00e9mico 2019 <\/center><\/a>\n\t\t\t\t\t<\/div>\n\n\t\t\t\t\t<div id=\"elementor-tab-content-25911\" class=\"elementor-tab-content elementor-clearfix\" data-tab=\"11\" role=\"region\" aria-labelledby=\"elementor-tab-title-25911\"><ul><li style=\"text-align: justify;\"><a href=\"https:\/\/www.iser.edu.co\/wp-content\/uploads\/2024\/05\/acuerdo_009_09_mayo.pdf\"><strong>Acuerdo 009 del 09 de mayo de 2019<\/strong><\/a> \u201cPor el cual se aprueba el calendario Acad\u00e9mico para el segundo semestre del a\u00f1o 2019, para los programas acad\u00e9micos modalidad presencial y a distancia\u201d.<\/li><\/ul><ul style=\"text-align: justify;\"><li><a href=\"https:\/\/www.iser.edu.co\/wp-content\/uploads\/2024\/05\/acuerdo_011_25_junio.pdf\"><strong>Acuerdo 011 del 25 de junio de 2019<\/strong><\/a> \u201cPor el cual se modifica parcialmente el Calendario Acad\u00e9mico para el primer semestre del a\u00f1o 2019, para los programas acad\u00e9micos modalidad presencial y a distancia\u201d.<\/li><\/ul><ul style=\"text-align: justify;\"><li><a href=\"https:\/\/www.iser.edu.co\/wp-content\/uploads\/2024\/05\/acuerdo_012_10_julio.pdf\"><strong>Acuerdo 012 del 10 de julio de 2019<\/strong><\/a> \u201cpor el cual se aprueba el Calendario Acad\u00e9mico para el segundo semestre del a\u00f1o 2019, para los programas acad\u00e9micos modalidad presencial y a distancia en la ciudad de C\u00facuta\u201d.<\/li><\/ul><ul style=\"text-align: justify;\"><li><a href=\"https:\/\/www.iser.edu.co\/wp-content\/uploads\/2024\/05\/acuerdo_016_31_julio.pdf\"><strong>Acuerdo 016 del 31 de julio de 2019<\/strong><\/a> \u201cPor el cual se modifica el Calendario Acad\u00e9mico para el segundo semestre del a\u00f1o 2019, para los programas acad\u00e9micos modalidad presencial y a distancia de la ciudad de Pamplona\u201d.<\/li><\/ul><ul><li style=\"text-align: justify;\"><a href=\"https:\/\/www.iser.edu.co\/wp-content\/uploads\/2024\/05\/acuerdo_017_31_julio.pdf\"><strong>Acuerdo 017 del 31 de julio de 2019<\/strong><\/a> \u201cPor el cual se modifica el Calendario Acad\u00e9mico para el segundo semestre del a\u00f1o 2019, para los programas acad\u00e9micos modalidad presencial y a distancia de la ciudad de C\u00facuta\u201d.<\/li><\/ul><\/div>\n\t\t\t\t<\/div>\n\t\t\t\t\t\t\t<div class=\"elementor-toggle-item\">\n\t\t\t\t\t<div id=\"elementor-tab-title-25912\" class=\"elementor-tab-title\" data-tab=\"12\" role=\"button\" aria-controls=\"elementor-tab-content-25912\" aria-expanded=\"false\">\n\t\t\t\t\t\t\t\t\t\t\t\t<span class=\"elementor-toggle-icon elementor-toggle-icon-left\" aria-hidden=\"true\">\n\t\t\t\t\t\t\t\t\t\t\t\t\t\t\t<span class=\"elementor-toggle-icon-closed\"><i class=\"fas fa-angle-double-down\"><\/i><\/span>\n\t\t\t\t\t\t\t\t<span class=\"elementor-toggle-icon-opened\"><i class=\"elementor-toggle-icon-opened fas fa-angle-double-up\"><\/i><\/span>\n\t\t\t\t\t\t\t\t\t\t\t\t\t<\/span>\n\t\t\t\t\t\t\t\t\t\t\t\t<a class=\"elementor-toggle-title\" tabindex=\"0\"><center> Primer Semestre Acad\u00e9mico 2019 <\/center><\/a>\n\t\t\t\t\t<\/div>\n\n\t\t\t\t\t<div id=\"elementor-tab-content-25912\" class=\"elementor-tab-content elementor-clearfix\" data-tab=\"12\" role=\"region\" aria-labelledby=\"elementor-tab-title-25912\"><ul><li style=\"text-align: justify;\"><a href=\"https:\/\/www.iser.edu.co\/wp-content\/uploads\/2024\/05\/acuerdo_001_15_02_2019.pdf\"><strong>Acuerdo No 001 del 15 de febrero de 2019<\/strong><\/a>\u00a0\u201cPor el cual se modifica el Calendario Acad\u00e9mico para el primer semestre del a\u00f1o 2019, para los programas acad\u00e9micos modalidad presencial y a distancia\u201d<\/li><\/ul><\/div>\n\t\t\t\t<\/div>\n\t\t\t\t\t\t\t<div class=\"elementor-toggle-item\">\n\t\t\t\t\t<div id=\"elementor-tab-title-25913\" class=\"elementor-tab-title\" data-tab=\"13\" role=\"button\" aria-controls=\"elementor-tab-content-25913\" aria-expanded=\"false\">\n\t\t\t\t\t\t\t\t\t\t\t\t<span class=\"elementor-toggle-icon elementor-toggle-icon-left\" aria-hidden=\"true\">\n\t\t\t\t\t\t\t\t\t\t\t\t\t\t\t<span class=\"elementor-toggle-icon-closed\"><i class=\"fas fa-angle-double-down\"><\/i><\/span>\n\t\t\t\t\t\t\t\t<span class=\"elementor-toggle-icon-opened\"><i class=\"elementor-toggle-icon-opened fas fa-angle-double-up\"><\/i><\/span>\n\t\t\t\t\t\t\t\t\t\t\t\t\t<\/span>\n\t\t\t\t\t\t\t\t\t\t\t\t<a class=\"elementor-toggle-title\" tabindex=\"0\"><center> Segundo Semestre Acad\u00e9mico 2018 <\/center><\/a>\n\t\t\t\t\t<\/div>\n\n\t\t\t\t\t<div id=\"elementor-tab-content-25913\" class=\"elementor-tab-content elementor-clearfix\" data-tab=\"13\" role=\"region\" aria-labelledby=\"elementor-tab-title-25913\"><ul><li style=\"text-align: justify;\"><a href=\"https:\/\/www.iser.edu.co\/wp-content\/uploads\/2024\/05\/acuerdo_007_09_mayo.pdf\"><strong>Acuerdo 007 del 09 de mayo de 2018<\/strong><\/a> \u201cpor el cual se aprueba el Calendario Acad\u00e9mico para el segundo semestre del a\u00f1o 2018, para los programas acad\u00e9micos modalidad presencial y a distancia\u201d.<\/li><\/ul><ul><li style=\"text-align: justify;\"><a href=\"https:\/\/www.iser.edu.co\/wp-content\/uploads\/2024\/05\/acuerdo_009_23_julio.pdf\"><strong>Acuerdo 009 de 28 de julio de 2018<\/strong><\/a>\u00a0\u201cPor el cual se modifica el Calendario Acad\u00e9mico para el segundo semestre del a\u00f1o 2018, para los programas acad\u00e9micos modalidad presencial y a distancia\u201d<\/li><\/ul><\/div>\n\t\t\t\t<\/div>\n\t\t\t\t\t\t\t<div class=\"elementor-toggle-item\">\n\t\t\t\t\t<div id=\"elementor-tab-title-25914\" class=\"elementor-tab-title\" data-tab=\"14\" role=\"button\" aria-controls=\"elementor-tab-content-25914\" aria-expanded=\"false\">\n\t\t\t\t\t\t\t\t\t\t\t\t<span class=\"elementor-toggle-icon elementor-toggle-icon-left\" aria-hidden=\"true\">\n\t\t\t\t\t\t\t\t\t\t\t\t\t\t\t<span class=\"elementor-toggle-icon-closed\"><i class=\"fas fa-angle-double-down\"><\/i><\/span>\n\t\t\t\t\t\t\t\t<span class=\"elementor-toggle-icon-opened\"><i class=\"elementor-toggle-icon-opened fas fa-angle-double-up\"><\/i><\/span>\n\t\t\t\t\t\t\t\t\t\t\t\t\t<\/span>\n\t\t\t\t\t\t\t\t\t\t\t\t<a class=\"elementor-toggle-title\" tabindex=\"0\"><center> Primer Semestre Acad\u00e9mico 2018 <\/center><\/a>\n\t\t\t\t\t<\/div>\n\n\t\t\t\t\t<div id=\"elementor-tab-content-25914\" class=\"elementor-tab-content elementor-clearfix\" data-tab=\"14\" role=\"region\" aria-labelledby=\"elementor-tab-title-25914\"><ul><li style=\"text-align: justify;\"><a href=\"https:\/\/www.iser.edu.co\/wp-content\/uploads\/2024\/05\/acuerdo_008_12_junio.pdf\"><strong>Acuerdo 008 del 12 de junio de 2018<\/strong><\/a> \u201cPor el cual se modifica parcialmente el Calendario Acad\u00e9mico para el primer semestre del a\u00f1o 2018, para los programas acad\u00e9micos modalidad presencial y a distancia\u201d.<\/li><\/ul><ul><li style=\"text-align: justify;\"><a href=\"https:\/\/www.iser.edu.co\/wp-content\/uploads\/2024\/05\/acuerdo_014_10_oct.pdf\"><strong>Acuerdo 014 del 10 de octubre de 2017<\/strong><\/a>\u00a0\u201cPor el cual se aprueba el Calendario Acad\u00e9mico para el primer semestre del a\u00f1o 2018, para los programas acad\u00e9micos modalidad presencial y a distancia\u201d<\/li><\/ul><\/div>\n\t\t\t\t<\/div>\n\t\t\t\t\t\t\t<div class=\"elementor-toggle-item\">\n\t\t\t\t\t<div id=\"elementor-tab-title-25915\" class=\"elementor-tab-title\" data-tab=\"15\" role=\"button\" aria-controls=\"elementor-tab-content-25915\" aria-expanded=\"false\">\n\t\t\t\t\t\t\t\t\t\t\t\t<span class=\"elementor-toggle-icon elementor-toggle-icon-left\" aria-hidden=\"true\">\n\t\t\t\t\t\t\t\t\t\t\t\t\t\t\t<span class=\"elementor-toggle-icon-closed\"><i class=\"fas fa-angle-double-down\"><\/i><\/span>\n\t\t\t\t\t\t\t\t<span class=\"elementor-toggle-icon-opened\"><i class=\"elementor-toggle-icon-opened fas fa-angle-double-up\"><\/i><\/span>\n\t\t\t\t\t\t\t\t\t\t\t\t\t<\/span>\n\t\t\t\t\t\t\t\t\t\t\t\t<a class=\"elementor-toggle-title\" tabindex=\"0\"><center> Segundo Semestre Acad\u00e9mico 2017 <\/center><\/a>\n\t\t\t\t\t<\/div>\n\n\t\t\t\t\t<div id=\"elementor-tab-content-25915\" class=\"elementor-tab-content elementor-clearfix\" data-tab=\"15\" role=\"region\" aria-labelledby=\"elementor-tab-title-25915\"><ul><li style=\"text-align: justify;\"><a href=\"https:\/\/www.iser.edu.co\/wp-content\/uploads\/2024\/05\/acuerdo_007_abril_de_2017.pdf\"><strong>Acuerdo 007 del 21 de abril de 2017<\/strong><\/a>\u00a0\u201cPor el cual se aprueba el Calendario Acad\u00e9mico para el segundo semestre del a\u00f1o 2017, para los programas acad\u00e9micos modalidad presencial y a distancia\u201d<\/li><\/ul><\/div>\n\t\t\t\t<\/div>\n\t\t\t\t\t\t\t<div class=\"elementor-toggle-item\">\n\t\t\t\t\t<div id=\"elementor-tab-title-25916\" class=\"elementor-tab-title\" data-tab=\"16\" role=\"button\" aria-controls=\"elementor-tab-content-25916\" aria-expanded=\"false\">\n\t\t\t\t\t\t\t\t\t\t\t\t<span class=\"elementor-toggle-icon elementor-toggle-icon-left\" aria-hidden=\"true\">\n\t\t\t\t\t\t\t\t\t\t\t\t\t\t\t<span class=\"elementor-toggle-icon-closed\"><i class=\"fas fa-angle-double-down\"><\/i><\/span>\n\t\t\t\t\t\t\t\t<span class=\"elementor-toggle-icon-opened\"><i class=\"elementor-toggle-icon-opened fas fa-angle-double-up\"><\/i><\/span>\n\t\t\t\t\t\t\t\t\t\t\t\t\t<\/span>\n\t\t\t\t\t\t\t\t\t\t\t\t<a class=\"elementor-toggle-title\" tabindex=\"0\"><center> Primer Semestre Acad\u00e9mico 2017 <\/center><\/a>\n\t\t\t\t\t<\/div>\n\n\t\t\t\t\t<div id=\"elementor-tab-content-25916\" class=\"elementor-tab-content elementor-clearfix\" data-tab=\"16\" role=\"region\" aria-labelledby=\"elementor-tab-title-25916\"><ul><li style=\"text-align: justify;\"><strong><a href=\"https:\/\/www.iser.edu.co\/wp-content\/uploads\/2024\/05\/acuerdo_002_17_01_2017.pdf\">Acuerdo 002 del 17 de enero de 2017<\/a><\/strong>\u00a0\u201cPor el cual se modifican los Acuerdos 020 y 021 del 12 de octubre de 2016 relacionados con el Calendario Acad\u00e9mico para el primer periodo acad\u00e9mico 2017, para los programas acad\u00e9micos modalidad presencial y a distancia\u201d<\/li><\/ul><\/div>\n\t\t\t\t<\/div>\n\t\t\t\t\t\t\t<div class=\"elementor-toggle-item\">\n\t\t\t\t\t<div id=\"elementor-tab-title-25917\" class=\"elementor-tab-title\" data-tab=\"17\" role=\"button\" aria-controls=\"elementor-tab-content-25917\" aria-expanded=\"false\">\n\t\t\t\t\t\t\t\t\t\t\t\t<span class=\"elementor-toggle-icon elementor-toggle-icon-left\" aria-hidden=\"true\">\n\t\t\t\t\t\t\t\t\t\t\t\t\t\t\t<span class=\"elementor-toggle-icon-closed\"><i class=\"fas fa-angle-double-down\"><\/i><\/span>\n\t\t\t\t\t\t\t\t<span class=\"elementor-toggle-icon-opened\"><i class=\"elementor-toggle-icon-opened fas fa-angle-double-up\"><\/i><\/span>\n\t\t\t\t\t\t\t\t\t\t\t\t\t<\/span>\n\t\t\t\t\t\t\t\t\t\t\t\t<a class=\"elementor-toggle-title\" tabindex=\"0\"><center> Segundo Semestre Acad\u00e9mico 2016 <\/center><\/a>\n\t\t\t\t\t<\/div>\n\n\t\t\t\t\t<div id=\"elementor-tab-content-25917\" class=\"elementor-tab-content elementor-clearfix\" data-tab=\"17\" role=\"region\" aria-labelledby=\"elementor-tab-title-25917\"><ul><li style=\"text-align: justify;\"><strong><a href=\"https:\/\/www.iser.edu.co\/wp-content\/uploads\/2024\/05\/acuerdo_021_12_10_2016.pdf\">Acuerdo 021 del 12 de octubre de 2016<\/a>\u00a0<\/strong>\u201cPor el cual se expide el Calendario Acad\u00e9mico para el primer periodo acad\u00e9mico 2017, para los programas acad\u00e9micos modalidad distancia\u201d.<\/li><\/ul><ul style=\"text-align: justify;\"><li><a href=\"https:\/\/www.iser.edu.co\/wp-content\/uploads\/2024\/05\/acuerdo_020_12_10_2016.pdf\"><strong>Acuerdo 020 del 12 de octubre de 2016<\/strong><\/a> \u201cPor el cual se expide el Calendario Acad\u00e9mico para el primer periodo acad\u00e9mico 2017, para los programas acad\u00e9micos modalidad presencial\u201d.<\/li><\/ul><ul style=\"text-align: justify;\"><li><strong><a href=\"https:\/\/www.iser.edu.co\/wp-content\/uploads\/2024\/05\/acuerdo_016_28_07_2016.pdf\">Acuerdo 016 del 28 de julio de 2016<\/a>\u00a0<\/strong>\u201cPor el cual se modifican los acuerdos 002, 010 y 014 de 2016 para el segundo semestre 2016 para los programas modalidad distancia\u201d.<\/li><\/ul><ul style=\"text-align: justify;\"><li><a href=\"https:\/\/www.iser.edu.co\/wp-content\/uploads\/2024\/05\/acuerdo_015_28_07_2016.pdf\"><strong>Acuerdo 015 del 28 de julio de 2016<\/strong><\/a> \u201cPor el cual se unifican y actualizan los acuerdos 002, 009, 013 y 014 de 2016 relacionados con el Calendario Acad\u00e9mico para el segundo semestre 2016, para los programas acad\u00e9micos modalidad presencial\u201d.<\/li><\/ul><ul style=\"text-align: justify;\"><li><a href=\"https:\/\/www.iser.edu.co\/wp-content\/uploads\/2024\/05\/acuerdo_014_21_07_2016.pdf\"><strong>Acuerdo 014 del 21 de julio de 2016<\/strong><\/a> \u201cPor el cual se modifican los acuerdos n\u00famero 002, 009 y 013 del 2016, relacionados con el Calendario Acad\u00e9mico para el segundo semestre acad\u00e9mico 2016, para los programas acad\u00e9micos modalidad presencial y a distancia\u201d.<\/li><\/ul><ul style=\"text-align: justify;\"><li><a href=\"https:\/\/www.iser.edu.co\/wp-content\/uploads\/2024\/05\/acuerdo_013_30_06_2016.pdf\"><strong>Acuerdo 013 del 30 de junio de 2016<\/strong><\/a> \u201cPor el cual se modifica el Acuerdo No 009 del 08 de abril de 2016, mediante el cual se aprueba el Calendario Acad\u00e9mico para el segundo semestre acad\u00e9mico 2016, para los programas acad\u00e9micos modalidad presencial\u201d.<\/li><\/ul><ul style=\"text-align: justify;\"><li><strong><a href=\"https:\/\/www.iser.edu.co\/wp-content\/uploads\/2024\/05\/acuerdo_010_08_04_2016.pdf\">Acuerdo 010 del 08 de abril de 2016<\/a><\/strong> \u201cPor el cual se aprueba el Calendario Acad\u00e9mico para el segundo semestre acad\u00e9mico 2016, para los programas acad\u00e9micos modalidad distancia\u201d.<\/li><\/ul><ul><li style=\"text-align: justify;\"><a href=\"https:\/\/www.iser.edu.co\/wp-content\/uploads\/2024\/05\/acuerdo_009_08_04_2016.pdf\"><strong>Acuerdo 009 del 08 de abril de 2016\u00a0<\/strong><\/a>\u201cPor el cual se aprueba el Calendario Acad\u00e9mico para el segundo semestre acad\u00e9mico 2016, para los programas acad\u00e9micos modalidad presencial\u201d<\/li><\/ul><\/div>\n\t\t\t\t<\/div>\n\t\t\t\t\t\t\t<div class=\"elementor-toggle-item\">\n\t\t\t\t\t<div id=\"elementor-tab-title-25918\" class=\"elementor-tab-title\" data-tab=\"18\" role=\"button\" aria-controls=\"elementor-tab-content-25918\" aria-expanded=\"false\">\n\t\t\t\t\t\t\t\t\t\t\t\t<span class=\"elementor-toggle-icon elementor-toggle-icon-left\" aria-hidden=\"true\">\n\t\t\t\t\t\t\t\t\t\t\t\t\t\t\t<span class=\"elementor-toggle-icon-closed\"><i class=\"fas fa-angle-double-down\"><\/i><\/span>\n\t\t\t\t\t\t\t\t<span class=\"elementor-toggle-icon-opened\"><i class=\"elementor-toggle-icon-opened fas fa-angle-double-up\"><\/i><\/span>\n\t\t\t\t\t\t\t\t\t\t\t\t\t<\/span>\n\t\t\t\t\t\t\t\t\t\t\t\t<a class=\"elementor-toggle-title\" tabindex=\"0\"><center> Primer Semestre Acad\u00e9mico 2016 <\/center><\/a>\n\t\t\t\t\t<\/div>\n\n\t\t\t\t\t<div id=\"elementor-tab-content-25918\" class=\"elementor-tab-content elementor-clearfix\" data-tab=\"18\" role=\"region\" aria-labelledby=\"elementor-tab-title-25918\"><ul><li style=\"text-align: justify;\"><a href=\"https:\/\/www.iser.edu.co\/wp-content\/uploads\/2024\/05\/acuerdo_001_26_01_2016.pdf\"><strong>Acuerdo 001 del 26 de enero de 2016<\/strong><\/a> \u201cPor el cual se modifican los acuerdos n\u00famero 021 y 022 del 05 de agosto de 2015, calendario acad\u00e9mico para el segundo semestre del a\u00f1o 2015 de los programas acad\u00e9micos modalidad presencial y modalidad distancia respectivamente\u201d<\/li><\/ul><ul><li style=\"text-align: justify;\"><a href=\"https:\/\/www.iser.edu.co\/wp-content\/uploads\/2024\/05\/acuerdo_002_26_01_2016.pdf\"><strong>Acuerdo 002 del 26 de enero de 2016<\/strong><\/a> \u201cPor el cual se modifican los acuerdos 026 y 027 del 23 de septiembre de 2015, mediante el cual se aprueba el calendario acad\u00e9mico para el primer semestre acad\u00e9mico 2016, para los programas acad\u00e9micos modalidad presencial y modalidad distancia respectivamente\u201d<\/li><\/ul><ul><li style=\"text-align: justify;\"><strong><a href=\"https:\/\/www.iser.edu.co\/wp-content\/uploads\/2024\/05\/ca_acuerdo_026_23_09_2015.pdf\">Acuerdo 026 del 23 de septiembre de 201<\/a><span style=\"color: #008000;\">5<\/span><\/strong> \u201cPor el cual se aprueba el Calendario Acad\u00e9mico para el primer semestre acad\u00e9mico 2016, para los programas acad\u00e9micos modalidad presencial\u201d<\/li><\/ul><ul><li style=\"text-align: justify;\"><a href=\"https:\/\/www.iser.edu.co\/wp-content\/uploads\/2024\/05\/ca_acuerdo_027_23_09_2015.pdf\"><strong>Acuerdo 027 del 23 de septiembre de 2015<\/strong><\/a>\u00a0\u201cPor el cual Por el cual se aprueba el Calendario Acad\u00e9mico para el primer semestre acad\u00e9mico 2016, para los programas acad\u00e9micos distancia\u201d<\/li><\/ul><\/div>\n\t\t\t\t<\/div>\n\t\t\t\t\t\t\t\t<\/div>\n\t\t\t\t<\/div>\n\t\t\t\t<\/div>\n\t\t\t\t\t<\/div>\n\t\t<\/div>\n\t\t\t\t\t<\/div>\n\t\t<\/section>\n\t\t\t\t<section class=\"elementor-section elementor-top-section elementor-element elementor-element-d6d01a0 elementor-section-boxed elementor-section-height-default elementor-section-height-default\" data-id=\"d6d01a0\" data-element_type=\"section\" data-settings=\"{&quot;jet_parallax_layout_list&quot;:[],&quot;_ha_eqh_enable&quot;:false}\">\n\t\t\t\t\t\t<div class=\"elementor-container elementor-column-gap-default\">\n\t\t\t\t\t<div class=\"elementor-column elementor-col-100 elementor-top-column elementor-element elementor-element-60674a0\" data-id=\"60674a0\" data-element_type=\"column\">\n\t\t\t<div class=\"elementor-widget-wrap elementor-element-populated\">\n\t\t\t\t\t\t<div class=\"elementor-element elementor-element-10b5e68 elementor-widget-divider--view-line elementor-widget elementor-widget-divider\" data-id=\"10b5e68\" data-element_type=\"widget\" data-widget_type=\"divider.default\">\n\t\t\t\t<div class=\"elementor-widget-container\">\n\t\t\t\t\t<div class=\"elementor-divider\">\n\t\t\t<span class=\"elementor-divider-separator\">\n\t\t\t\t\t\t<\/span>\n\t\t<\/div>\n\t\t\t\t<\/div>\n\t\t\t\t<\/div>\n\t\t\t\t\t<\/div>\n\t\t<\/div>\n\t\t\t\t\t<\/div>\n\t\t<\/section>\n\t\t\t\t<\/div>\n\t\t","protected":false},"excerpt":{"rendered":"<p>Calendario Acad\u00e9mico Informaci\u00f3n detallada por semestre Primer Semestre Acad\u00e9mico 2026 Acuerdo 043 del 02 de octubre de 2025 &#8220;Por el cual se aprueba el Calendario Acad\u00e9mico para el Primer semestre del a\u00f1o 2026, para los programas acad\u00e9micos en las modalidades presencial y a distancia ofertados por el Instituto Superior de Educaci\u00f3n Rural \u2013 ISER&#8221; Acuerdo&#8230;<\/p>\n<div class=\"pvc_clear\"><\/div>\n<p id=\"pvc_stats_2881\" class=\"pvc_stats all  \" data-element-id=\"2881\" style=\"\"><i class=\"pvc-stats-icon medium\" aria-hidden=\"true\"><svg aria-hidden=\"true\" focusable=\"false\" data-prefix=\"far\" data-icon=\"chart-bar\" role=\"img\" xmlns=\"http:\/\/www.w3.org\/2000\/svg\" viewBox=\"0 0 512 512\" class=\"svg-inline--fa fa-chart-bar fa-w-16 fa-2x\"><path fill=\"currentColor\" d=\"M396.8 352h22.4c6.4 0 12.8-6.4 12.8-12.8V108.8c0-6.4-6.4-12.8-12.8-12.8h-22.4c-6.4 0-12.8 6.4-12.8 12.8v230.4c0 6.4 6.4 12.8 12.8 12.8zm-192 0h22.4c6.4 0 12.8-6.4 12.8-12.8V140.8c0-6.4-6.4-12.8-12.8-12.8h-22.4c-6.4 0-12.8 6.4-12.8 12.8v198.4c0 6.4 6.4 12.8 12.8 12.8zm96 0h22.4c6.4 0 12.8-6.4 12.8-12.8V204.8c0-6.4-6.4-12.8-12.8-12.8h-22.4c-6.4 0-12.8 6.4-12.8 12.8v134.4c0 6.4 6.4 12.8 12.8 12.8zM496 400H48V80c0-8.84-7.16-16-16-16H16C7.16 64 0 71.16 0 80v336c0 17.67 14.33 32 32 32h464c8.84 0 16-7.16 16-16v-16c0-8.84-7.16-16-16-16zm-387.2-48h22.4c6.4 0 12.8-6.4 12.8-12.8v-70.4c0-6.4-6.4-12.8-12.8-12.8h-22.4c-6.4 0-12.8 6.4-12.8 12.8v70.4c0 6.4 6.4 12.8 12.8 12.8z\" class=\"\"><\/path><\/svg><\/i> <img decoding=\"async\" width=\"16\" height=\"16\" alt=\"Loading\" src=\"https:\/\/www.iser.edu.co\/wp-content\/plugins\/page-views-count\/ajax-loader-2x.gif\" border=0 \/><\/p>\n<div class=\"pvc_clear\"><\/div>\n","protected":false},"author":1,"featured_media":0,"parent":0,"menu_order":0,"comment_status":"closed","ping_status":"closed","template":"","meta":{"_kadence_starter_templates_imported_post":false,"_kad_post_transparent":"","_kad_post_title":"hide","_kad_post_layout":"fullwidth","_kad_post_sidebar_id":"","_kad_post_content_style":"unboxed","_kad_post_vertical_padding":"hide","_kad_post_feature":"hide","_kad_post_feature_position":"","_kad_post_header":false,"_kad_post_footer":false,"footnotes":""},"_links":{"self":[{"href":"https:\/\/www.iser.edu.co\/index.php\/wp-json\/wp\/v2\/pages\/2881"}],"collection":[{"href":"https:\/\/www.iser.edu.co\/index.php\/wp-json\/wp\/v2\/pages"}],"about":[{"href":"https:\/\/www.iser.edu.co\/index.php\/wp-json\/wp\/v2\/types\/page"}],"author":[{"embeddable":true,"href":"https:\/\/www.iser.edu.co\/index.php\/wp-json\/wp\/v2\/users\/1"}],"replies":[{"embeddable":true,"href":"https:\/\/www.iser.edu.co\/index.php\/wp-json\/wp\/v2\/comments?post=2881"}],"version-history":[{"count":10,"href":"https:\/\/www.iser.edu.co\/index.php\/wp-json\/wp\/v2\/pages\/2881\/revisions"}],"predecessor-version":[{"id":22528,"href":"https:\/\/www.iser.edu.co\/index.php\/wp-json\/wp\/v2\/pages\/2881\/revisions\/22528"}],"wp:attachment":[{"href":"https:\/\/www.iser.edu.co\/index.php\/wp-json\/wp\/v2\/media?parent=2881"}],"curies":[{"name":"wp","href":"https:\/\/api.w.org\/{rel}","templated":true}]}}