{"id":5031,"date":"2024-03-22T12:20:02","date_gmt":"2024-03-22T17:20:02","guid":{"rendered":"https:\/\/www.iser.edu.co\/?page_id=5031"},"modified":"2024-03-22T12:21:15","modified_gmt":"2024-03-22T17:21:15","slug":"proyectos-de-investigacion-interinstitucionales","status":"publish","type":"page","link":"https:\/\/www.iser.edu.co\/index.php\/proyectos-de-investigacion-interinstitucionales\/","title":{"rendered":"Proyectos de Investigaci\u00f3n Interinstitucionales"},"content":{"rendered":"\t\t<div data-elementor-type=\"wp-page\" data-elementor-id=\"5031\" class=\"elementor elementor-5031\" data-elementor-post-type=\"page\">\n\t\t\t\t\t\t<section class=\"elementor-section elementor-top-section elementor-element elementor-element-aaadb65 elementor-section-boxed elementor-section-height-default elementor-section-height-default\" data-id=\"aaadb65\" data-element_type=\"section\" data-settings=\"{&quot;jet_parallax_layout_list&quot;:[],&quot;_ha_eqh_enable&quot;:false}\">\n\t\t\t\t\t\t<div class=\"elementor-container elementor-column-gap-default\">\n\t\t\t\t\t<div class=\"elementor-column elementor-col-100 elementor-top-column elementor-element elementor-element-f2b471e\" data-id=\"f2b471e\" data-element_type=\"column\">\n\t\t\t<div class=\"elementor-widget-wrap elementor-element-populated\">\n\t\t\t\t\t\t<div class=\"elementor-element elementor-element-de4951a elementor-widget elementor-widget-heading\" data-id=\"de4951a\" data-element_type=\"widget\" data-widget_type=\"heading.default\">\n\t\t\t\t<div class=\"elementor-widget-container\">\n\t\t\t<h2 class=\"elementor-heading-title elementor-size-default\"><h1 style=\"font-family: Arial, Helvetica, sans-serif; margin-bottom: 20px; font-size: 24px; color: rgb(39, 114, 39); white-space-collapse: collapse;\">Proyectos de Investigaci\u00f3n Interinstitucionales<\/h1><\/h2>\t\t<\/div>\n\t\t\t\t<\/div>\n\t\t\t\t\t<\/div>\n\t\t<\/div>\n\t\t\t\t\t<\/div>\n\t\t<\/section>\n\t\t\t\t<section class=\"elementor-section elementor-top-section elementor-element elementor-element-637563c elementor-section-boxed elementor-section-height-default elementor-section-height-default\" data-id=\"637563c\" data-element_type=\"section\" data-settings=\"{&quot;jet_parallax_layout_list&quot;:[],&quot;_ha_eqh_enable&quot;:false}\">\n\t\t\t\t\t\t<div class=\"elementor-container elementor-column-gap-default\">\n\t\t\t\t\t<div class=\"elementor-column elementor-col-100 elementor-top-column elementor-element elementor-element-d58fe51\" data-id=\"d58fe51\" data-element_type=\"column\">\n\t\t\t<div class=\"elementor-widget-wrap elementor-element-populated\">\n\t\t\t\t\t\t<div class=\"elementor-element elementor-element-e9cf8b2 elementor-widget elementor-widget-text-editor\" data-id=\"e9cf8b2\" data-element_type=\"widget\" data-widget_type=\"text-editor.default\">\n\t\t\t\t<div class=\"elementor-widget-container\">\n\t\t\t\t\t\t\t<p style=\"margin: 0px 0px 20px; text-align: justify;\"><span style=\"font-family: arial, helvetica, sans-serif;\"><span style=\"font-size: small;\"><span style=\"font-size: medium;\"><strong>Universidad del Valle<\/strong><\/span>\u00a0&#8211; Grupo\u00a0De Investigaci\u00f3n En Ingenier\u00eda De Los Procesos Agroalimentarios y Biotecnol\u00f3gicos<\/span><\/span><\/p><ul style=\"text-align: justify;\"><li><span style=\"font-family: arial, helvetica, sans-serif;\"><span style=\"font-size: small;\">Conservaci\u00f3n de alimentos.<\/span><\/span><\/li><li><span style=\"font-family: arial, helvetica, sans-serif;\"><span style=\"font-size: small;\">Aplicaci\u00f3n de ultrasonido en alimentos.<\/span><\/span><\/li><li><span style=\"font-family: arial, helvetica, sans-serif;\"><span style=\"font-size: small;\">m\u00e9todos de secado por ventana de refractancia, Secado convectivo con aire caliente y liofilizaci\u00f3n.<\/span><\/span><\/li><li><span style=\"font-family: arial, helvetica, sans-serif;\"><span style=\"font-size: small;\">Evaluaci\u00f3n de la calidad de diferentes frutas<\/span><\/span><\/li><\/ul><p style=\"margin: 0px 0px 20px; text-align: justify;\"><span style=\"font-family: arial, helvetica, sans-serif;\"><span style=\"font-size: small;\"><span style=\"font-size: medium;\"><strong>Universidad del Quind\u00edo<\/strong><\/span>\u00a0&#8211; Grupo\u00a0De Investigaci\u00f3n En Dise\u00f1o De Nuevos Productos<\/span><\/span><\/p><ul style=\"text-align: justify;\"><li><span style=\"font-family: arial, helvetica, sans-serif;\"><span style=\"font-size: small;\">Dise\u00f1o de nuevos productos.<\/span><\/span><\/li><li><span style=\"font-family: arial, helvetica, sans-serif;\"><span style=\"font-size: small;\">Deshidrataci\u00f3n de frutas y hortalizas.<\/span><\/span><\/li><\/ul><div style=\"text-align: justify;\"><span style=\"font-family: arial, helvetica, sans-serif;\"><span style=\"font-size: small;\"><span style=\"font-size: medium;\"><strong>Universidad de Cartagena<\/strong><\/span>\u00a0&#8211; Grupo de Investigaci\u00f3n en Biotecnolog\u00eda, Alimentos y Educaci\u00f3n<\/span><\/span><\/div><div style=\"text-align: justify;\"><ul><li><span style=\"font-family: arial, helvetica, sans-serif;\"><span style=\"font-size: small;\">Biopel\u00edculas<\/span><\/span><\/li><li><span style=\"font-family: arial, helvetica, sans-serif;\"><span style=\"font-size: small;\">Nano part\u00edculas<\/span><\/span><\/li><li><span style=\"font-family: arial, helvetica, sans-serif;\"><span style=\"font-size: small;\">Empaques biodegradables<\/span><\/span><\/li><li><span style=\"font-family: arial, helvetica, sans-serif;\"><span style=\"font-size: small;\">Microencapsulaci\u00f3n<\/span><\/span><\/li><li><span style=\"font-family: arial, helvetica, sans-serif;\"><span style=\"font-size: small;\">Probi\u00f3ticos.<br \/><\/span><\/span><\/li><li><span style=\"font-family: arial, helvetica, sans-serif;\"><span style=\"font-size: small;\">Biotecnolog\u00eda<\/span><\/span><\/li><\/ul><\/div><div style=\"text-align: justify;\"><span style=\"font-family: arial, helvetica, sans-serif;\"><span style=\"font-size: small;\"><strong><span style=\"font-size: medium;\">Universidad Francisco de Paula Santander<\/span><\/strong>\u00a0&#8211; Grupo de Investigaci\u00f3n en Ciencia y Tecnolog\u00eda Agroindustria &#8211; Grupo de Investigaci\u00f3n Ambiente y Vida<\/span><\/span><\/div><div style=\"text-align: justify;\"><ul><li><span style=\"font-family: arial, helvetica, sans-serif;\"><span style=\"font-size: small;\">Bioprocesos.<\/span><\/span><\/li><li><span style=\"font-family: arial, helvetica, sans-serif;\"><span style=\"font-size: small;\">Ultrasonido<\/span><\/span><\/li><li><span style=\"font-family: arial, helvetica, sans-serif;\"><span style=\"font-size: small;\">Extracci\u00f3n de compuestos (Pectina, xilitol, etanol, flavonoides, biodiesel, \u03b2-glucano).<\/span><\/span><\/li><li><span style=\"font-family: arial, helvetica, sans-serif;\"><span style=\"font-size: small;\">Innovaci\u00f3n de productos de consumo humano y animal.<\/span><\/span><\/li><li><span style=\"font-family: arial, helvetica, sans-serif;\"><span style=\"font-size: small;\">Antagonismo.<\/span><\/span><\/li><li><span style=\"font-family: arial, helvetica, sans-serif;\"><span style=\"font-size: small;\">Aprovechamiento de subproductos y residuos agroindustriales.<\/span><\/span><\/li><li><span style=\"font-family: arial, helvetica, sans-serif;\"><span style=\"font-size: small;\">Conservaci\u00f3n de alimentos.<br \/><\/span><\/span><\/li><\/ul><\/div><div style=\"text-align: justify;\"><span style=\"font-family: arial, helvetica, sans-serif;\"><span style=\"font-size: small;\"><span style=\"font-size: medium;\"><strong>Universidad de Pamplona<\/strong><\/span>\u00a0&#8211; Grupo de Investigaci\u00f3n en Innovaciones Alimentarias &#8211; Grupo de investigaci\u00f3n en Ingenier\u00eda y Tecnolog\u00eda de Alimentos &#8211; Grupo de Investigaci\u00f3n en Ganader\u00eda y Agricultura Sostenible &#8211; Grupo de Investigaci\u00f3n en Educaci\u00f3n.<br \/><\/span><\/span><ul><li><span style=\"font-family: arial, helvetica, sans-serif;\"><span style=\"font-size: small;\">Ultrasonido.<\/span><\/span><\/li><li><span style=\"font-family: arial, helvetica, sans-serif;\"><span style=\"font-size: small;\">Campos magn\u00e9ticos<\/span><\/span><\/li><li><span style=\"font-family: arial, helvetica, sans-serif;\"><span style=\"font-size: small;\">Conservaci\u00f3n alimentos<\/span><\/span><\/li><li><span style=\"font-family: arial, helvetica, sans-serif;\"><span style=\"font-size: small;\">Propiedades funcionales en l\u00e1cteos.<\/span><\/span><\/li><li><span style=\"font-family: arial, helvetica, sans-serif;\"><span style=\"font-size: small;\">An\u00e1lisis de alimentos.<\/span><\/span><\/li><li><span style=\"font-family: arial, helvetica, sans-serif;\"><span style=\"font-size: small;\">An\u00e1lisis gen\u00e9ticos de bovinos<\/span><\/span><\/li><li><span style=\"font-family: arial, helvetica, sans-serif;\"><span style=\"font-size: small;\">Educaci\u00f3n (Condiciones de calidad en la educaci\u00f3n superior).<\/span><\/span><\/li><\/ul><div><span style=\"font-family: arial, helvetica, sans-serif;\"><span style=\"font-size: medium;\"><strong>Ministerio de Agricultura y Desarrollo Rural<\/strong><\/span><\/span><\/div><ul><li><p class=\"MsoNormal\" style=\"margin: 0px 0px 20px;\"><span style=\"font-family: arial, helvetica, sans-serif;\"><span style=\"font-size: small;\"><span style=\"line-height: 14.95px;\">Convenio 0484 celebrado entre el Ministerio de Agricultura-ISER-Gobernaci\u00f3n del Departamento Norte de Santander con el fin de prestar asistencia t\u00e9cnica y empresarial para mejorar el ingreso y calidad de vida de nuestros campesinos.<\/span><\/span><\/span><\/p><\/li><\/ul><div><span style=\"font-family: arial, helvetica, sans-serif;\"><span style=\"font-size: medium;\"><strong>Instituto Colombiano Agropecuario ICA<\/strong><\/span><\/span><\/div><div><ul><li><span style=\"font-family: arial, helvetica, sans-serif;\"><span style=\"font-size: small;\"><span style=\"line-height: 14.95px;\">El sistema de informaci\u00f3n para la generaci\u00f3n de alertas tempranas de la mosca mediterr\u00e1nea (<em>Ceratitis capitata<\/em>) en los cultivos de durazno.<\/span><\/span><\/span><\/li><\/ul><\/div><span style=\"font-family: arial, helvetica, sans-serif;\"><br style=\"color: #333333; font-size: 12px;\" \/><\/span><\/div>\t\t\t\t\t\t<\/div>\n\t\t\t\t<\/div>\n\t\t\t\t\t<\/div>\n\t\t<\/div>\n\t\t\t\t\t<\/div>\n\t\t<\/section>\n\t\t\t\t<\/div>\n\t\t","protected":false},"excerpt":{"rendered":"<p>Proyectos de Investigaci\u00f3n Interinstitucionales Universidad del Valle\u00a0&#8211; Grupo\u00a0De Investigaci\u00f3n En Ingenier\u00eda De Los Procesos Agroalimentarios y Biotecnol\u00f3gicos Conservaci\u00f3n de alimentos. Aplicaci\u00f3n de ultrasonido en alimentos. m\u00e9todos de secado por ventana de refractancia, Secado convectivo con aire caliente y liofilizaci\u00f3n. Evaluaci\u00f3n de la calidad de diferentes frutas Universidad del Quind\u00edo\u00a0&#8211; Grupo\u00a0De Investigaci\u00f3n En Dise\u00f1o De Nuevos&#8230;<\/p>\n<div class=\"pvc_clear\"><\/div>\n<p id=\"pvc_stats_5031\" class=\"pvc_stats all  \" data-element-id=\"5031\" style=\"\"><i class=\"pvc-stats-icon medium\" aria-hidden=\"true\"><svg aria-hidden=\"true\" focusable=\"false\" data-prefix=\"far\" data-icon=\"chart-bar\" role=\"img\" xmlns=\"http:\/\/www.w3.org\/2000\/svg\" viewBox=\"0 0 512 512\" class=\"svg-inline--fa fa-chart-bar fa-w-16 fa-2x\"><path fill=\"currentColor\" d=\"M396.8 352h22.4c6.4 0 12.8-6.4 12.8-12.8V108.8c0-6.4-6.4-12.8-12.8-12.8h-22.4c-6.4 0-12.8 6.4-12.8 12.8v230.4c0 6.4 6.4 12.8 12.8 12.8zm-192 0h22.4c6.4 0 12.8-6.4 12.8-12.8V140.8c0-6.4-6.4-12.8-12.8-12.8h-22.4c-6.4 0-12.8 6.4-12.8 12.8v198.4c0 6.4 6.4 12.8 12.8 12.8zm96 0h22.4c6.4 0 12.8-6.4 12.8-12.8V204.8c0-6.4-6.4-12.8-12.8-12.8h-22.4c-6.4 0-12.8 6.4-12.8 12.8v134.4c0 6.4 6.4 12.8 12.8 12.8zM496 400H48V80c0-8.84-7.16-16-16-16H16C7.16 64 0 71.16 0 80v336c0 17.67 14.33 32 32 32h464c8.84 0 16-7.16 16-16v-16c0-8.84-7.16-16-16-16zm-387.2-48h22.4c6.4 0 12.8-6.4 12.8-12.8v-70.4c0-6.4-6.4-12.8-12.8-12.8h-22.4c-6.4 0-12.8 6.4-12.8 12.8v70.4c0 6.4 6.4 12.8 12.8 12.8z\" class=\"\"><\/path><\/svg><\/i> <img decoding=\"async\" width=\"16\" height=\"16\" alt=\"Loading\" src=\"https:\/\/www.iser.edu.co\/wp-content\/plugins\/page-views-count\/ajax-loader-2x.gif\" border=0 \/><\/p>\n<div class=\"pvc_clear\"><\/div>\n","protected":false},"author":1,"featured_media":0,"parent":0,"menu_order":0,"comment_status":"closed","ping_status":"closed","template":"","meta":{"_kadence_starter_templates_imported_post":false,"_kad_post_transparent":"","_kad_post_title":"hide","_kad_post_layout":"fullwidth","_kad_post_sidebar_id":"","_kad_post_content_style":"unboxed","_kad_post_vertical_padding":"hide","_kad_post_feature":"hide","_kad_post_feature_position":"","_kad_post_header":false,"_kad_post_footer":false,"footnotes":""},"_links":{"self":[{"href":"https:\/\/www.iser.edu.co\/index.php\/wp-json\/wp\/v2\/pages\/5031"}],"collection":[{"href":"https:\/\/www.iser.edu.co\/index.php\/wp-json\/wp\/v2\/pages"}],"about":[{"href":"https:\/\/www.iser.edu.co\/index.php\/wp-json\/wp\/v2\/types\/page"}],"author":[{"embeddable":true,"href":"https:\/\/www.iser.edu.co\/index.php\/wp-json\/wp\/v2\/users\/1"}],"replies":[{"embeddable":true,"href":"https:\/\/www.iser.edu.co\/index.php\/wp-json\/wp\/v2\/comments?post=5031"}],"version-history":[{"count":0,"href":"https:\/\/www.iser.edu.co\/index.php\/wp-json\/wp\/v2\/pages\/5031\/revisions"}],"wp:attachment":[{"href":"https:\/\/www.iser.edu.co\/index.php\/wp-json\/wp\/v2\/media?parent=5031"}],"curies":[{"name":"wp","href":"https:\/\/api.w.org\/{rel}","templated":true}]}}