{"id":7460,"date":"2024-05-04T12:13:24","date_gmt":"2024-05-04T17:13:24","guid":{"rendered":"https:\/\/www.iser.edu.co\/?page_id=7460"},"modified":"2025-12-17T16:24:46","modified_gmt":"2025-12-17T21:24:46","slug":"repositorio-hojas-de-vida-docentes","status":"publish","type":"page","link":"https:\/\/www.iser.edu.co\/index.php\/repositorio-hojas-de-vida-docentes\/","title":{"rendered":"Repositorio hojas de vida docentes."},"content":{"rendered":"\t\t<div data-elementor-type=\"wp-page\" data-elementor-id=\"7460\" class=\"elementor elementor-7460\" data-elementor-post-type=\"page\">\n\t\t\t\t\t\t<section class=\"elementor-section elementor-top-section elementor-element elementor-element-c43db3e elementor-section-boxed elementor-section-height-default elementor-section-height-default\" data-id=\"c43db3e\" data-element_type=\"section\" data-settings=\"{&quot;jet_parallax_layout_list&quot;:[],&quot;_ha_eqh_enable&quot;:false}\">\n\t\t\t\t\t\t<div class=\"elementor-container elementor-column-gap-default\">\n\t\t\t\t\t<div class=\"elementor-column elementor-col-100 elementor-top-column elementor-element elementor-element-5c52c3b\" data-id=\"5c52c3b\" data-element_type=\"column\">\n\t\t\t<div class=\"elementor-widget-wrap elementor-element-populated\">\n\t\t\t\t\t\t<div class=\"elementor-element elementor-element-749a135 elementor-widget-divider--view-line elementor-widget elementor-widget-divider\" data-id=\"749a135\" data-element_type=\"widget\" data-widget_type=\"divider.default\">\n\t\t\t\t<div class=\"elementor-widget-container\">\n\t\t\t\t\t<div class=\"elementor-divider\">\n\t\t\t<span class=\"elementor-divider-separator\">\n\t\t\t\t\t\t<\/span>\n\t\t<\/div>\n\t\t\t\t<\/div>\n\t\t\t\t<\/div>\n\t\t\t\t\t<\/div>\n\t\t<\/div>\n\t\t\t\t\t<\/div>\n\t\t<\/section>\n\t\t\t\t<section class=\"elementor-section elementor-top-section elementor-element elementor-element-33624dd elementor-section-boxed elementor-section-height-default elementor-section-height-default\" data-id=\"33624dd\" data-element_type=\"section\" data-settings=\"{&quot;jet_parallax_layout_list&quot;:[],&quot;_ha_eqh_enable&quot;:false}\">\n\t\t\t\t\t\t<div class=\"elementor-container elementor-column-gap-default\">\n\t\t\t\t\t<div class=\"elementor-column elementor-col-100 elementor-top-column elementor-element elementor-element-cfe803e\" data-id=\"cfe803e\" data-element_type=\"column\">\n\t\t\t<div class=\"elementor-widget-wrap elementor-element-populated\">\n\t\t\t\t\t\t<div class=\"elementor-element elementor-element-9e03c9c elementor-widget elementor-widget-heading\" data-id=\"9e03c9c\" data-element_type=\"widget\" data-widget_type=\"heading.default\">\n\t\t\t\t<div class=\"elementor-widget-container\">\n\t\t\t<h2 class=\"elementor-heading-title elementor-size-default\">Repositorio Hojas de vida Docentes<\/h2>\t\t<\/div>\n\t\t\t\t<\/div>\n\t\t\t\t<div class=\"elementor-element elementor-element-368a5bd elementor-widget-divider--view-line elementor-widget elementor-widget-divider\" data-id=\"368a5bd\" data-element_type=\"widget\" data-widget_type=\"divider.default\">\n\t\t\t\t<div class=\"elementor-widget-container\">\n\t\t\t\t\t<div class=\"elementor-divider\">\n\t\t\t<span class=\"elementor-divider-separator\">\n\t\t\t\t\t\t<\/span>\n\t\t<\/div>\n\t\t\t\t<\/div>\n\t\t\t\t<\/div>\n\t\t\t\t\t<\/div>\n\t\t<\/div>\n\t\t\t\t\t<\/div>\n\t\t<\/section>\n\t\t\t\t<section class=\"elementor-section elementor-top-section elementor-element elementor-element-bce64a2 elementor-section-boxed elementor-section-height-default elementor-section-height-default\" data-id=\"bce64a2\" data-element_type=\"section\" data-settings=\"{&quot;jet_parallax_layout_list&quot;:[],&quot;_ha_eqh_enable&quot;:false}\">\n\t\t\t\t\t\t<div class=\"elementor-container elementor-column-gap-default\">\n\t\t\t\t\t<div class=\"elementor-column elementor-col-100 elementor-top-column elementor-element elementor-element-b7e50e7\" data-id=\"b7e50e7\" data-element_type=\"column\">\n\t\t\t<div class=\"elementor-widget-wrap elementor-element-populated\">\n\t\t\t\t\t\t<div class=\"elementor-element elementor-element-8a3befa elementor-widget elementor-widget-text-editor\" data-id=\"8a3befa\" data-element_type=\"widget\" data-widget_type=\"text-editor.default\">\n\t\t\t\t<div class=\"elementor-widget-container\">\n\t\t\t\t\t\t\t<p>TERMINOS DE CONFORMACION EL REPOSITORIO DE HOJAS DE VIDA DE\u00a0PROFESORES DE HORA CATEDRA, TIEMPO COMPLETO OCASIONAL Y MEDIO TIEMPO OCASIONAL, AFINES A LOS PROGRAMAS\u00a0\u00a0 ACAD\u00c9MICOS OFERTADOS POR EL INSTITUTO SUPERIOR DE EDUCACI\u00d3N RURAL \u2013 ISER DE PAMPLONA Y CENTRO TUTORIALES.<\/p>\t\t\t\t\t\t<\/div>\n\t\t\t\t<\/div>\n\t\t\t\t\t<\/div>\n\t\t<\/div>\n\t\t\t\t\t<\/div>\n\t\t<\/section>\n\t\t\t\t<section class=\"elementor-section elementor-top-section elementor-element elementor-element-f71536d elementor-section-boxed elementor-section-height-default elementor-section-height-default\" data-id=\"f71536d\" data-element_type=\"section\" data-settings=\"{&quot;jet_parallax_layout_list&quot;:[],&quot;_ha_eqh_enable&quot;:false}\">\n\t\t\t\t\t\t<div class=\"elementor-container elementor-column-gap-default\">\n\t\t\t\t\t<div class=\"elementor-column elementor-col-100 elementor-top-column elementor-element elementor-element-c7bb828\" data-id=\"c7bb828\" data-element_type=\"column\">\n\t\t\t<div class=\"elementor-widget-wrap elementor-element-populated\">\n\t\t\t\t\t\t<div class=\"elementor-element elementor-element-4bc73d1 elementor-widget elementor-widget-accordion\" data-id=\"4bc73d1\" data-element_type=\"widget\" data-widget_type=\"accordion.default\">\n\t\t\t\t<div class=\"elementor-widget-container\">\n\t\t\t\t\t<div class=\"elementor-accordion\">\n\t\t\t\t\t\t\t<div class=\"elementor-accordion-item\">\n\t\t\t\t\t<div id=\"elementor-tab-title-7941\" class=\"elementor-tab-title\" data-tab=\"1\" role=\"button\" aria-controls=\"elementor-tab-content-7941\" aria-expanded=\"false\">\n\t\t\t\t\t\t\t\t\t\t\t\t\t<span class=\"elementor-accordion-icon elementor-accordion-icon-left\" aria-hidden=\"true\">\n\t\t\t\t\t\t\t\t\t\t\t\t\t\t\t<span class=\"elementor-accordion-icon-closed\"><i class=\"fas fa-plus\"><\/i><\/span>\n\t\t\t\t\t\t\t\t<span class=\"elementor-accordion-icon-opened\"><i class=\"fas fa-minus\"><\/i><\/span>\n\t\t\t\t\t\t\t\t\t\t\t\t\t\t<\/span>\n\t\t\t\t\t\t\t\t\t\t\t\t<a class=\"elementor-accordion-title\" tabindex=\"0\">Vigencia 2026<\/a>\n\t\t\t\t\t<\/div>\n\t\t\t\t\t<div id=\"elementor-tab-content-7941\" class=\"elementor-tab-content elementor-clearfix\" data-tab=\"1\" role=\"region\" aria-labelledby=\"elementor-tab-title-7941\"><ul><li><a href=\"https:\/\/www.iser.edu.co\/wp-content\/uploads\/2025\/12\/Acuerdo-050-del-15-dic-2025.pdf\"><strong>Acuerdo 050 del 15 de diciembre de 2025<\/strong><\/a>\u00a0\u201cPor el cual se modifica los art\u00edculos sexto y octavo del acuerdo 053 del 29 de noviembre de 2023, Por el cual se reglamenta la conformaci\u00f3n del repositorio de hojas de vida de Profesores de Hora C\u00e1tedra, Tiempo completo Ocasional y Medio tiempo Ocasional, afines a los Programas Acad\u00e9micos ofertados por el Instituto Superior de Educaci\u00f3n Rural ISER de Pamplona y Centros Tutoriales\u201d<\/li><\/ul><ul><li><p><strong><a href=\"https:\/\/www.iser.edu.co\/wp-content\/uploads\/2025\/12\/TERMINOS-REPOSITORIO-DE-HOJAS-DE-VIDA_2026-1.pdf\">Ver t\u00e9rminos de la convocatoria<\/a>\u00a0 \u2013\u00a0<\/strong>T\u00e9rminos de apertura para registro del Repositorio de Hojas de Vida de profesores de hora catedra, tiempo completo ocasional y medio tiempo ocasional, afines a los programas acad\u00e9micos ofertados en las diferentes modalidades por el Instituto Superior de Educaci\u00f3n Rural \u2013 ISER de pamplona y los centros tutoriales para la vigencia 2026<\/p><\/li><\/ul><ul><li><a href=\"https:\/\/www.iser.edu.co\/index.php\/convocatoria-repositorio-de-hojas-de-vida-profesores-2026\/\"><strong>Convocatoria abierta<\/strong><\/a> desde el 17 de diciembre de 2025 hasta las 11:59 pm del 11 de enero de 2026<\/li><\/ul><h4 style=\"text-align: center;\"><a href=\"https:\/\/virtual.iser.edu.co\/local\/jobboard\/index.php?view=public\" target=\"_blank\" rel=\"nofollow noopener\"><strong>REALICE SU POSTULACI\u00d3N HACIENDO CLICK AQU\u00cd<\/strong><\/a><\/h4><div><p style=\"text-align: center;\"><strong>Nota importante:<\/strong>\u00a0El cronograma podr\u00e1 ser objeto de las modificaciones que determine el Consejo Acad\u00e9mico del ISER\u00a0<\/p><\/div><\/div>\n\t\t\t\t<\/div>\n\t\t\t\t\t\t\t<div class=\"elementor-accordion-item\">\n\t\t\t\t\t<div id=\"elementor-tab-title-7942\" class=\"elementor-tab-title\" data-tab=\"2\" role=\"button\" aria-controls=\"elementor-tab-content-7942\" aria-expanded=\"false\">\n\t\t\t\t\t\t\t\t\t\t\t\t\t<span class=\"elementor-accordion-icon elementor-accordion-icon-left\" aria-hidden=\"true\">\n\t\t\t\t\t\t\t\t\t\t\t\t\t\t\t<span class=\"elementor-accordion-icon-closed\"><i class=\"fas fa-plus\"><\/i><\/span>\n\t\t\t\t\t\t\t\t<span class=\"elementor-accordion-icon-opened\"><i class=\"fas fa-minus\"><\/i><\/span>\n\t\t\t\t\t\t\t\t\t\t\t\t\t\t<\/span>\n\t\t\t\t\t\t\t\t\t\t\t\t<a class=\"elementor-accordion-title\" tabindex=\"0\">Vigencia 2025<\/a>\n\t\t\t\t\t<\/div>\n\t\t\t\t\t<div id=\"elementor-tab-content-7942\" class=\"elementor-tab-content elementor-clearfix\" data-tab=\"2\" role=\"region\" aria-labelledby=\"elementor-tab-title-7942\"><p><a href=\"https:\/\/www.iser.edu.co\/index.php\/convocatoria-hojas-de-vida-profesores-2025\/\">Convocatoria Hojas De Vida Profesores 2025 &#8211; ISER<\/a><\/p><\/div>\n\t\t\t\t<\/div>\n\t\t\t\t\t\t\t<div class=\"elementor-accordion-item\">\n\t\t\t\t\t<div id=\"elementor-tab-title-7943\" class=\"elementor-tab-title\" data-tab=\"3\" role=\"button\" aria-controls=\"elementor-tab-content-7943\" aria-expanded=\"false\">\n\t\t\t\t\t\t\t\t\t\t\t\t\t<span class=\"elementor-accordion-icon elementor-accordion-icon-left\" aria-hidden=\"true\">\n\t\t\t\t\t\t\t\t\t\t\t\t\t\t\t<span class=\"elementor-accordion-icon-closed\"><i class=\"fas fa-plus\"><\/i><\/span>\n\t\t\t\t\t\t\t\t<span class=\"elementor-accordion-icon-opened\"><i class=\"fas fa-minus\"><\/i><\/span>\n\t\t\t\t\t\t\t\t\t\t\t\t\t\t<\/span>\n\t\t\t\t\t\t\t\t\t\t\t\t<a class=\"elementor-accordion-title\" tabindex=\"0\">Vigencia 2024-2<\/a>\n\t\t\t\t\t<\/div>\n\t\t\t\t\t<div id=\"elementor-tab-content-7943\" class=\"elementor-tab-content elementor-clearfix\" data-tab=\"3\" role=\"region\" aria-labelledby=\"elementor-tab-title-7943\"><p>La Vicerrector\u00eda Acad\u00e9mica en cumplimiento de las normas estatutarias institucionales, invita a los profesionales y expertos interesados a participar en la conformaci\u00f3n el repositorio de hojas de vida de profesores de hora catedra, tiempo completo ocasional y medio tiempo ocasional, afines a los programas\u00a0\u00a0 acad\u00e9micos ofertados por el\u00a0 Instituto Superior de Educaci\u00f3n Rural \u2013 ISER de Pamplona en los centro tutoriales de Norte de Santander y Bol\u00edvar en las \u00e1reas de conocimiento se\u00f1aladas por la Facultad de Ingenier\u00edas e Inform\u00e1tica y por la Facultad de Ciencias Administrativas y Sociales de acuerdo con las necesidades del servicio profesoral \u00a0para el periodo acad\u00e9mico 2024-2.<\/p><ul><li><a href=\"https:\/\/www.iser.edu.co\/wp-content\/uploads\/2024\/05\/0532023.pdf\"><strong>Acuerdo 053 del 29 de Noviembre de 2023<\/strong>\u00a0<\/a>&#8221;\u00a0Por el cual se reglamenta la conformaci\u00f3n del repositorio de hojas de vida de Profesores de Hora C\u00e1tedra, Tiempo Completo Ocasional y Medio Tiempo Ocasional, afines a los Programas Acad\u00e9micos ofertados por el Instituto Superior de Educaci\u00f3n Rural \u2013 ISER de Pamplona y Centro Tutorial de C\u00facuta<strong>&#8220;<\/strong><\/li><\/ul><ul><li><strong><a href=\"https:\/\/www.iser.edu.co\/wp-content\/uploads\/2024\/05\/1.-Terminos-de-incripcion-y-actualizacion-del-repositorio-de-hojas-de-vida-2024-2-v4.pdf\">Ver t\u00e9rminos y cronograma del repositorio<\/a>.<\/strong><\/li><li><strong><a href=\"https:\/\/youtu.be\/bcQTlLe4vjU\" rel=\"nofollow noopener\" target=\"_blank\">Video tutorial inscripci\u00f3n repositorio.<br \/><\/a><\/strong><\/li><li><strong><a href=\"https:\/\/forms.gle\/wBvJeUQYnNmMrWcc6\" rel=\"nofollow noopener\" target=\"_blank\">Enlace del repositorio.<\/a><\/strong><\/li><li><a href=\"https:\/\/www.iser.edu.co\/wp-content\/uploads\/2024\/06\/2.-Modificacion-de-cronograma-de-Terminos-de-inscripcion-y-actualizacion-del-repositorio-de-hojas-de-vida-2024-2-1.pdf\" target=\"_blank\" rel=\"noopener\"><strong>Modificaci\u00f3n de cronograma.<\/strong><\/a><\/li><\/ul><p><strong>ANEXOS<\/strong><\/p><ul><li><strong><a href=\"https:\/\/www.iser.edu.co\/wp-content\/uploads\/2024\/05\/conv_prof_hc_2023_hv_dafp-1.pdf\">Formato Hoja de Vida DAFP<\/a><\/strong><\/li><li><strong><a href=\"https:\/\/www.iser.edu.co\/wp-content\/uploads\/2024\/05\/conv_prof_hc_2023_carta_comp-v2024-2.docx\">Carta de Compromiso de Formaci\u00f3n<\/a><\/strong><\/li><li><strong><a href=\"https:\/\/www.iser.edu.co\/wp-content\/uploads\/2024\/05\/conv_prof_hc_2023_carta_inten-2024-2.docx\">Carta de Intenci\u00f3n y Postulaci\u00f3n<\/a><\/strong><\/li><\/ul><\/div>\n\t\t\t\t<\/div>\n\t\t\t\t\t\t\t<div class=\"elementor-accordion-item\">\n\t\t\t\t\t<div id=\"elementor-tab-title-7944\" class=\"elementor-tab-title\" data-tab=\"4\" role=\"button\" aria-controls=\"elementor-tab-content-7944\" aria-expanded=\"false\">\n\t\t\t\t\t\t\t\t\t\t\t\t\t<span class=\"elementor-accordion-icon elementor-accordion-icon-left\" aria-hidden=\"true\">\n\t\t\t\t\t\t\t\t\t\t\t\t\t\t\t<span class=\"elementor-accordion-icon-closed\"><i class=\"fas fa-plus\"><\/i><\/span>\n\t\t\t\t\t\t\t\t<span class=\"elementor-accordion-icon-opened\"><i class=\"fas fa-minus\"><\/i><\/span>\n\t\t\t\t\t\t\t\t\t\t\t\t\t\t<\/span>\n\t\t\t\t\t\t\t\t\t\t\t\t<a class=\"elementor-accordion-title\" tabindex=\"0\">Vigencia 2024<\/a>\n\t\t\t\t\t<\/div>\n\t\t\t\t\t<div id=\"elementor-tab-content-7944\" class=\"elementor-tab-content elementor-clearfix\" data-tab=\"4\" role=\"region\" aria-labelledby=\"elementor-tab-title-7944\"><p>La Vicerrector\u00eda Acad\u00e9mica en cumplimiento de las normas estatutarias institucionales, invita a los profesionales y expertos interesados a participar en la conformaci\u00f3n el repositorio de hojas de vida de profesores de hora catedra, tiempo completo ocasional y medio tiempo ocasional, afines a los programas\u00a0\u00a0 acad\u00e9micos ofertados por el\u00a0 Instituto Superior de Educaci\u00f3n Rural \u2013 ISER de Pamplona y centro tutorial Cucuta, en las \u00e1reas de conocimiento se\u00f1aladas por la Facultad de Ingenier\u00edas e Inform\u00e1tica y por la Facultad de Ciencias Administrativas y Sociales de acuerdo con las necesidades del servicio docente para la vigencia del a\u00f1o 2024.<\/p><ul><li><a href=\"https:\/\/www.iser.edu.co\/wp-content\/uploads\/2024\/05\/0532023.pdf\"><strong>Acuerdo 053 del 29 de Noviembre de 2023<\/strong>\u00a0<\/a>&#8221;\u00a0Por el cual se reglamenta la conformaci\u00f3n del repositorio de hojas de vida de Profesores de Hora C\u00e1tedra, Tiempo Completo Ocasional y Medio Tiempo Ocasional, afines a los Programas Acad\u00e9micos ofertados por el Instituto Superior de Educaci\u00f3n Rural \u2013 ISER de Pamplona y Centro Tutorial de C\u00facuta<strong>&#8220;<\/strong><\/li><\/ul><ul><li><strong><a href=\"https:\/\/www.iser.edu.co\/wp-content\/uploads\/2024\/05\/convocatoriadocente_2023.pdf\">Ver t\u00e9rminos y cronograma del repositorio<\/a>.<\/strong><\/li><li><strong><a href=\"https:\/\/youtu.be\/uJd8K6LqM84\" rel=\"nofollow noopener\" target=\"_blank\">Video tutorial inscripci\u00f3n repositorio.<br \/><\/a><\/strong><\/li><li><strong><a href=\"https:\/\/forms.gle\/PM9Rdr8Jj5XuJTSj9\" rel=\"nofollow noopener\" target=\"_blank\">Enlace del repositorio.<\/a><\/strong><\/li><li><strong>\u00a0<\/strong><\/li><\/ul><p><strong>ANEXOS<\/strong><\/p><ul><li><strong><a href=\"https:\/\/www.iser.edu.co\/wp-content\/uploads\/2024\/05\/conv_prof_hc_2023_hv_dafp-1.pdf\">Formato Hoja de Vida DAFP<\/a><\/strong><\/li><li><strong><a href=\"https:\/\/www.iser.edu.co\/wp-content\/uploads\/2024\/05\/cartconvocatoriadocente_2023_1.pdf\">Carta de Compromiso de Formaci\u00f3n<\/a><\/strong><\/li><li><strong><a href=\"https:\/\/www.iser.edu.co\/wp-content\/uploads\/2024\/05\/cartintesiconvocdocente_2023_1.pdf\">Carta de Intenci\u00f3n y Postulaci\u00f3n<\/a><\/strong><\/li><\/ul><\/div>\n\t\t\t\t<\/div>\n\t\t\t\t\t\t\t<div class=\"elementor-accordion-item\">\n\t\t\t\t\t<div id=\"elementor-tab-title-7945\" class=\"elementor-tab-title\" data-tab=\"5\" role=\"button\" aria-controls=\"elementor-tab-content-7945\" aria-expanded=\"false\">\n\t\t\t\t\t\t\t\t\t\t\t\t\t<span class=\"elementor-accordion-icon elementor-accordion-icon-left\" aria-hidden=\"true\">\n\t\t\t\t\t\t\t\t\t\t\t\t\t\t\t<span class=\"elementor-accordion-icon-closed\"><i class=\"fas fa-plus\"><\/i><\/span>\n\t\t\t\t\t\t\t\t<span class=\"elementor-accordion-icon-opened\"><i class=\"fas fa-minus\"><\/i><\/span>\n\t\t\t\t\t\t\t\t\t\t\t\t\t\t<\/span>\n\t\t\t\t\t\t\t\t\t\t\t\t<a class=\"elementor-accordion-title\" tabindex=\"0\">Vgencia 2023<\/a>\n\t\t\t\t\t<\/div>\n\t\t\t\t\t<div id=\"elementor-tab-content-7945\" class=\"elementor-tab-content elementor-clearfix\" data-tab=\"5\" role=\"region\" aria-labelledby=\"elementor-tab-title-7945\"><p>La Vicerrector\u00eda Acad\u00e9mica en cumplimiento de las normas estatutarias institucionales, invita a los profesionales interesados a participar en la Convocatoria P\u00fablica para conformar la base de datos o banco de Hojas de Vida para seleccionar los profesores hora c\u00e1tedra del Instituto Superior de Educaci\u00f3n\u00a0 Rural-ISER, en las \u00e1reas de conocimiento se\u00f1aladas por la Facultad de Ingenier\u00edas e Inform\u00e1tica y por la Facultad de Ciencias Administrativas y Sociales de acuerdo con las necesidades del servicio docente para la vigencia 2023.<\/p><p>\u00a0<\/p><ul><li><strong><a href=\"https:\/\/www.iser.edu.co\/wp-content\/uploads\/2024\/05\/conv_prof_hc_2023.pdf\">Ver t\u00e9rminos y cronograma de la convocatoria<\/a><\/strong><\/li><li><strong><a href=\"https:\/\/www.iser.edu.co\/wp-content\/uploads\/2024\/05\/conv_prof_hc_2023_anexo_entrev.pdf\">Anexo 01 &#8211; Entrevista y prueba de aptitud<\/a><\/strong><\/li><li><strong><a href=\"https:\/\/youtu.be\/_l77n0F0HHQ\" rel=\"nofollow noopener\" target=\"_blank\">Video tutorial inscripci\u00f3n banco de hojas de vida<\/a><\/strong><\/li><li><strong><a href=\"https:\/\/www.apps.iser.edu.co\/minerva2023-1\" rel=\"nofollow noopener\" target=\"_blank\">Enlace de inscripci\u00f3n<\/a><\/strong><\/li><li><strong><a href=\"https:\/\/www.iser.edu.co\/wp-content\/uploads\/2024\/05\/conv_prof_hc_2023_lista_asp_re.pdf\">Lista de aspirantes que cumplen requisitos habilitantes<\/a><\/strong><\/li><li><a href=\"https:\/\/www.iser.edu.co\/wp-content\/uploads\/2024\/05\/conv_prof_hc_2023_lista_defini.pdf\"><strong>Listado definitivo de aspirantes que cumplen requisitos habilitantes<\/strong><\/a><\/li><li><strong><a href=\"https:\/\/www.iser.edu.co\/wp-content\/uploads\/2024\/05\/acuerdo_002_13_enero.pdf\">Acuerdo 002 del 13 de enero de 2023<\/a><\/strong>\u00a0&#8220;Por el cual se realiza la modificaci\u00f3n del numeral 5. Cronograma de la convocatoria p\u00fablica 001 de 2022 para conformar la base de datos o banco de hojas de vida de profesores hora c\u00e1tedra del Instituto Superior de Educaci\u00f3n Rural &#8211; ISER Pamplona y Centro Tutorial C\u00facuta&#8221;<\/li><li><a href=\"https:\/\/www.iser.edu.co\/wp-content\/uploads\/2024\/05\/acuerdo_003_25_enero.pdf\"><strong>Acuerdo 003 del 25 de enero de 2023<\/strong><\/a>\u00a0&#8220;Por el cual se modifica el art\u00edculo primero del Acuerdo 002 del 13 de enero de 2023&#8221;<\/li><li><strong><a href=\"https:\/\/www.iser.edu.co\/wp-content\/uploads\/2024\/05\/conv_doc_2023_listado_inicial.pdf\">Listado inicial de conformaci\u00f3n del Banco de Hojas de Vida<\/a><\/strong><\/li><li><strong><a href=\"https:\/\/www.iser.edu.co\/wp-content\/uploads\/2024\/05\/conv_doc_2023_listado_final.pdf\">Listado final de conformaci\u00f3n del Banco de Hojas de Vida<\/a><\/strong><\/li><\/ul><p><strong>ANEXOS<\/strong><\/p><p>\u00a0<\/p><ul><li><strong><a href=\"https:\/\/www.iser.edu.co\/wp-content\/uploads\/2024\/05\/conv_prof_hc_2023_hv_dafp.pdf\">Formato Hoja de Vida DAFP<\/a><\/strong><\/li><li><strong><a href=\"https:\/\/www.iser.edu.co\/wp-content\/uploads\/2024\/05\/conv_prof_hc_2023_carta_comp.pdf\">Carta de Compromiso de Formaci\u00f3n<\/a><\/strong><\/li><li><strong><a href=\"https:\/\/www.iser.edu.co\/wp-content\/uploads\/2024\/05\/conv_prof_hc_2023_carta_inten.pdf\">Carta de Intenci\u00f3n y Postulaci\u00f3n<\/a><\/strong><\/li><\/ul><p>\u00a0<\/p><\/div>\n\t\t\t\t<\/div>\n\t\t\t\t\t\t\t<div class=\"elementor-accordion-item\">\n\t\t\t\t\t<div id=\"elementor-tab-title-7946\" class=\"elementor-tab-title\" data-tab=\"6\" role=\"button\" aria-controls=\"elementor-tab-content-7946\" aria-expanded=\"false\">\n\t\t\t\t\t\t\t\t\t\t\t\t\t<span class=\"elementor-accordion-icon elementor-accordion-icon-left\" aria-hidden=\"true\">\n\t\t\t\t\t\t\t\t\t\t\t\t\t\t\t<span class=\"elementor-accordion-icon-closed\"><i class=\"fas fa-plus\"><\/i><\/span>\n\t\t\t\t\t\t\t\t<span class=\"elementor-accordion-icon-opened\"><i class=\"fas fa-minus\"><\/i><\/span>\n\t\t\t\t\t\t\t\t\t\t\t\t\t\t<\/span>\n\t\t\t\t\t\t\t\t\t\t\t\t<a class=\"elementor-accordion-title\" tabindex=\"0\">Vigencia 2022<\/a>\n\t\t\t\t\t<\/div>\n\t\t\t\t\t<div id=\"elementor-tab-content-7946\" class=\"elementor-tab-content elementor-clearfix\" data-tab=\"6\" role=\"region\" aria-labelledby=\"elementor-tab-title-7946\"><p>La Vicerrector\u00eda Acad\u00e9mica en cumplimiento de las normas estatutarias institucionales, invita a los profesionales interesados a participar en la Convocatoria P\u00fablica para conformar la base de datos o banco de Hojas de Vida para seleccionar los profesores hora c\u00e1tedra del Instituto Superior de Educaci\u00f3n\u00a0 Rural-ISER, en las \u00e1reas de conocimiento se\u00f1aladas por la Facultad de Ingenier\u00edas e Inform\u00e1tica y por la Facultad de Ciencias Administrativas y Sociales de acuerdo con las necesidades del servicio docente para la vigencia 2022.<\/p><p>\u00a0<\/p><ul><li><a href=\"https:\/\/www.iser.edu.co\/wp-content\/uploads\/2024\/05\/convocatoria_docente_2022.pdf\">Ver t\u00e9rminos y cronograma de la convocatoria<\/a><\/li><li><a href=\"https:\/\/www.iser.edu.co\/wp-content\/uploads\/2024\/05\/conv_doc_adenda_modificatoria.pdf\">Adenda Modificatoria Convocatoria 001 de 2021<\/a><\/li><li><a href=\"https:\/\/www.apps.iser.edu.co\/convocatoriadocente\/login\" rel=\"nofollow noopener\" target=\"_blank\">Enlace de inscripci\u00f3n<\/a><\/li><li><a href=\"https:\/\/youtu.be\/HibHPtqw2T8\" rel=\"nofollow noopener\" target=\"_blank\">Video Tutorial Inscripci\u00f3n Banco de Hojas de Vida<\/a><\/li><\/ul><p><strong>ANEXOS<\/strong><\/p><p>\u00a0<\/p><ul><li><a href=\"https:\/\/www.iser.edu.co\/wp-content\/uploads\/2024\/05\/conovatoria_doc_2021_anexo_1-3-1.xls\">Formato Hoja de Vida DAFP<\/a><\/li><li><a href=\"https:\/\/www.iser.edu.co\/wp-content\/uploads\/2024\/05\/conv_docente_2022_dipl_tyt-1.doc\">Carta de Compromiso de Formaci\u00f3n<\/a><\/li><li><a href=\"https:\/\/www.iser.edu.co\/wp-content\/uploads\/2024\/05\/conv_docente_2022_carta_intenc-1.doc\">Carta de Intenci\u00f3n y Postulaci\u00f3n<\/a><\/li><\/ul><p><strong>Lista de Conformaci\u00f3n Banco Hojas de Vida<\/strong><\/p><p>\u00a0<\/p><ul><li><a href=\"https:\/\/www.iser.edu.co\/wp-content\/uploads\/2024\/05\/conv_doc_2022_aspira_cumpl_req-1.pdf\">Ver listado de aspirantes que cumplen requisitos habilitantes<\/a><\/li><li><a href=\"https:\/\/www.iser.edu.co\/wp-content\/uploads\/2024\/05\/conv_doc_1ra_lista_elegibles-1.pdf\">Listado inicial de conformaci\u00f3n del Banco de Hojas de Vida<\/a><\/li><li><a href=\"https:\/\/www.iser.edu.co\/wp-content\/uploads\/2024\/05\/conv_doc_listado_final_elegibl-1.pdf\">Listado final de conformaci\u00f3n del Banco de Hojas de Vida<\/a><\/li><\/ul><\/div>\n\t\t\t\t<\/div>\n\t\t\t\t\t\t\t<div class=\"elementor-accordion-item\">\n\t\t\t\t\t<div id=\"elementor-tab-title-7947\" class=\"elementor-tab-title\" data-tab=\"7\" role=\"button\" aria-controls=\"elementor-tab-content-7947\" aria-expanded=\"false\">\n\t\t\t\t\t\t\t\t\t\t\t\t\t<span class=\"elementor-accordion-icon elementor-accordion-icon-left\" aria-hidden=\"true\">\n\t\t\t\t\t\t\t\t\t\t\t\t\t\t\t<span class=\"elementor-accordion-icon-closed\"><i class=\"fas fa-plus\"><\/i><\/span>\n\t\t\t\t\t\t\t\t<span class=\"elementor-accordion-icon-opened\"><i class=\"fas fa-minus\"><\/i><\/span>\n\t\t\t\t\t\t\t\t\t\t\t\t\t\t<\/span>\n\t\t\t\t\t\t\t\t\t\t\t\t<a class=\"elementor-accordion-title\" tabindex=\"0\">Vigencia 2021<\/a>\n\t\t\t\t\t<\/div>\n\t\t\t\t\t<div id=\"elementor-tab-content-7947\" class=\"elementor-tab-content elementor-clearfix\" data-tab=\"7\" role=\"region\" aria-labelledby=\"elementor-tab-title-7947\"><p><strong>CONVOCATORIA P\u00daBLICA 001-2020 PARA CONFORMAR LA BASE DE DATOS O BANCO DE HOJAS DE VIDA DE PROFESORES HORA CATEDRA DEL INSTITUTO SUPERIOR DE EDUCACI\u00d3N RURAL \u2013 ISER PAMPLONA.<\/strong><\/p><p>La Vicerrector\u00eda Acad\u00e9mica en cumplimiento de las normas estatutarias institucionales, invita a los profesionales interesados a participar en la Convocatoria P\u00fablica para conformar la base de datos o banco de Hojas de Vida para seleccionar los profesores hora c\u00e1tedra del Instituto Superior de Educaci\u00f3n\u00a0 Rural-ISER, en las \u00e1reas de conocimiento se\u00f1aladas por la Facultad de Ingenier\u00edas e Inform\u00e1tica y por la Facultad de Ciencias Administrativas y Sociales de acuerdo con las necesidades del servicio docente para la vigencia 2021.<\/p><ul><li><a href=\"https:\/\/www.iser.edu.co\/wp-content\/uploads\/2024\/05\/convocatoria_docente_2021-1.pdf\">Ver t\u00e9rminos y cronograma de la convocatoria<\/a><\/li><li><a href=\"http:\/\/www.apps.iser.edu.co\/cvmanager\/login\" rel=\"nofollow noopener\" target=\"_blank\">Enlace de inscripci\u00f3n<\/a><\/li><li><a href=\"https:\/\/www.youtube.com\/watch?v=HibHPtqw2T8\" rel=\"nofollow noopener\" target=\"_blank\">Video Tutorial Inscripci\u00f3n Banco de Hojas de Vida<\/a><\/li><\/ul><p><strong>ANEXOS<\/strong><\/p><ul><li><a href=\"https:\/\/www.iser.edu.co\/wp-content\/uploads\/2024\/05\/conovatoria_doc_2021_anexo_1-1.xls\">Formato Hoja de Vida DAFP<\/a><\/li><li><a href=\"https:\/\/www.iser.edu.co\/wp-content\/uploads\/2024\/05\/conovatoria_doc_2021_anexo_3-2.doc\">Carta de Compromiso de Formaci\u00f3n<\/a><\/li><li><a href=\"https:\/\/www.iser.edu.co\/wp-content\/uploads\/2024\/05\/conovatoria_doc_2021_anexo_2-1.doc\">Carta de Intenci\u00f3n y Postulaci\u00f3n<\/a><\/li><\/ul><p><strong>Lista de Conformaci\u00f3n Banco Hojas de Vida<\/strong><\/p><ul><li><a href=\"https:\/\/www.iser.edu.co\/wp-content\/uploads\/2024\/05\/listado_inicial_banco_hv_2021.pdf\">Listado inicial de conformaci\u00f3n del Banco de Hojas de Vida<\/a><\/li><li><a href=\"https:\/\/www.iser.edu.co\/wp-content\/uploads\/2024\/05\/lista_def_conv_docente_2021.pdf\">Listado final de conformaci\u00f3n del Banco de Hojas de Vida<\/a><\/li><\/ul><\/div>\n\t\t\t\t<\/div>\n\t\t\t\t\t\t\t<div class=\"elementor-accordion-item\">\n\t\t\t\t\t<div id=\"elementor-tab-title-7948\" class=\"elementor-tab-title\" data-tab=\"8\" role=\"button\" aria-controls=\"elementor-tab-content-7948\" aria-expanded=\"false\">\n\t\t\t\t\t\t\t\t\t\t\t\t\t<span class=\"elementor-accordion-icon elementor-accordion-icon-left\" aria-hidden=\"true\">\n\t\t\t\t\t\t\t\t\t\t\t\t\t\t\t<span class=\"elementor-accordion-icon-closed\"><i class=\"fas fa-plus\"><\/i><\/span>\n\t\t\t\t\t\t\t\t<span class=\"elementor-accordion-icon-opened\"><i class=\"fas fa-minus\"><\/i><\/span>\n\t\t\t\t\t\t\t\t\t\t\t\t\t\t<\/span>\n\t\t\t\t\t\t\t\t\t\t\t\t<a class=\"elementor-accordion-title\" tabindex=\"0\">Vigencia 2020<\/a>\n\t\t\t\t\t<\/div>\n\t\t\t\t\t<div id=\"elementor-tab-content-7948\" class=\"elementor-tab-content elementor-clearfix\" data-tab=\"8\" role=\"region\" aria-labelledby=\"elementor-tab-title-7948\"><ol><li><a href=\"https:\/\/www.iser.edu.co\/wp-content\/uploads\/2024\/05\/convocatoria_docente_2020.pdf\">Ver T\u00e9rminos de la Convocatoria<\/a><\/li><li><a href=\"https:\/\/www.iser.edu.co\/wp-content\/uploads\/2024\/05\/carta_int_conv_doc_2020.doc\">Anexo \u2013 Modelo Carta de Intenci\u00f3n y Postulaci\u00f3n<\/a><\/li><li><a href=\"https:\/\/www.iser.edu.co\/wp-content\/uploads\/2024\/05\/carta_com_conv_doc_2020.doc\">Anexo \u2013 Modelo Compromiso de Formaci\u00f3n Pedag\u00f3gica TyT<\/a><\/li><li><a href=\"https:\/\/www.iser.edu.co\/wp-content\/uploads\/2024\/05\/formato_hv_conv_doc_2020.xls\">Formato \u00danico de Hoja de Vida<\/a><\/li><li><a href=\"https:\/\/www.iser.edu.co\/wp-content\/uploads\/2024\/05\/modificacion_conviocatoria.pdf\">Acuerdo N\u00b0 023 del 09 de diciembre de 2019<\/a><strong>&#8220;<\/strong>Por el cual se realiza modificaci\u00f3n al numeral 5. cronograma de la Convocatoria p\u00fablica 001-2019 para conformarla base de datos o banco de hojas de vida de docentes hora c\u00e1tedra del Instituto Superior de Educaci\u00f3n Rural -ISER&#8221;<\/li><li><a href=\"https:\/\/www.iser.edu.co\/wp-content\/uploads\/2024\/05\/resultados_1_conv_docente_2020.pdf\">Resultados de los aspirantes que NO cumplen y SI cumplen con los requisitos habilitantes seg\u00fan los t\u00e9rminos definidos en la Convocatoria p\u00fablica 001-2019<\/a><\/li><li><a href=\"https:\/\/www.iser.edu.co\/wp-content\/uploads\/2024\/05\/evaluacion_banco_hojas_vida.pdf\">Evaluaci\u00f3n de hojas de vida y listado inicial de la base de datos o banco de hojas de vida anualidad 2020<\/a><\/li><li><a href=\"https:\/\/www.iser.edu.co\/wp-content\/uploads\/2024\/05\/lista_final_conv_doc_2020.pdf\">Listado final banco hojas de vida docentes hora catedra para la vigencia 2020<\/a><\/li><\/ol><\/div>\n\t\t\t\t<\/div>\n\t\t\t\t\t\t\t<div class=\"elementor-accordion-item\">\n\t\t\t\t\t<div id=\"elementor-tab-title-7949\" class=\"elementor-tab-title\" data-tab=\"9\" role=\"button\" aria-controls=\"elementor-tab-content-7949\" aria-expanded=\"false\">\n\t\t\t\t\t\t\t\t\t\t\t\t\t<span class=\"elementor-accordion-icon elementor-accordion-icon-left\" aria-hidden=\"true\">\n\t\t\t\t\t\t\t\t\t\t\t\t\t\t\t<span class=\"elementor-accordion-icon-closed\"><i class=\"fas fa-plus\"><\/i><\/span>\n\t\t\t\t\t\t\t\t<span class=\"elementor-accordion-icon-opened\"><i class=\"fas fa-minus\"><\/i><\/span>\n\t\t\t\t\t\t\t\t\t\t\t\t\t\t<\/span>\n\t\t\t\t\t\t\t\t\t\t\t\t<a class=\"elementor-accordion-title\" tabindex=\"0\">Vigencia 2018<\/a>\n\t\t\t\t\t<\/div>\n\t\t\t\t\t<div id=\"elementor-tab-content-7949\" class=\"elementor-tab-content elementor-clearfix\" data-tab=\"9\" role=\"region\" aria-labelledby=\"elementor-tab-title-7949\"><p><strong>Convocatoria P\u00fablica N\u00b0 002 &#8211; 2017<\/strong><br \/>Para conformar el banco de hojas de vida de docentes hora c\u00e1tedra del Instituto Superior de Educaci\u00f3n Rural ISER<\/p><ul><li><a href=\"https:\/\/www.iser.edu.co\/wp-content\/uploads\/2024\/05\/conv_publica_docente_002_2018.pdf\"><strong>T\u00e9rminos de la Convocatoria<\/strong><\/a><\/li><li><a href=\"https:\/\/www.iser.edu.co\/wp-content\/uploads\/2024\/05\/lista_1_banco_hv_conv_docente.pdf\"><strong>Lista inicial del banco de hojas de vida vigencia 2018<\/strong><\/a><\/li><li><a href=\"https:\/\/www.iser.edu.co\/wp-content\/uploads\/2024\/05\/conv_docente_lista_final.pdf\"><strong>Lista final del banco de hojas de vida vigencia 2018<\/strong><\/a><\/li><\/ul><\/div>\n\t\t\t\t<\/div>\n\t\t\t\t\t\t\t<div class=\"elementor-accordion-item\">\n\t\t\t\t\t<div id=\"elementor-tab-title-79410\" class=\"elementor-tab-title\" data-tab=\"10\" role=\"button\" aria-controls=\"elementor-tab-content-79410\" aria-expanded=\"false\">\n\t\t\t\t\t\t\t\t\t\t\t\t\t<span class=\"elementor-accordion-icon elementor-accordion-icon-left\" aria-hidden=\"true\">\n\t\t\t\t\t\t\t\t\t\t\t\t\t\t\t<span class=\"elementor-accordion-icon-closed\"><i class=\"fas fa-plus\"><\/i><\/span>\n\t\t\t\t\t\t\t\t<span class=\"elementor-accordion-icon-opened\"><i class=\"fas fa-minus\"><\/i><\/span>\n\t\t\t\t\t\t\t\t\t\t\t\t\t\t<\/span>\n\t\t\t\t\t\t\t\t\t\t\t\t<a class=\"elementor-accordion-title\" tabindex=\"0\">Vigencia 2017<\/a>\n\t\t\t\t\t<\/div>\n\t\t\t\t\t<div id=\"elementor-tab-content-79410\" class=\"elementor-tab-content elementor-clearfix\" data-tab=\"10\" role=\"region\" aria-labelledby=\"elementor-tab-title-79410\"><p><strong>Convocatoria<\/strong><\/p><p>\u00a0<\/p><ul><li><strong><a href=\"https:\/\/www.iser.edu.co\/wp-content\/uploads\/2024\/05\/convocatoria_docente_2017.pdf\">T\u00e9rminos de la Convocatoria<\/a><\/strong><\/li><li><strong><a href=\"https:\/\/www.iser.edu.co\/wp-content\/uploads\/2024\/05\/convocatoria_catedra_cal_modif.pdf\">Modificaci\u00f3n al Cronograma<\/a><\/strong><\/li><\/ul><p><strong>Verificaci\u00f3n de Requisitos<\/strong><\/p><p>\u00a0<\/p><ul><li><strong><a href=\"https:\/\/www.iser.edu.co\/wp-content\/uploads\/2024\/05\/va_verif_req_convoca_doc_cas.pdf\">Lista de Verificaci\u00f3n de Requisitos Facultad de Ciencias Adminstrativas y Sociales<\/a><\/strong><\/li><li><strong><a href=\"https:\/\/www.iser.edu.co\/wp-content\/uploads\/2024\/05\/va_verif_req_convoca_doc_ing.pdf\">Lista de Verificaci\u00f3n de Requisitos Facultad de Ingenier\u00ecas e Inform\u00e1tica<\/a><\/strong><\/li><\/ul><p><strong>Lista Conformaci\u00f3n Banco de Elegibles<\/strong><\/p><p>\u00a0<\/p><ul><li><strong><a href=\"https:\/\/www.iser.edu.co\/wp-content\/uploads\/2024\/05\/va_lista_inicial_conv_docente.pdf\">Listado Inicial de Hojas de Vida que Compondr\u00e1n el Banco de Elegibles<\/a><\/strong><\/li><li><strong><a href=\"https:\/\/www.iser.edu.co\/wp-content\/uploads\/2024\/05\/va_lista_final_convocatori_doc.pdf\">Listado Final de Hojas de Vida que Componen el Banco de Elegibles 2017<\/a><\/strong><\/li><\/ul><p><strong>Acci\u00f3n de Tutela Interpuesta por el Se\u00f1or: Sebastian Alexander Echeverr\u00eda Fern\u00e1ndez<\/strong><\/p><p>\u00a0<\/p><ul><li><a href=\"http:\/\/ww1.iser.edu.co\/iser\/hermesoft\/portalIG\/home_1\/recursos\/documentos_generales\/2017\/09032017\/ac_tut_auto_interlocutori_167.pdf\" rel=\"nofollow noopener\" target=\"_blank\"><strong>2017 &#8211; 00072 AC. TUT. AUTO INTERLOCUTORIO No. 167<\/strong><\/a><\/li><li><a href=\"https:\/\/www.iser.edu.co\/wp-content\/uploads\/2024\/05\/ac_tut_escrito_tutela.pdf\"><strong>2017 &#8211; 00072 AC. TUT. ESCRITO DE TUTELA<\/strong><\/a><\/li><li><a href=\"https:\/\/www.iser.edu.co\/wp-content\/uploads\/2024\/05\/ac_tut_oficio_jpaop_0434.pdf\"><strong>2017 &#8211; 00072 AC. TUT. OFICIO No. JPAOP &#8211; 0434<\/strong><\/a><\/li><li><a href=\"https:\/\/www.iser.edu.co\/wp-content\/uploads\/2024\/05\/ac_tut_oficio_jpaop_0435.pdf\"><strong>2017 &#8211; 00072 AC. TUT. OFICIO No. JPAOP &#8211; 0435<\/strong><\/a><\/li><li><a href=\"https:\/\/www.iser.edu.co\/wp-content\/uploads\/2024\/05\/ac_tut_oficio_jpaop_0436.pdf\"><strong>2017 &#8211; 00072 AC. TUT. OFICIO No. JPAOP &#8211; 0436<\/strong><\/a><\/li><li><a href=\"https:\/\/www.iser.edu.co\/wp-content\/uploads\/2024\/05\/ac_tut_oficio_jpaop_0437.pdf\"><strong>2017 &#8211; 00072 AC. TUT. OFICIO No. JPAOP &#8211; 0437<\/strong><\/a><\/li><li><a href=\"https:\/\/www.iser.edu.co\/wp-content\/uploads\/2024\/05\/ac_tut_oficio_jpaop_0438.pdf\"><strong>2017 &#8211; 00072 AC. TUT. OFICIO No. JPAOP &#8211; 0438<\/strong><\/a><\/li><li><a href=\"https:\/\/www.iser.edu.co\/wp-content\/uploads\/2024\/05\/ac_tut_oficio_jpaop_0439.pdf\"><strong>2017 &#8211; 00072 AC. TUT. OFICIO No. JPAOP &#8211; 0439<\/strong><\/a><\/li><\/ul><\/div>\n\t\t\t\t<\/div>\n\t\t\t\t\t\t\t\t<\/div>\n\t\t\t\t<\/div>\n\t\t\t\t<\/div>\n\t\t\t\t\t<\/div>\n\t\t<\/div>\n\t\t\t\t\t<\/div>\n\t\t<\/section>\n\t\t\t\t<\/div>\n\t\t","protected":false},"excerpt":{"rendered":"<p>Repositorio Hojas de vida Docentes TERMINOS DE CONFORMACION EL REPOSITORIO DE HOJAS DE VIDA DE\u00a0PROFESORES DE HORA CATEDRA, TIEMPO COMPLETO OCASIONAL Y MEDIO TIEMPO OCASIONAL, AFINES A LOS PROGRAMAS\u00a0\u00a0 ACAD\u00c9MICOS OFERTADOS POR EL INSTITUTO SUPERIOR DE EDUCACI\u00d3N RURAL \u2013 ISER DE PAMPLONA Y CENTRO TUTORIALES. Vigencia 2026 Acuerdo 050 del 15 de diciembre de 2025\u00a0\u201cPor&#8230;<\/p>\n<div class=\"pvc_clear\"><\/div>\n<p id=\"pvc_stats_7460\" class=\"pvc_stats all  \" data-element-id=\"7460\" style=\"\"><i class=\"pvc-stats-icon medium\" aria-hidden=\"true\"><svg aria-hidden=\"true\" focusable=\"false\" data-prefix=\"far\" data-icon=\"chart-bar\" role=\"img\" xmlns=\"http:\/\/www.w3.org\/2000\/svg\" viewBox=\"0 0 512 512\" class=\"svg-inline--fa fa-chart-bar fa-w-16 fa-2x\"><path fill=\"currentColor\" d=\"M396.8 352h22.4c6.4 0 12.8-6.4 12.8-12.8V108.8c0-6.4-6.4-12.8-12.8-12.8h-22.4c-6.4 0-12.8 6.4-12.8 12.8v230.4c0 6.4 6.4 12.8 12.8 12.8zm-192 0h22.4c6.4 0 12.8-6.4 12.8-12.8V140.8c0-6.4-6.4-12.8-12.8-12.8h-22.4c-6.4 0-12.8 6.4-12.8 12.8v198.4c0 6.4 6.4 12.8 12.8 12.8zm96 0h22.4c6.4 0 12.8-6.4 12.8-12.8V204.8c0-6.4-6.4-12.8-12.8-12.8h-22.4c-6.4 0-12.8 6.4-12.8 12.8v134.4c0 6.4 6.4 12.8 12.8 12.8zM496 400H48V80c0-8.84-7.16-16-16-16H16C7.16 64 0 71.16 0 80v336c0 17.67 14.33 32 32 32h464c8.84 0 16-7.16 16-16v-16c0-8.84-7.16-16-16-16zm-387.2-48h22.4c6.4 0 12.8-6.4 12.8-12.8v-70.4c0-6.4-6.4-12.8-12.8-12.8h-22.4c-6.4 0-12.8 6.4-12.8 12.8v70.4c0 6.4 6.4 12.8 12.8 12.8z\" class=\"\"><\/path><\/svg><\/i> <img decoding=\"async\" width=\"16\" height=\"16\" alt=\"Loading\" src=\"https:\/\/www.iser.edu.co\/wp-content\/plugins\/page-views-count\/ajax-loader-2x.gif\" border=0 \/><\/p>\n<div class=\"pvc_clear\"><\/div>\n","protected":false},"author":1,"featured_media":0,"parent":0,"menu_order":0,"comment_status":"closed","ping_status":"closed","template":"","meta":{"_kadence_starter_templates_imported_post":false,"_kad_post_transparent":"","_kad_post_title":"hide","_kad_post_layout":"fullwidth","_kad_post_sidebar_id":"","_kad_post_content_style":"unboxed","_kad_post_vertical_padding":"hide","_kad_post_feature":"hide","_kad_post_feature_position":"","_kad_post_header":false,"_kad_post_footer":false,"footnotes":""},"_links":{"self":[{"href":"https:\/\/www.iser.edu.co\/index.php\/wp-json\/wp\/v2\/pages\/7460"}],"collection":[{"href":"https:\/\/www.iser.edu.co\/index.php\/wp-json\/wp\/v2\/pages"}],"about":[{"href":"https:\/\/www.iser.edu.co\/index.php\/wp-json\/wp\/v2\/types\/page"}],"author":[{"embeddable":true,"href":"https:\/\/www.iser.edu.co\/index.php\/wp-json\/wp\/v2\/users\/1"}],"replies":[{"embeddable":true,"href":"https:\/\/www.iser.edu.co\/index.php\/wp-json\/wp\/v2\/comments?post=7460"}],"version-history":[{"count":0,"href":"https:\/\/www.iser.edu.co\/index.php\/wp-json\/wp\/v2\/pages\/7460\/revisions"}],"wp:attachment":[{"href":"https:\/\/www.iser.edu.co\/index.php\/wp-json\/wp\/v2\/media?parent=7460"}],"curies":[{"name":"wp","href":"https:\/\/api.w.org\/{rel}","templated":true}]}}